{"id":698,"date":"2022-11-21T14:50:13","date_gmt":"2022-11-21T14:50:13","guid":{"rendered":"https:\/\/derecho.udd.cl\/doctorado\/?post_type=person&#038;p=698"},"modified":"2026-04-17T12:57:06","modified_gmt":"2026-04-17T16:57:06","slug":"maria-pilar-navarro-schiappacasse","status":"publish","type":"person","link":"https:\/\/derecho.udd.cl\/doctorado\/persona\/maria-pilar-navarro-schiappacasse\/","title":{"rendered":"Mar\u00eda Pilar Navarro Schiappacasse"},"content":{"rendered":"<p>Publicaciones:<\/p>\n<p class=\"MsoNormal\"><span lang=\"ES\">Libros<\/span><\/p>\n<table class=\"MsoTableSimple2\" border=\"0\" width=\"593\" cellspacing=\"0\" cellpadding=\"0\">\n<tbody>\n<tr>\n<td valign=\"top\" width=\"85\">\n<p class=\"MsoNormal\" align=\"left\"><span lang=\"ES\">2021<\/span><\/p>\n<\/td>\n<td valign=\"top\" width=\"508\">\n<p class=\"MsoNormal\"><span>Navarro Schiappacasse<\/span><span>, Mar\u00eda Pilar. <i>La norma general antielusi\u00f3n y su sanci\u00f3n en el Derecho chileno.<\/i> Valencia: Tirant lo Blanch, 504p. <\/span><\/p>\n<\/td>\n<\/tr>\n<tr>\n<td valign=\"top\" width=\"85\">\n<p class=\"MsoNormal\" align=\"left\"><span lang=\"ES\">2020<\/span><\/p>\n<\/td>\n<td valign=\"top\" width=\"508\">\n<p class=\"MsoNormal\"><span>Navarro Schiappacasse, <\/span><span>Mar\u00eda Pilar y Magasich Airola, \u00c1lvaro Pablo (Coords.). <i>Reforma Tributaria 2020: Principales Cambios<\/i>. Valencia: Tirant lo Blanch<\/span><\/p>\n<\/td>\n<\/tr>\n<tr>\n<td valign=\"top\" width=\"85\">\n<p class=\"MsoNormal\" align=\"left\"><span lang=\"ES\">2016<\/span><\/p>\n<\/td>\n<td valign=\"top\" width=\"508\">\n<p class=\"MsoNormal\"><span>Navarro Schiappacasse<\/span><span>, Mar\u00eda Pilar. <\/span><i><span lang=\"ES\">An\u00e1lisis cr\u00edtico de la norma antielusi\u00f3n chilena<\/span><\/i><span lang=\"ES\">. Documentos N\u00b0 19\/2016. Madrid: Instituto de Estudios Fiscales, 55p.<\/span><\/p>\n<\/td>\n<\/tr>\n<\/tbody>\n<\/table>\n<p class=\"MsoNormal\"><span lang=\"ES\">Art\u00edculos <\/span><\/p>\n<p class=\"MsoNormal\"><span lang=\"ES\">\u00a0<\/span><\/p>\n<table class=\"MsoTableSimple2\" border=\"0\" width=\"593\" cellspacing=\"0\" cellpadding=\"0\">\n<tbody>\n<tr>\n<td valign=\"top\" width=\"85\">\n<p class=\"MsoNormal\" align=\"left\"><span lang=\"ES\">2022<\/span><\/p>\n<\/td>\n<td valign=\"top\" width=\"508\">\n<p class=\"MsoNormal\"><span>Navarro Schiappacasse<\/span><span>, Mar\u00eda Pilar. <\/span><span lang=\"ES\">\u201cAcerca del car\u00e1cter objetivo de las normas generales antielusivas chilenas\u201d. <i>Ius et Praxis<\/i>, A\u00f1o 28, N\u00b0 1, Scopus. Q1, F.I. 0.458, pp. 141-161. DOI: <\/span><span>http:\/\/dx.doi.org\/10.4067\/S0718-00122022000100141\u00a0<\/span><\/p>\n<\/td>\n<\/tr>\n<tr>\n<td valign=\"top\" width=\"85\">\n<p class=\"MsoNormal\" align=\"left\"><span lang=\"ES\">2020<\/span><\/p>\n<\/td>\n<td valign=\"top\" width=\"508\">\n<p class=\"MsoNormal\"><span>Navarro Schiappacasse<\/span><span>, Mar\u00eda Pilar. \u201cProtecci\u00f3n del medio ambiente y Derecho tributario: una revisi\u00f3n de la Ley N\u00b0 21.210 en esta materia\u201d. <\/span><i><span lang=\"PT-BR\">Revista de Derecho Ambiental<\/span><\/i><span lang=\"PT-BR\">, N\u00b0 14, pp. 127-153. Scopus. Q3, F.I. 0.135, DOI: <\/span><span lang=\"PT-BR\">http:\/\/doi.org\/10.5354\/0719-4633.2020.53978<\/span><\/p>\n<\/td>\n<\/tr>\n<tr>\n<td valign=\"top\" width=\"85\">\n<p class=\"MsoNormal\" align=\"left\"><span lang=\"ES\">2020<\/span><\/p>\n<\/td>\n<td valign=\"top\" width=\"508\">\n<p class=\"MsoNormal\"><span>Navarro Schiappacasse, <\/span><span>Mar\u00eda Pilar. \u201cAn\u00e1lisis cr\u00edtico de la regulaci\u00f3n de la simulaci\u00f3n en el Derecho tributario chileno tras la Ley N\u00b0 20.780: correcta determinaci\u00f3n de la obligaci\u00f3n tributaria y aspectos sancionatorios\u201d. <\/span><i><span lang=\"PT-BR\">Nomos, Revista do Programa de P\u00f3s-Gradua\u00e7\u00e3o em Direito da Universidade Federal do Cear\u00e1<\/span><\/i><span lang=\"PT-BR\">, Vol. 40, N\u00b0 1, pp. 267-284. Sin indexaci\u00f3n<\/span><\/p>\n<\/td>\n<\/tr>\n<tr>\n<td valign=\"top\" width=\"85\">\n<p class=\"MsoNormal\" align=\"left\"><span lang=\"ES\">2020<\/span><\/p>\n<\/td>\n<td valign=\"top\" width=\"508\">\n<p class=\"MsoNormal\"><span>Navarro Schiappacasse<\/span><span>, Mar\u00eda Pilar. <\/span><span lang=\"X-NONE\">\u201c<\/span><span>Particularidades de l<\/span><span lang=\"X-NONE\">a prescripci\u00f3n en los supuestos de abuso de las formas jur\u00eddicas y simulaci\u00f3n en el<\/span> <span lang=\"X-NONE\">C\u00f3digo Tributario chileno\u201d. <i>Revista de Derecho (<\/i><\/span><i><span lang=\"PT-BR\">Coquimbo<\/span><\/i><i><span lang=\"X-NONE\">)<\/span><\/i><span lang=\"PT-BR\">, Vol.<span>\u00a0 <\/span>27, e4467. Scielo. DOI: https:\/\/doi.org\/10.22199\/issn.0718-9753-2020-0014 <\/span><\/p>\n<\/td>\n<\/tr>\n<tr>\n<td valign=\"top\" width=\"85\">\n<p class=\"MsoNormal\" align=\"left\"><span lang=\"ES\">2019<\/span><\/p>\n<\/td>\n<td valign=\"top\" width=\"508\">\n<p class=\"MsoNormal\"><span>Navarro Schiappacasse<\/span><span>, Mar\u00eda Pilar. \u201cLa sanci\u00f3n chilena al asesor tributario supuestos de abuso o simulaci\u00f3n\u201d.<i> <\/i><\/span><i><span lang=\"PT-BR\">Revista de Derecho (Valdivia)<\/span><\/i><span lang=\"PT-BR\">, Vol. 32, N\u00b0 2, pp. 231-250. Scopus. Q3, F.I. 0.194, DOI: 10.4067\/S0718-09502019000200231<\/span><\/p>\n<\/td>\n<\/tr>\n<tr>\n<td valign=\"top\" width=\"85\">\n<p class=\"MsoNormal\" align=\"left\"><span lang=\"ES\">2019<\/span><\/p>\n<\/td>\n<td valign=\"top\" width=\"508\">\n<p class=\"MsoNormal\"><a name=\"_Hlk66099485\"><\/a><span>Navarro Schiappacasse<\/span><span><span>, Mar\u00eda Pilar. \u201cE<\/span><\/span><span><span lang=\"X-NONE\">l impuesto sobre las emisiones de fuentes fijas y su inserci\u00f3n en el sistema tributario chileno<\/span><\/span><span><span>\u201d. <\/span><\/span><span><i><span lang=\"PT-BR\">Revista de Derecho (Valpara\u00edso)<\/span><\/i><\/span><span><span lang=\"PT-BR\">, N\u00b0 52, pp. 195-224. Scielo<\/span><\/span><span lang=\"PT-BR\">. DOI: http:\/\/doi.org\/10.4151\/ISSN.07186851-Vol.52-Num.0-Fulltext.1235<\/span><\/p>\n<\/td>\n<\/tr>\n<tr>\n<td valign=\"top\" width=\"85\">\n<p class=\"MsoNormal\" align=\"left\"><span lang=\"ES\">2019<\/span><\/p>\n<p class=\"MsoNormal\" align=\"left\"><span lang=\"ES\">\u00a0<\/span><\/p>\n<\/td>\n<td valign=\"top\" width=\"508\">\n<p class=\"MsoNormal\"><a name=\"_Hlk534815944\"><\/a><span>Navarro Schiappacasse<\/span><span><span>, Mar\u00eda Pilar. <\/span><\/span><span><span lang=\"ES\">\u201cLa inconstitucionalidad de la sanci\u00f3n a la elusi\u00f3n fiscal: una revisi\u00f3n cr\u00edtica de sus fundamentos\u201d. <i>Estudios Financieros.<\/i> <i>Revista de Contabilidad y Tributaci\u00f3n. CEF (Espa\u00f1a)<\/i>, N\u00b0 432, pp. 147-186<\/span><\/span><span lang=\"ES\">. Latindex<\/span><\/p>\n<\/td>\n<\/tr>\n<tr>\n<td valign=\"top\" width=\"85\">\n<p class=\"MsoNormal\" align=\"left\"><span>2018<\/span><\/p>\n<\/td>\n<td valign=\"top\" width=\"508\">\n<p class=\"MsoNormal\"><a name=\"_Hlk534816033\"><\/a><span>Navarro Schiappacasse<\/span><span><span>, Mar\u00eda Pilar.<\/span><\/span><span><span lang=\"X-NONE\">\u201cLa evoluci\u00f3n en la jurisprudencia de la Corte Suprema en la concepci\u00f3n de la elusi\u00f3n<\/span><\/span><span><span> fiscal\u201d. <i>Revista de Estudios Tributarios<\/i>, N\u00b0 20<\/span><\/span><span>, pp. 169-191. Sin indexaci\u00f3n<\/span><\/p>\n<\/td>\n<\/tr>\n<\/tbody>\n<\/table>\n<p class=\"MsoNormal\"><span lang=\"ES\">\u00a0<\/span><\/p>\n<p class=\"MsoNormal\"><span lang=\"ES\">Cap\u00edtulos de libro<\/span><\/p>\n<p class=\"MsoNormal\"><span lang=\"ES\">\u00a0<\/span><\/p>\n<table class=\"MsoTableSimple2\" border=\"0\" width=\"593\" cellspacing=\"0\" cellpadding=\"0\">\n<tbody>\n<tr>\n<td valign=\"top\" width=\"85\">\n<p class=\"MsoNormal\" align=\"left\"><span lang=\"ES\">Aceptado<\/span><\/p>\n<\/td>\n<td valign=\"top\" width=\"508\">\n<p class=\"MsoNormal\"><span>Navarro Schiappacasse<\/span><span>, Mar\u00eda Pilar. <\/span><span>\u201c<\/span><span lang=\"ES\">La sanci\u00f3n en los supuestos de elusi\u00f3n tributaria en la era BEPS: una visi\u00f3n <\/span><span>comparada entre Chile y Espa\u00f1a\u201d. En Facultad de Ciencias Jur\u00eddicas de la Universidad Austral de Chile (Ed.). <i>Elusi\u00f3n y otros temas actuales de Derecho Tributario<\/i>. Valencia: Tirant lo Blanch (Fondecyt: editorial prestigio internacional)<\/span><\/p>\n<\/td>\n<\/tr>\n<tr>\n<td valign=\"top\" width=\"85\">\n<p class=\"MsoNormal\" align=\"left\"><span lang=\"ES\">En prensa<\/span><\/p>\n<\/td>\n<td valign=\"top\" width=\"508\">\n<p class=\"MsoNormal\"><span lang=\"ES\">Navarro Schiappacasse, <\/span><span lang=\"ES\">Mar\u00eda Pilar \u201cNormas generales antielusi\u00f3n y derechos de los contribuyentes\u201d. <\/span><span lang=\"ES\">Elusi\u00f3n fiscal y Pol\u00edtica tributaria. Valencia: Tirant lo Blanch (III Jornadas Acad\u00e9micas de Derecho Tributario) <\/span><span>(Fondecyt: editorial prestigio internacional)<\/span><\/p>\n<\/td>\n<\/tr>\n<tr>\n<td valign=\"top\" width=\"85\">\n<p class=\"MsoNormal\" align=\"left\"><span lang=\"ES\">2022<\/span><\/p>\n<\/td>\n<td valign=\"top\" width=\"508\">\n<p class=\"MsoNormal\"><span lang=\"ES\">Navarro Schiappacasse, <\/span><span lang=\"ES\">Mar\u00eda Pilar. \u201cAlgunas notas acerca de los tributos que gravan emisiones contaminantes del aire en Chile\u201d. En Bola\u00f1os, Luc\u00eda (Ed.). <i>Derecho Tributario Ambiental: por un medio ambiente sano<\/i>. Bogot\u00e1 <\/span><\/p>\n<\/td>\n<\/tr>\n<tr>\n<td valign=\"top\" width=\"85\">\n<p class=\"MsoNormal\" align=\"left\"><span lang=\"ES\">2022<\/span><\/p>\n<\/td>\n<td valign=\"top\" width=\"508\">\n<p class=\"MsoNormal\"><span lang=\"ES\">Navarro Schiappacasse<\/span><span lang=\"ES\">. \u201cTecnolog\u00eda e impuestos: la estrecha vinculaci\u00f3n en los impuestos que gravan emisiones atmosf\u00e9ricas en Chile\u201d. En Alonso Gonz\u00e1lez, Luis Manuel (Ed.). <i>Tecnolog\u00eda y fiscalidad en el siglo XXI<\/i>, Barcelona: Atelier <\/span><\/p>\n<\/td>\n<\/tr>\n<tr>\n<td valign=\"top\" width=\"85\">\n<p class=\"MsoNormal\" align=\"left\"><span lang=\"ES\">2022<\/span><\/p>\n<\/td>\n<td valign=\"top\" width=\"508\">\n<p class=\"MsoNormal\"><span lang=\"ES\">Navarro Schiappacasse, <\/span><span lang=\"ES\">Mar\u00eda Pilar<span>. \u201c<\/span>Algunas reflexiones en torno al principio de no afectaci\u00f3n de cara al proceso constituyente\u201d. En VVAA. <i>La Constituci\u00f3n Financiera de Chile: Diagn\u00f3stico y propuestas para una descentralizaci\u00f3n fiscal real<\/i>. Valencia: Tirant lo Blanch, pp. 217-249 <\/span><span>(Fondecyt: editorial prestigio internacional)<\/span><\/p>\n<\/td>\n<\/tr>\n<tr>\n<td valign=\"top\" width=\"85\">\n<p class=\"MsoNormal\" align=\"left\"><span lang=\"ES\">2022<\/span><\/p>\n<\/td>\n<td valign=\"top\" width=\"508\">\n<p class=\"MsoNormal\"><span lang=\"ES\">Navarro Schiappacasse, <\/span><span lang=\"ES\">Mar\u00eda Pilar y<span> Riestra L\u00f3pez, <\/span>Sebasti\u00e1n<span> \u201c<\/span>La potestad tributaria derivada de las Municipalidades: el caso de los cobros de derechos de aseo por motivos ambientales\u201d. En VVAA. <i>La Constituci\u00f3n Financiera de Chile: Diagn\u00f3stico y propuestas para una descentralizaci\u00f3n fiscal real<\/i>, Valencia: Tirant lo Blanch, pp. 113-144 <\/span><span>(Fondecyt: editorial prestigio internacional)<\/span><\/p>\n<\/td>\n<\/tr>\n<tr>\n<td valign=\"top\" width=\"85\">\n<p class=\"MsoNormal\" align=\"left\"><span lang=\"ES\">2021<\/span><\/p>\n<\/td>\n<td valign=\"top\" width=\"508\">\n<p class=\"MsoNormal\"><span>Navarro Schiappacasse<\/span><span>, Mar\u00eda Pilar. \u201cExtrafiscalidad de car\u00e1cter ambiental \u00bftiene cabida en el texto constitucional vigente?\u201d. En Saffie, Francisco y Fa\u00fandez, Antonio (Coords.). <i>Derecho tributario constitucional: en tiempos de decisi\u00f3n de una nueva Constituci\u00f3n<\/i>. Valencia: Tirant lo Blanch, pp. 391-419 <\/span><span>(Fondecyt: editorial prestigio internacional)<\/span><\/p>\n<\/td>\n<\/tr>\n<tr>\n<td valign=\"top\" width=\"85\">\n<p class=\"MsoNormal\" align=\"left\"><span lang=\"ES\">2021<\/span><\/p>\n<\/td>\n<td valign=\"top\" width=\"508\">\n<p class=\"MsoNormal\"><span>Navarro Schiappacasse<\/span><span>, Mar\u00eda Pilar y <span>Canales Guti\u00e9rrez<\/span>, Andrea. \u201cInstrumentos tributarios para hacer frente a los efectos del COVID19\u201d. En <span>Rojas Calder\u00f3n<\/span>, Christian, <span>Ferrada B\u00f3rquez<\/span>, Juan Carlos y <span>M\u00e9ndez Ortiz<\/span>, Pablo (Coords.). <i>Derecho P\u00fablico y emergencia. Respuestas ante el COVID-19<\/i>, Santiago: Thomson Reuters, pp. 83-109 <\/span><span>(Fondecyt: editorial prestigio nacional)<\/span><\/p>\n<\/td>\n<\/tr>\n<tr>\n<td valign=\"top\" width=\"85\">\n<p class=\"MsoNormal\" align=\"left\"><span lang=\"ES\">2020<\/span><\/p>\n<\/td>\n<td valign=\"top\" width=\"508\">\n<p class=\"MsoNormal\"><span>Mayer<\/span><span>, Laura y <span>Navarro<\/span>, Mar\u00eda Pilar \u201c<\/span><a name=\"_Hlk44143304\"><\/a><span lang=\"X-NONE\">Compliance y criminalidad tributaria: un an\u00e1lisis a partir de la legislaci\u00f3n chilena<\/span><span>\u201d. En <span>Toso<\/span>, Angela, <span>Mayer<\/span>, Laura, y <span>Cordero<\/span>, Eduardo (Coords.). <i>Cumplimiento Normativo y Gesti\u00f3n de Riesgos Legales en la Empresa<\/i>. Valencia: Tirant lo Blanch, pp. 265-300 <\/span><span>(Fondecyt: editorial prestigio internacional)<\/span><\/p>\n<\/td>\n<\/tr>\n<tr>\n<td valign=\"top\" width=\"85\">\n<p class=\"MsoNormal\" align=\"left\"><span lang=\"ES\">2020<\/span><\/p>\n<\/td>\n<td valign=\"top\" width=\"508\">\n<p class=\"MsoNormal\"><span>Magasich Airola<\/span><span>, \u00c1lvaro y <span>Navarro Schiappacasse<\/span>, Mar\u00eda Pilar \u201cModificaciones a la Ley N\u00b0 20.732, sobre rebaja el Impuesto Territorial correspondiente a propiedades de adultos mayores vulnerables econ\u00f3micamente\u201d. En <span>Navarro Schiappacasse<\/span>, Mar\u00eda Pilar y <span>Magasich Airola<\/span>, \u00c1lvaro (Coords.). <i>Reforma Tributaria 2020: principales cambios<\/i>. Valencia: Tirant lo Blanch, pp. 355-381 (Fondecyt: editorial prestigio internacional)<\/span><\/p>\n<\/td>\n<\/tr>\n<tr>\n<td valign=\"top\" width=\"85\">\n<p class=\"MsoNormal\" align=\"left\"><span lang=\"ES\">2020<\/span><\/p>\n<\/td>\n<td valign=\"top\" width=\"508\">\n<p class=\"MsoNormal\"><span>Navarro Schiappacasse<\/span><span>, Mar\u00eda Pilar. <\/span><span>\u201cLos cambios al estatuto jur\u00eddico de las \u2018viviendas econ\u00f3micas\u2019 contempladas en el D.F.L N\u00b0 2, de 1959 y su car\u00e1cter de contrato ley\u201d. En <span>Navarro Schiappacasse<\/span>, Mar\u00eda Pilar y <span>Magasich Airola<\/span>, \u00c1lvaro (Coords.). <i>Reforma Tributaria 2020: principales cambios<\/i>. Valencia: Tirant lo Blanch, pp. 383-419 (Fondecyt: editorial prestigio internacional)<\/span><\/p>\n<\/td>\n<\/tr>\n<tr>\n<td valign=\"top\" width=\"85\">\n<p class=\"MsoNormal\" align=\"left\"><span lang=\"ES\">2020<\/span><\/p>\n<\/td>\n<td valign=\"top\" width=\"508\">\n<p class=\"MsoNormal\"><span>Navarro Schiappacasse<\/span><span>, Mar\u00eda Pilar. <\/span><span>\u201cLa consulta tributaria y la interpretaci\u00f3n administrativa en los casos de elusi\u00f3n fiscal: \u00bfuna redundancia normativa del legislador?\u201d. En <span>Fa\u00fandez<\/span>, Antonio y <span>Saffie<\/span>, Francisco (Dirs.). <i>Interpretaci\u00f3n de la ley tributaria.<\/i> Santiago: Thomson Reuters, pp. 117-141 (Fondecyt: editorial prestigio nacional)<\/span><\/p>\n<\/td>\n<\/tr>\n<tr>\n<td valign=\"top\" width=\"85\">\n<p class=\"MsoNormal\" align=\"left\"><span lang=\"ES\">2018<\/span><\/p>\n<p class=\"MsoNormal\" align=\"left\"><span lang=\"ES\">\u00a0<\/span><\/p>\n<\/td>\n<td valign=\"top\" width=\"508\">\n<p class=\"MsoNormal\"><a name=\"_Hlk535417224\"><\/a><span>Navarro Schiappacasse<\/span><span><span>, Mar\u00eda Pilar. <\/span><\/span><span><span lang=\"ES\">\u201cEl recurso al Derecho sancionatorio como mecanismo de lucha contra la elusi\u00f3n fiscal\u201d, e<\/span><\/span><span><span>n <span>Rozas Vald\u00e9s<\/span>, Jos\u00e9 Andr\u00e9s (Coord). <i>TransJus Working Papers Publications<\/i>. Working paper N\u00b0 1, pp. 87-98<\/span><\/span><\/p>\n<\/td>\n<\/tr>\n<\/tbody>\n<\/table>\n<p class=\"MsoNormal\"><span lang=\"ES\">\u00a0<\/span><\/p>\n<p class=\"MsoNormal\"><span lang=\"ES\">Columnas de Opini\u00f3n<\/span><\/p>\n<p class=\"MsoNormal\"><span lang=\"ES\">\u00a0<\/span><\/p>\n<p>&nbsp;<\/p>\n<table class=\"MsoTableSimple2\" border=\"0\" width=\"593\" cellspacing=\"0\" cellpadding=\"0\">\n<tbody>\n<tr>\n<td valign=\"top\" width=\"85\">\n<p class=\"MsoNormal\" align=\"left\"><span lang=\"ES\">2021<\/span><\/p>\n<\/td>\n<td valign=\"top\" width=\"508\">\n<p class=\"MsoNormal\"><span lang=\"ES-MX\">Canales<\/span><span lang=\"ES-MX\">, Andrea y <span>Navarro<\/span>, Mar\u00eda Pilar. \u201cDimensi\u00f3n econ\u00f3mica y jur\u00eddica del impuesto chileno a las emisiones de fuentes fijas contemplado en el art\u00edculo 8\u00b0 de la Ley N\u00b0 20.780\u201d. P\u00f3lemos. Portal Jur\u00eddico Interdisciplinario<\/span><\/p>\n<\/td>\n<\/tr>\n<tr>\n<td valign=\"top\" width=\"85\">\n<p class=\"MsoNormal\" align=\"left\"><span lang=\"ES\">2021<\/span><\/p>\n<\/td>\n<td valign=\"top\" width=\"508\">\n<p class=\"MsoNormal\"><span lang=\"ES-MX\">Navarro<\/span><span lang=\"ES-MX\">, Mar\u00eda Pilar y <span>Magasich<\/span>, \u00c1lvaro. \u201cElusi\u00f3n internacional: un enfoque interpretativo al fallo \u2018Molinos\u2019\u201d. Taxlatam<\/span><\/p>\n<\/td>\n<\/tr>\n<tr>\n<td valign=\"top\" width=\"85\">\n<p class=\"MsoNormal\" align=\"left\"><span lang=\"ES\">2021<\/span><\/p>\n<\/td>\n<td valign=\"top\" width=\"508\">\n<p class=\"MsoNormal\"><span lang=\"ES-MX\">\u201cDesaf\u00edos de las normas generales antielusi\u00f3n en Chile a casi seis a\u00f1os de su entrada en vigor\u201d. Taxlatam<\/span><\/p>\n<\/td>\n<\/tr>\n<tr>\n<td valign=\"top\" width=\"85\">\n<p class=\"MsoNormal\" align=\"left\"><span lang=\"ES\">2018<\/span><\/p>\n<\/td>\n<td valign=\"top\" width=\"508\">\n<p class=\"MsoNormal\"><span lang=\"ES\">\u201cLas luces y sombras de las modificaciones a la norma general antielusi\u00f3n\u201d. Mercurio Legal<\/span><\/p>\n<\/td>\n<\/tr>\n<tr>\n<td valign=\"top\" width=\"85\">\n<p class=\"MsoNormal\" align=\"left\"><span lang=\"ES\">2018<\/span><\/p>\n<p class=\"MsoNormal\" align=\"left\"><span lang=\"ES\">\u00a0<\/span><\/p>\n<\/td>\n<td valign=\"top\" width=\"508\">\n<p class=\"MsoNormal\"><span lang=\"ES\">\u201cPrecisando el debate en torno al il\u00edcito que sanciona al asesor tributario en el art\u00edculo 100 bis del C\u00f3digo Tributario\u201d. Mercurio Legal<\/span><\/p>\n<\/td>\n<\/tr>\n<\/tbody>\n<\/table>\n","protected":false},"author":72,"featured_media":696,"template":"","people_tax":[],"class_list":["post-698","person","type-person","status-publish","has-post-thumbnail","hentry"],"yoast_head":"<!-- This site is optimized with the Yoast SEO plugin v26.9 - https:\/\/yoast.com\/product\/yoast-seo-wordpress\/ -->\n<title>Mar\u00eda Pilar Navarro Schiappacasse - DOCTORADO EN DERECHO<\/title>\n<meta name=\"robots\" content=\"index, follow, max-snippet:-1, max-image-preview:large, max-video-preview:-1\" \/>\n<link rel=\"canonical\" href=\"https:\/\/derecho.udd.cl\/doctorado\/persona\/maria-pilar-navarro-schiappacasse\/\" \/>\n<meta property=\"og:locale\" content=\"es_ES\" \/>\n<meta property=\"og:type\" content=\"article\" \/>\n<meta property=\"og:title\" content=\"Mar\u00eda Pilar Navarro Schiappacasse - DOCTORADO EN DERECHO\" \/>\n<meta property=\"og:description\" content=\"Publicaciones: Libros 2021 Navarro Schiappacasse, Mar\u00eda Pilar. La norma general antielusi\u00f3n y su sanci\u00f3n en el Derecho chileno. Valencia: Tirant lo Blanch, 504p. 2020 Navarro Schiappacasse, Mar\u00eda Pilar y Magasich Airola, \u00c1lvaro Pablo (Coords.). Reforma Tributaria 2020: Principales Cambios. Valencia: Tirant lo Blanch 2016 Navarro Schiappacasse, Mar\u00eda Pilar. An\u00e1lisis cr\u00edtico de la norma antielusi\u00f3n chilena. [&hellip;]\" \/>\n<meta property=\"og:url\" content=\"https:\/\/derecho.udd.cl\/doctorado\/persona\/maria-pilar-navarro-schiappacasse\/\" \/>\n<meta property=\"og:site_name\" content=\"DOCTORADO EN DERECHO\" \/>\n<meta property=\"article:modified_time\" content=\"2026-04-17T16:57:06+00:00\" \/>\n<meta property=\"og:image\" content=\"https:\/\/derecho.udd.cl\/doctorado\/files\/2022\/11\/foto-m-pilar-navarro-scaled-e1689193575940.jpg\" \/>\n\t<meta property=\"og:image:width\" content=\"1638\" \/>\n\t<meta property=\"og:image:height\" content=\"2041\" \/>\n\t<meta property=\"og:image:type\" content=\"image\/jpeg\" \/>\n<meta name=\"twitter:card\" content=\"summary_large_image\" \/>\n<meta name=\"twitter:label1\" content=\"Tiempo de lectura\" \/>\n\t<meta name=\"twitter:data1\" content=\"1 minuto\" \/>\n<script type=\"application\/ld+json\" class=\"yoast-schema-graph\">{\"@context\":\"https:\/\/schema.org\",\"@graph\":[{\"@type\":\"WebPage\",\"@id\":\"https:\/\/derecho.udd.cl\/doctorado\/persona\/maria-pilar-navarro-schiappacasse\/\",\"url\":\"https:\/\/derecho.udd.cl\/doctorado\/persona\/maria-pilar-navarro-schiappacasse\/\",\"name\":\"Mar\u00eda Pilar Navarro Schiappacasse - DOCTORADO EN DERECHO\",\"isPartOf\":{\"@id\":\"https:\/\/derecho.udd.cl\/doctorado\/#website\"},\"primaryImageOfPage\":{\"@id\":\"https:\/\/derecho.udd.cl\/doctorado\/persona\/maria-pilar-navarro-schiappacasse\/#primaryimage\"},\"image\":{\"@id\":\"https:\/\/derecho.udd.cl\/doctorado\/persona\/maria-pilar-navarro-schiappacasse\/#primaryimage\"},\"thumbnailUrl\":\"https:\/\/derecho.udd.cl\/doctorado\/files\/2022\/11\/foto-m-pilar-navarro-scaled-e1689193575940.jpg\",\"datePublished\":\"2022-11-21T14:50:13+00:00\",\"dateModified\":\"2026-04-17T16:57:06+00:00\",\"breadcrumb\":{\"@id\":\"https:\/\/derecho.udd.cl\/doctorado\/persona\/maria-pilar-navarro-schiappacasse\/#breadcrumb\"},\"inLanguage\":\"es\",\"potentialAction\":[{\"@type\":\"ReadAction\",\"target\":[\"https:\/\/derecho.udd.cl\/doctorado\/persona\/maria-pilar-navarro-schiappacasse\/\"]}]},{\"@type\":\"ImageObject\",\"inLanguage\":\"es\",\"@id\":\"https:\/\/derecho.udd.cl\/doctorado\/persona\/maria-pilar-navarro-schiappacasse\/#primaryimage\",\"url\":\"https:\/\/derecho.udd.cl\/doctorado\/files\/2022\/11\/foto-m-pilar-navarro-scaled-e1689193575940.jpg\",\"contentUrl\":\"https:\/\/derecho.udd.cl\/doctorado\/files\/2022\/11\/foto-m-pilar-navarro-scaled-e1689193575940.jpg\",\"width\":1638,\"height\":2041},{\"@type\":\"BreadcrumbList\",\"@id\":\"https:\/\/derecho.udd.cl\/doctorado\/persona\/maria-pilar-navarro-schiappacasse\/#breadcrumb\",\"itemListElement\":[{\"@type\":\"ListItem\",\"position\":1,\"name\":\"Portada\",\"item\":\"https:\/\/derecho.udd.cl\/doctorado\/\"},{\"@type\":\"ListItem\",\"position\":2,\"name\":\"Personas\",\"item\":\"https:\/\/derecho.udd.cl\/doctorado\/persona\/\"},{\"@type\":\"ListItem\",\"position\":3,\"name\":\"Mar\u00eda Pilar Navarro Schiappacasse\"}]},{\"@type\":\"WebSite\",\"@id\":\"https:\/\/derecho.udd.cl\/doctorado\/#website\",\"url\":\"https:\/\/derecho.udd.cl\/doctorado\/\",\"name\":\"DOCTORADO EN DERECHO\",\"description\":\"Facultad de Derecho UDD\",\"inLanguage\":\"es\"}]}<\/script>\n<!-- \/ Yoast SEO plugin. -->","yoast_head_json":{"title":"Mar\u00eda Pilar Navarro Schiappacasse - DOCTORADO EN DERECHO","robots":{"index":"index","follow":"follow","max-snippet":"max-snippet:-1","max-image-preview":"max-image-preview:large","max-video-preview":"max-video-preview:-1"},"canonical":"https:\/\/derecho.udd.cl\/doctorado\/persona\/maria-pilar-navarro-schiappacasse\/","og_locale":"es_ES","og_type":"article","og_title":"Mar\u00eda Pilar Navarro Schiappacasse - DOCTORADO EN DERECHO","og_description":"Publicaciones: Libros 2021 Navarro Schiappacasse, Mar\u00eda Pilar. La norma general antielusi\u00f3n y su sanci\u00f3n en el Derecho chileno. Valencia: Tirant lo Blanch, 504p. 2020 Navarro Schiappacasse, Mar\u00eda Pilar y Magasich Airola, \u00c1lvaro Pablo (Coords.). Reforma Tributaria 2020: Principales Cambios. Valencia: Tirant lo Blanch 2016 Navarro Schiappacasse, Mar\u00eda Pilar. An\u00e1lisis cr\u00edtico de la norma antielusi\u00f3n chilena. [&hellip;]","og_url":"https:\/\/derecho.udd.cl\/doctorado\/persona\/maria-pilar-navarro-schiappacasse\/","og_site_name":"DOCTORADO EN DERECHO","article_modified_time":"2026-04-17T16:57:06+00:00","og_image":[{"width":1638,"height":2041,"url":"https:\/\/derecho.udd.cl\/doctorado\/files\/2022\/11\/foto-m-pilar-navarro-scaled-e1689193575940.jpg","type":"image\/jpeg"}],"twitter_card":"summary_large_image","twitter_misc":{"Tiempo de lectura":"1 minuto"},"schema":{"@context":"https:\/\/schema.org","@graph":[{"@type":"WebPage","@id":"https:\/\/derecho.udd.cl\/doctorado\/persona\/maria-pilar-navarro-schiappacasse\/","url":"https:\/\/derecho.udd.cl\/doctorado\/persona\/maria-pilar-navarro-schiappacasse\/","name":"Mar\u00eda Pilar Navarro Schiappacasse - DOCTORADO EN DERECHO","isPartOf":{"@id":"https:\/\/derecho.udd.cl\/doctorado\/#website"},"primaryImageOfPage":{"@id":"https:\/\/derecho.udd.cl\/doctorado\/persona\/maria-pilar-navarro-schiappacasse\/#primaryimage"},"image":{"@id":"https:\/\/derecho.udd.cl\/doctorado\/persona\/maria-pilar-navarro-schiappacasse\/#primaryimage"},"thumbnailUrl":"https:\/\/derecho.udd.cl\/doctorado\/files\/2022\/11\/foto-m-pilar-navarro-scaled-e1689193575940.jpg","datePublished":"2022-11-21T14:50:13+00:00","dateModified":"2026-04-17T16:57:06+00:00","breadcrumb":{"@id":"https:\/\/derecho.udd.cl\/doctorado\/persona\/maria-pilar-navarro-schiappacasse\/#breadcrumb"},"inLanguage":"es","potentialAction":[{"@type":"ReadAction","target":["https:\/\/derecho.udd.cl\/doctorado\/persona\/maria-pilar-navarro-schiappacasse\/"]}]},{"@type":"ImageObject","inLanguage":"es","@id":"https:\/\/derecho.udd.cl\/doctorado\/persona\/maria-pilar-navarro-schiappacasse\/#primaryimage","url":"https:\/\/derecho.udd.cl\/doctorado\/files\/2022\/11\/foto-m-pilar-navarro-scaled-e1689193575940.jpg","contentUrl":"https:\/\/derecho.udd.cl\/doctorado\/files\/2022\/11\/foto-m-pilar-navarro-scaled-e1689193575940.jpg","width":1638,"height":2041},{"@type":"BreadcrumbList","@id":"https:\/\/derecho.udd.cl\/doctorado\/persona\/maria-pilar-navarro-schiappacasse\/#breadcrumb","itemListElement":[{"@type":"ListItem","position":1,"name":"Portada","item":"https:\/\/derecho.udd.cl\/doctorado\/"},{"@type":"ListItem","position":2,"name":"Personas","item":"https:\/\/derecho.udd.cl\/doctorado\/persona\/"},{"@type":"ListItem","position":3,"name":"Mar\u00eda Pilar Navarro Schiappacasse"}]},{"@type":"WebSite","@id":"https:\/\/derecho.udd.cl\/doctorado\/#website","url":"https:\/\/derecho.udd.cl\/doctorado\/","name":"DOCTORADO EN DERECHO","description":"Facultad de Derecho UDD","inLanguage":"es"}]}},"email":"","tel_job":"","role":"","modal":"<div class=\"person-modal person-modal--scl\">\n<header class=\"person-modal__header\">\n<div class=\"person-modal__bg\"><\/div>\n<div class=\"modal-container\">\n<div class=\"person-modal__media\">\n\t\t\t\t<img decoding=\"async\" width=\"500\" height=\"500\" src=\"https:\/\/derecho.udd.cl\/doctorado\/files\/2022\/11\/foto-m-pilar-navarro-scaled-e1689193575940-62x62.jpg\" class=\"person-modal__image wp-post-image lazyload\" alt=\"\" loading=\"lazy\" data-src=\"https:\/\/derecho.udd.cl\/doctorado\/files\/2022\/11\/foto-m-pilar-navarro-scaled-e1689193575940-500x500.jpg\" data-srcset=\"https:\/\/derecho.udd.cl\/doctorado\/files\/2022\/11\/foto-m-pilar-navarro-scaled-e1689193575940-500x500.jpg 500w, https:\/\/derecho.udd.cl\/doctorado\/files\/2022\/11\/foto-m-pilar-navarro-scaled-e1689193575940-150x150.jpg 150w, https:\/\/derecho.udd.cl\/doctorado\/files\/2022\/11\/foto-m-pilar-navarro-scaled-e1689193575940-62x62.jpg 62w, https:\/\/derecho.udd.cl\/doctorado\/files\/2022\/11\/foto-m-pilar-navarro-scaled-e1689193575940-750x750.jpg 750w, https:\/\/derecho.udd.cl\/doctorado\/files\/2022\/11\/foto-m-pilar-navarro-scaled-e1689193575940-250x250.jpg 250w, https:\/\/derecho.udd.cl\/doctorado\/files\/2022\/11\/foto-m-pilar-navarro-scaled-e1689193575940-126x126.jpg 126w\" \/>\t\t\t<\/div>\n<div class=\"person-modal__data\">\n<h1 class=\"person-modal__name\">Mar\u00eda Pilar Navarro Schiappacasse<\/h1>\n<\/p><\/div>\n<\/p><\/div>\n<\/header>\n<div class=\"modal-container\">\n<div class=\"person-modal__content text\">\n<ul>\n<li>Doctorado en Derecho y Ciencia Pol\u00edtica. Menci\u00f3n Derecho Financiero y Tributario Universidad de Barcelona<\/li>\n<li>M\u00e1ster de Derecho de la Empresa y de los Negocios Universidad de Barcelona <\/li>\n<li>Mag\u00edster en Direcci\u00f3n y Gesti\u00f3n Tributaria Universidad Adolfo Ib\u00e1\u00f1ez<\/li>\n<li>Licenciada en Ciencias Jur\u00eddicas Pontificia Universidad Cat\u00f3lica de Valpara\u00edso<\/li>\n<\/ul>\n<p>Publicaciones:<\/p>\n<p class=\"MsoNormal\"><span lang=\"ES\">Libros<\/span><\/p>\n<table class=\"MsoTableSimple2\" border=\"0\" width=\"593\" cellspacing=\"0\" cellpadding=\"0\">\n<tbody>\n<tr>\n<td valign=\"top\" width=\"85\">\n<p class=\"MsoNormal\" align=\"left\"><span lang=\"ES\">2021<\/span><\/p>\n<\/td>\n<td valign=\"top\" width=\"508\">\n<p class=\"MsoNormal\"><span>Navarro Schiappacasse<\/span><span>, Mar\u00eda Pilar. <i>La norma general antielusi\u00f3n y su sanci\u00f3n en el Derecho chileno.<\/i> Valencia: Tirant lo Blanch, 504p. <\/span><\/p>\n<\/td>\n<\/tr>\n<tr>\n<td valign=\"top\" width=\"85\">\n<p class=\"MsoNormal\" align=\"left\"><span lang=\"ES\">2020<\/span><\/p>\n<\/td>\n<td valign=\"top\" width=\"508\">\n<p class=\"MsoNormal\"><span>Navarro Schiappacasse, <\/span><span>Mar\u00eda Pilar y Magasich Airola, \u00c1lvaro Pablo (Coords.). <i>Reforma Tributaria 2020: Principales Cambios<\/i>. Valencia: Tirant lo Blanch<\/span><\/p>\n<\/td>\n<\/tr>\n<tr>\n<td valign=\"top\" width=\"85\">\n<p class=\"MsoNormal\" align=\"left\"><span lang=\"ES\">2016<\/span><\/p>\n<\/td>\n<td valign=\"top\" width=\"508\">\n<p class=\"MsoNormal\"><span>Navarro Schiappacasse<\/span><span>, Mar\u00eda Pilar. <\/span><i><span lang=\"ES\">An\u00e1lisis cr\u00edtico de la norma antielusi\u00f3n chilena<\/span><\/i><span lang=\"ES\">. Documentos N\u00b0 19\/2016. Madrid: Instituto de Estudios Fiscales, 55p.<\/span><\/p>\n<\/td>\n<\/tr>\n<\/tbody>\n<\/table>\n<p class=\"MsoNormal\"><span lang=\"ES\">Art\u00edculos <\/span><\/p>\n<p class=\"MsoNormal\"><span lang=\"ES\">\u00a0<\/span><\/p>\n<table class=\"MsoTableSimple2\" border=\"0\" width=\"593\" cellspacing=\"0\" cellpadding=\"0\">\n<tbody>\n<tr>\n<td valign=\"top\" width=\"85\">\n<p class=\"MsoNormal\" align=\"left\"><span lang=\"ES\">2022<\/span><\/p>\n<\/td>\n<td valign=\"top\" width=\"508\">\n<p class=\"MsoNormal\"><span>Navarro Schiappacasse<\/span><span>, Mar\u00eda Pilar. <\/span><span lang=\"ES\">\u201cAcerca del car\u00e1cter objetivo de las normas generales antielusivas chilenas\u201d. <i>Ius et Praxis<\/i>, A\u00f1o 28, N\u00b0 1, Scopus. Q1, F.I. 0.458, pp. 141-161. DOI: <\/span><span>http:\/\/dx.doi.org\/10.4067\/S0718-00122022000100141\u00a0<\/span><\/p>\n<\/td>\n<\/tr>\n<tr>\n<td valign=\"top\" width=\"85\">\n<p class=\"MsoNormal\" align=\"left\"><span lang=\"ES\">2020<\/span><\/p>\n<\/td>\n<td valign=\"top\" width=\"508\">\n<p class=\"MsoNormal\"><span>Navarro Schiappacasse<\/span><span>, Mar\u00eda Pilar. \u201cProtecci\u00f3n del medio ambiente y Derecho tributario: una revisi\u00f3n de la Ley N\u00b0 21.210 en esta materia\u201d. <\/span><i><span lang=\"PT-BR\">Revista de Derecho Ambiental<\/span><\/i><span lang=\"PT-BR\">, N\u00b0 14, pp. 127-153. Scopus. Q3, F.I. 0.135, DOI: <\/span><span lang=\"PT-BR\">http:\/\/doi.org\/10.5354\/0719-4633.2020.53978<\/span><\/p>\n<\/td>\n<\/tr>\n<tr>\n<td valign=\"top\" width=\"85\">\n<p class=\"MsoNormal\" align=\"left\"><span lang=\"ES\">2020<\/span><\/p>\n<\/td>\n<td valign=\"top\" width=\"508\">\n<p class=\"MsoNormal\"><span>Navarro Schiappacasse, <\/span><span>Mar\u00eda Pilar. \u201cAn\u00e1lisis cr\u00edtico de la regulaci\u00f3n de la simulaci\u00f3n en el Derecho tributario chileno tras la Ley N\u00b0 20.780: correcta determinaci\u00f3n de la obligaci\u00f3n tributaria y aspectos sancionatorios\u201d. <\/span><i><span lang=\"PT-BR\">Nomos, Revista do Programa de P\u00f3s-Gradua\u00e7\u00e3o em Direito da Universidade Federal do Cear\u00e1<\/span><\/i><span lang=\"PT-BR\">, Vol. 40, N\u00b0 1, pp. 267-284. Sin indexaci\u00f3n<\/span><\/p>\n<\/td>\n<\/tr>\n<tr>\n<td valign=\"top\" width=\"85\">\n<p class=\"MsoNormal\" align=\"left\"><span lang=\"ES\">2020<\/span><\/p>\n<\/td>\n<td valign=\"top\" width=\"508\">\n<p class=\"MsoNormal\"><span>Navarro Schiappacasse<\/span><span>, Mar\u00eda Pilar. <\/span><span lang=\"X-NONE\">\u201c<\/span><span>Particularidades de l<\/span><span lang=\"X-NONE\">a prescripci\u00f3n en los supuestos de abuso de las formas jur\u00eddicas y simulaci\u00f3n en el<\/span> <span lang=\"X-NONE\">C\u00f3digo Tributario chileno\u201d. <i>Revista de Derecho (<\/i><\/span><i><span lang=\"PT-BR\">Coquimbo<\/span><\/i><i><span lang=\"X-NONE\">)<\/span><\/i><span lang=\"PT-BR\">, Vol.<span>\u00a0 <\/span>27, e4467. Scielo. DOI: https:\/\/doi.org\/10.22199\/issn.0718-9753-2020-0014 <\/span><\/p>\n<\/td>\n<\/tr>\n<tr>\n<td valign=\"top\" width=\"85\">\n<p class=\"MsoNormal\" align=\"left\"><span lang=\"ES\">2019<\/span><\/p>\n<\/td>\n<td valign=\"top\" width=\"508\">\n<p class=\"MsoNormal\"><span>Navarro Schiappacasse<\/span><span>, Mar\u00eda Pilar. \u201cLa sanci\u00f3n chilena al asesor tributario supuestos de abuso o simulaci\u00f3n\u201d.<i> <\/i><\/span><i><span lang=\"PT-BR\">Revista de Derecho (Valdivia)<\/span><\/i><span lang=\"PT-BR\">, Vol. 32, N\u00b0 2, pp. 231-250. Scopus. Q3, F.I. 0.194, DOI: 10.4067\/S0718-09502019000200231<\/span><\/p>\n<\/td>\n<\/tr>\n<tr>\n<td valign=\"top\" width=\"85\">\n<p class=\"MsoNormal\" align=\"left\"><span lang=\"ES\">2019<\/span><\/p>\n<\/td>\n<td valign=\"top\" width=\"508\">\n<p class=\"MsoNormal\"><a name=\"_Hlk66099485\"><\/a><span>Navarro Schiappacasse<\/span><span><span>, Mar\u00eda Pilar. \u201cE<\/span><\/span><span><span lang=\"X-NONE\">l impuesto sobre las emisiones de fuentes fijas y su inserci\u00f3n en el sistema tributario chileno<\/span><\/span><span><span>\u201d. <\/span><\/span><span><i><span lang=\"PT-BR\">Revista de Derecho (Valpara\u00edso)<\/span><\/i><\/span><span><span lang=\"PT-BR\">, N\u00b0 52, pp. 195-224. Scielo<\/span><\/span><span lang=\"PT-BR\">. DOI: http:\/\/doi.org\/10.4151\/ISSN.07186851-Vol.52-Num.0-Fulltext.1235<\/span><\/p>\n<\/td>\n<\/tr>\n<tr>\n<td valign=\"top\" width=\"85\">\n<p class=\"MsoNormal\" align=\"left\"><span lang=\"ES\">2019<\/span><\/p>\n<p class=\"MsoNormal\" align=\"left\"><span lang=\"ES\">\u00a0<\/span><\/p>\n<\/td>\n<td valign=\"top\" width=\"508\">\n<p class=\"MsoNormal\"><a name=\"_Hlk534815944\"><\/a><span>Navarro Schiappacasse<\/span><span><span>, Mar\u00eda Pilar. <\/span><\/span><span><span lang=\"ES\">\u201cLa inconstitucionalidad de la sanci\u00f3n a la elusi\u00f3n fiscal: una revisi\u00f3n cr\u00edtica de sus fundamentos\u201d. <i>Estudios Financieros.<\/i> <i>Revista de Contabilidad y Tributaci\u00f3n. CEF (Espa\u00f1a)<\/i>, N\u00b0 432, pp. 147-186<\/span><\/span><span lang=\"ES\">. Latindex<\/span><\/p>\n<\/td>\n<\/tr>\n<tr>\n<td valign=\"top\" width=\"85\">\n<p class=\"MsoNormal\" align=\"left\"><span>2018<\/span><\/p>\n<\/td>\n<td valign=\"top\" width=\"508\">\n<p class=\"MsoNormal\"><a name=\"_Hlk534816033\"><\/a><span>Navarro Schiappacasse<\/span><span><span>, Mar\u00eda Pilar.<\/span><\/span><span><span lang=\"X-NONE\">\u201cLa evoluci\u00f3n en la jurisprudencia de la Corte Suprema en la concepci\u00f3n de la elusi\u00f3n<\/span><\/span><span><span> fiscal\u201d. <i>Revista de Estudios Tributarios<\/i>, N\u00b0 20<\/span><\/span><span>, pp. 169-191. Sin indexaci\u00f3n<\/span><\/p>\n<\/td>\n<\/tr>\n<\/tbody>\n<\/table>\n<p class=\"MsoNormal\"><span lang=\"ES\">\u00a0<\/span><\/p>\n<p class=\"MsoNormal\"><span lang=\"ES\">Cap\u00edtulos de libro<\/span><\/p>\n<p class=\"MsoNormal\"><span lang=\"ES\">\u00a0<\/span><\/p>\n<table class=\"MsoTableSimple2\" border=\"0\" width=\"593\" cellspacing=\"0\" cellpadding=\"0\">\n<tbody>\n<tr>\n<td valign=\"top\" width=\"85\">\n<p class=\"MsoNormal\" align=\"left\"><span lang=\"ES\">Aceptado<\/span><\/p>\n<\/td>\n<td valign=\"top\" width=\"508\">\n<p class=\"MsoNormal\"><span>Navarro Schiappacasse<\/span><span>, Mar\u00eda Pilar. <\/span><span>\u201c<\/span><span lang=\"ES\">La sanci\u00f3n en los supuestos de elusi\u00f3n tributaria en la era BEPS: una visi\u00f3n <\/span><span>comparada entre Chile y Espa\u00f1a\u201d. En Facultad de Ciencias Jur\u00eddicas de la Universidad Austral de Chile (Ed.). <i>Elusi\u00f3n y otros temas actuales de Derecho Tributario<\/i>. Valencia: Tirant lo Blanch (Fondecyt: editorial prestigio internacional)<\/span><\/p>\n<\/td>\n<\/tr>\n<tr>\n<td valign=\"top\" width=\"85\">\n<p class=\"MsoNormal\" align=\"left\"><span lang=\"ES\">En prensa<\/span><\/p>\n<\/td>\n<td valign=\"top\" width=\"508\">\n<p class=\"MsoNormal\"><span lang=\"ES\">Navarro Schiappacasse, <\/span><span lang=\"ES\">Mar\u00eda Pilar \u201cNormas generales antielusi\u00f3n y derechos de los contribuyentes\u201d. <\/span><span lang=\"ES\">Elusi\u00f3n fiscal y Pol\u00edtica tributaria. Valencia: Tirant lo Blanch (III Jornadas Acad\u00e9micas de Derecho Tributario) <\/span><span>(Fondecyt: editorial prestigio internacional)<\/span><\/p>\n<\/td>\n<\/tr>\n<tr>\n<td valign=\"top\" width=\"85\">\n<p class=\"MsoNormal\" align=\"left\"><span lang=\"ES\">2022<\/span><\/p>\n<\/td>\n<td valign=\"top\" width=\"508\">\n<p class=\"MsoNormal\"><span lang=\"ES\">Navarro Schiappacasse, <\/span><span lang=\"ES\">Mar\u00eda Pilar. \u201cAlgunas notas acerca de los tributos que gravan emisiones contaminantes del aire en Chile\u201d. En Bola\u00f1os, Luc\u00eda (Ed.). <i>Derecho Tributario Ambiental: por un medio ambiente sano<\/i>. Bogot\u00e1 <\/span><\/p>\n<\/td>\n<\/tr>\n<tr>\n<td valign=\"top\" width=\"85\">\n<p class=\"MsoNormal\" align=\"left\"><span lang=\"ES\">2022<\/span><\/p>\n<\/td>\n<td valign=\"top\" width=\"508\">\n<p class=\"MsoNormal\"><span lang=\"ES\">Navarro Schiappacasse<\/span><span lang=\"ES\">. \u201cTecnolog\u00eda e impuestos: la estrecha vinculaci\u00f3n en los impuestos que gravan emisiones atmosf\u00e9ricas en Chile\u201d. En Alonso Gonz\u00e1lez, Luis Manuel (Ed.). <i>Tecnolog\u00eda y fiscalidad en el siglo XXI<\/i>, Barcelona: Atelier <\/span><\/p>\n<\/td>\n<\/tr>\n<tr>\n<td valign=\"top\" width=\"85\">\n<p class=\"MsoNormal\" align=\"left\"><span lang=\"ES\">2022<\/span><\/p>\n<\/td>\n<td valign=\"top\" width=\"508\">\n<p class=\"MsoNormal\"><span lang=\"ES\">Navarro Schiappacasse, <\/span><span lang=\"ES\">Mar\u00eda Pilar<span>. \u201c<\/span>Algunas reflexiones en torno al principio de no afectaci\u00f3n de cara al proceso constituyente\u201d. En VVAA. <i>La Constituci\u00f3n Financiera de Chile: Diagn\u00f3stico y propuestas para una descentralizaci\u00f3n fiscal real<\/i>. Valencia: Tirant lo Blanch, pp. 217-249 <\/span><span>(Fondecyt: editorial prestigio internacional)<\/span><\/p>\n<\/td>\n<\/tr>\n<tr>\n<td valign=\"top\" width=\"85\">\n<p class=\"MsoNormal\" align=\"left\"><span lang=\"ES\">2022<\/span><\/p>\n<\/td>\n<td valign=\"top\" width=\"508\">\n<p class=\"MsoNormal\"><span lang=\"ES\">Navarro Schiappacasse, <\/span><span lang=\"ES\">Mar\u00eda Pilar y<span> Riestra L\u00f3pez, <\/span>Sebasti\u00e1n<span> \u201c<\/span>La potestad tributaria derivada de las Municipalidades: el caso de los cobros de derechos de aseo por motivos ambientales\u201d. En VVAA. <i>La Constituci\u00f3n Financiera de Chile: Diagn\u00f3stico y propuestas para una descentralizaci\u00f3n fiscal real<\/i>, Valencia: Tirant lo Blanch, pp. 113-144 <\/span><span>(Fondecyt: editorial prestigio internacional)<\/span><\/p>\n<\/td>\n<\/tr>\n<tr>\n<td valign=\"top\" width=\"85\">\n<p class=\"MsoNormal\" align=\"left\"><span lang=\"ES\">2021<\/span><\/p>\n<\/td>\n<td valign=\"top\" width=\"508\">\n<p class=\"MsoNormal\"><span>Navarro Schiappacasse<\/span><span>, Mar\u00eda Pilar. \u201cExtrafiscalidad de car\u00e1cter ambiental \u00bftiene cabida en el texto constitucional vigente?\u201d. En Saffie, Francisco y Fa\u00fandez, Antonio (Coords.). <i>Derecho tributario constitucional: en tiempos de decisi\u00f3n de una nueva Constituci\u00f3n<\/i>. Valencia: Tirant lo Blanch, pp. 391-419 <\/span><span>(Fondecyt: editorial prestigio internacional)<\/span><\/p>\n<\/td>\n<\/tr>\n<tr>\n<td valign=\"top\" width=\"85\">\n<p class=\"MsoNormal\" align=\"left\"><span lang=\"ES\">2021<\/span><\/p>\n<\/td>\n<td valign=\"top\" width=\"508\">\n<p class=\"MsoNormal\"><span>Navarro Schiappacasse<\/span><span>, Mar\u00eda Pilar y <span>Canales Guti\u00e9rrez<\/span>, Andrea. \u201cInstrumentos tributarios para hacer frente a los efectos del COVID19\u201d. En <span>Rojas Calder\u00f3n<\/span>, Christian, <span>Ferrada B\u00f3rquez<\/span>, Juan Carlos y <span>M\u00e9ndez Ortiz<\/span>, Pablo (Coords.). <i>Derecho P\u00fablico y emergencia. Respuestas ante el COVID-19<\/i>, Santiago: Thomson Reuters, pp. 83-109 <\/span><span>(Fondecyt: editorial prestigio nacional)<\/span><\/p>\n<\/td>\n<\/tr>\n<tr>\n<td valign=\"top\" width=\"85\">\n<p class=\"MsoNormal\" align=\"left\"><span lang=\"ES\">2020<\/span><\/p>\n<\/td>\n<td valign=\"top\" width=\"508\">\n<p class=\"MsoNormal\"><span>Mayer<\/span><span>, Laura y <span>Navarro<\/span>, Mar\u00eda Pilar \u201c<\/span><a name=\"_Hlk44143304\"><\/a><span lang=\"X-NONE\">Compliance y criminalidad tributaria: un an\u00e1lisis a partir de la legislaci\u00f3n chilena<\/span><span>\u201d. En <span>Toso<\/span>, Angela, <span>Mayer<\/span>, Laura, y <span>Cordero<\/span>, Eduardo (Coords.). <i>Cumplimiento Normativo y Gesti\u00f3n de Riesgos Legales en la Empresa<\/i>. Valencia: Tirant lo Blanch, pp. 265-300 <\/span><span>(Fondecyt: editorial prestigio internacional)<\/span><\/p>\n<\/td>\n<\/tr>\n<tr>\n<td valign=\"top\" width=\"85\">\n<p class=\"MsoNormal\" align=\"left\"><span lang=\"ES\">2020<\/span><\/p>\n<\/td>\n<td valign=\"top\" width=\"508\">\n<p class=\"MsoNormal\"><span>Magasich Airola<\/span><span>, \u00c1lvaro y <span>Navarro Schiappacasse<\/span>, Mar\u00eda Pilar \u201cModificaciones a la Ley N\u00b0 20.732, sobre rebaja el Impuesto Territorial correspondiente a propiedades de adultos mayores vulnerables econ\u00f3micamente\u201d. En <span>Navarro Schiappacasse<\/span>, Mar\u00eda Pilar y <span>Magasich Airola<\/span>, \u00c1lvaro (Coords.). <i>Reforma Tributaria 2020: principales cambios<\/i>. Valencia: Tirant lo Blanch, pp. 355-381 (Fondecyt: editorial prestigio internacional)<\/span><\/p>\n<\/td>\n<\/tr>\n<tr>\n<td valign=\"top\" width=\"85\">\n<p class=\"MsoNormal\" align=\"left\"><span lang=\"ES\">2020<\/span><\/p>\n<\/td>\n<td valign=\"top\" width=\"508\">\n<p class=\"MsoNormal\"><span>Navarro Schiappacasse<\/span><span>, Mar\u00eda Pilar. <\/span><span>\u201cLos cambios al estatuto jur\u00eddico de las \u2018viviendas econ\u00f3micas\u2019 contempladas en el D.F.L N\u00b0 2, de 1959 y su car\u00e1cter de contrato ley\u201d. En <span>Navarro Schiappacasse<\/span>, Mar\u00eda Pilar y <span>Magasich Airola<\/span>, \u00c1lvaro (Coords.). <i>Reforma Tributaria 2020: principales cambios<\/i>. Valencia: Tirant lo Blanch, pp. 383-419 (Fondecyt: editorial prestigio internacional)<\/span><\/p>\n<\/td>\n<\/tr>\n<tr>\n<td valign=\"top\" width=\"85\">\n<p class=\"MsoNormal\" align=\"left\"><span lang=\"ES\">2020<\/span><\/p>\n<\/td>\n<td valign=\"top\" width=\"508\">\n<p class=\"MsoNormal\"><span>Navarro Schiappacasse<\/span><span>, Mar\u00eda Pilar. <\/span><span>\u201cLa consulta tributaria y la interpretaci\u00f3n administrativa en los casos de elusi\u00f3n fiscal: \u00bfuna redundancia normativa del legislador?\u201d. En <span>Fa\u00fandez<\/span>, Antonio y <span>Saffie<\/span>, Francisco (Dirs.). <i>Interpretaci\u00f3n de la ley tributaria.<\/i> Santiago: Thomson Reuters, pp. 117-141 (Fondecyt: editorial prestigio nacional)<\/span><\/p>\n<\/td>\n<\/tr>\n<tr>\n<td valign=\"top\" width=\"85\">\n<p class=\"MsoNormal\" align=\"left\"><span lang=\"ES\">2018<\/span><\/p>\n<p class=\"MsoNormal\" align=\"left\"><span lang=\"ES\">\u00a0<\/span><\/p>\n<\/td>\n<td valign=\"top\" width=\"508\">\n<p class=\"MsoNormal\"><a name=\"_Hlk535417224\"><\/a><span>Navarro Schiappacasse<\/span><span><span>, Mar\u00eda Pilar. <\/span><\/span><span><span lang=\"ES\">\u201cEl recurso al Derecho sancionatorio como mecanismo de lucha contra la elusi\u00f3n fiscal\u201d, e<\/span><\/span><span><span>n <span>Rozas Vald\u00e9s<\/span>, Jos\u00e9 Andr\u00e9s (Coord). <i>TransJus Working Papers Publications<\/i>. Working paper N\u00b0 1, pp. 87-98<\/span><\/span><\/p>\n<\/td>\n<\/tr>\n<\/tbody>\n<\/table>\n<p class=\"MsoNormal\"><span lang=\"ES\">\u00a0<\/span><\/p>\n<p class=\"MsoNormal\"><span lang=\"ES\">Columnas de Opini\u00f3n<\/span><\/p>\n<p class=\"MsoNormal\"><span lang=\"ES\">\u00a0<\/span><\/p>\n<p>&nbsp;<\/p>\n<table class=\"MsoTableSimple2\" border=\"0\" width=\"593\" cellspacing=\"0\" cellpadding=\"0\">\n<tbody>\n<tr>\n<td valign=\"top\" width=\"85\">\n<p class=\"MsoNormal\" align=\"left\"><span lang=\"ES\">2021<\/span><\/p>\n<\/td>\n<td valign=\"top\" width=\"508\">\n<p class=\"MsoNormal\"><span lang=\"ES-MX\">Canales<\/span><span lang=\"ES-MX\">, Andrea y <span>Navarro<\/span>, Mar\u00eda Pilar. \u201cDimensi\u00f3n econ\u00f3mica y jur\u00eddica del impuesto chileno a las emisiones de fuentes fijas contemplado en el art\u00edculo 8\u00b0 de la Ley N\u00b0 20.780\u201d. P\u00f3lemos. Portal Jur\u00eddico Interdisciplinario<\/span><\/p>\n<\/td>\n<\/tr>\n<tr>\n<td valign=\"top\" width=\"85\">\n<p class=\"MsoNormal\" align=\"left\"><span lang=\"ES\">2021<\/span><\/p>\n<\/td>\n<td valign=\"top\" width=\"508\">\n<p class=\"MsoNormal\"><span lang=\"ES-MX\">Navarro<\/span><span lang=\"ES-MX\">, Mar\u00eda Pilar y <span>Magasich<\/span>, \u00c1lvaro. \u201cElusi\u00f3n internacional: un enfoque interpretativo al fallo \u2018Molinos\u2019\u201d. Taxlatam<\/span><\/p>\n<\/td>\n<\/tr>\n<tr>\n<td valign=\"top\" width=\"85\">\n<p class=\"MsoNormal\" align=\"left\"><span lang=\"ES\">2021<\/span><\/p>\n<\/td>\n<td valign=\"top\" width=\"508\">\n<p class=\"MsoNormal\"><span lang=\"ES-MX\">\u201cDesaf\u00edos de las normas generales antielusi\u00f3n en Chile a casi seis a\u00f1os de su entrada en vigor\u201d. Taxlatam<\/span><\/p>\n<\/td>\n<\/tr>\n<tr>\n<td valign=\"top\" width=\"85\">\n<p class=\"MsoNormal\" align=\"left\"><span lang=\"ES\">2018<\/span><\/p>\n<\/td>\n<td valign=\"top\" width=\"508\">\n<p class=\"MsoNormal\"><span lang=\"ES\">\u201cLas luces y sombras de las modificaciones a la norma general antielusi\u00f3n\u201d. Mercurio Legal<\/span><\/p>\n<\/td>\n<\/tr>\n<tr>\n<td valign=\"top\" width=\"85\">\n<p class=\"MsoNormal\" align=\"left\"><span lang=\"ES\">2018<\/span><\/p>\n<p class=\"MsoNormal\" align=\"left\"><span lang=\"ES\">\u00a0<\/span><\/p>\n<\/td>\n<td valign=\"top\" width=\"508\">\n<p class=\"MsoNormal\"><span lang=\"ES\">\u201cPrecisando el debate en torno al il\u00edcito que sanciona al asesor tributario en el art\u00edculo 100 bis del C\u00f3digo Tributario\u201d. Mercurio Legal<\/span><\/p>\n<\/td>\n<\/tr>\n<\/tbody>\n<\/table>\n<p>Publicaciones:<\/p>\n<p class=\"MsoNormal\"><span lang=\"ES\">Libros<\/span><\/p>\n<table class=\"MsoTableSimple2\" border=\"0\" width=\"593\" cellspacing=\"0\" cellpadding=\"0\">\n<tbody>\n<tr>\n<td valign=\"top\" width=\"85\">\n<p class=\"MsoNormal\" align=\"left\"><span lang=\"ES\">2021<\/span><\/p>\n<\/td>\n<td valign=\"top\" width=\"508\">\n<p class=\"MsoNormal\"><span>Navarro Schiappacasse<\/span><span>, Mar\u00eda Pilar. <i>La norma general antielusi\u00f3n y su sanci\u00f3n en el Derecho chileno.<\/i> Valencia: Tirant lo Blanch, 504p. <\/span><\/p>\n<\/td>\n<\/tr>\n<tr>\n<td valign=\"top\" width=\"85\">\n<p class=\"MsoNormal\" align=\"left\"><span lang=\"ES\">2020<\/span><\/p>\n<\/td>\n<td valign=\"top\" width=\"508\">\n<p class=\"MsoNormal\"><span>Navarro Schiappacasse, <\/span><span>Mar\u00eda Pilar y Magasich Airola, \u00c1lvaro Pablo (Coords.). <i>Reforma Tributaria 2020: Principales Cambios<\/i>. Valencia: Tirant lo Blanch<\/span><\/p>\n<\/td>\n<\/tr>\n<tr>\n<td valign=\"top\" width=\"85\">\n<p class=\"MsoNormal\" align=\"left\"><span lang=\"ES\">2016<\/span><\/p>\n<\/td>\n<td valign=\"top\" width=\"508\">\n<p class=\"MsoNormal\"><span>Navarro Schiappacasse<\/span><span>, Mar\u00eda Pilar. <\/span><i><span lang=\"ES\">An\u00e1lisis cr\u00edtico de la norma antielusi\u00f3n chilena<\/span><\/i><span lang=\"ES\">. Documentos N\u00b0 19\/2016. Madrid: Instituto de Estudios Fiscales, 55p.<\/span><\/p>\n<\/td>\n<\/tr>\n<\/tbody>\n<\/table>\n<p class=\"MsoNormal\"><span lang=\"ES\">Art\u00edculos <\/span><\/p>\n<p class=\"MsoNormal\"><span lang=\"ES\">\u00a0<\/span><\/p>\n<table class=\"MsoTableSimple2\" border=\"0\" width=\"593\" cellspacing=\"0\" cellpadding=\"0\">\n<tbody>\n<tr>\n<td valign=\"top\" width=\"85\">\n<p class=\"MsoNormal\" align=\"left\"><span lang=\"ES\">2022<\/span><\/p>\n<\/td>\n<td valign=\"top\" width=\"508\">\n<p class=\"MsoNormal\"><span>Navarro Schiappacasse<\/span><span>, Mar\u00eda Pilar. <\/span><span lang=\"ES\">\u201cAcerca del car\u00e1cter objetivo de las normas generales antielusivas chilenas\u201d. <i>Ius et Praxis<\/i>, A\u00f1o 28, N\u00b0 1, Scopus. Q1, F.I. 0.458, pp. 141-161. DOI: <\/span><span>http:\/\/dx.doi.org\/10.4067\/S0718-00122022000100141\u00a0<\/span><\/p>\n<\/td>\n<\/tr>\n<tr>\n<td valign=\"top\" width=\"85\">\n<p class=\"MsoNormal\" align=\"left\"><span lang=\"ES\">2020<\/span><\/p>\n<\/td>\n<td valign=\"top\" width=\"508\">\n<p class=\"MsoNormal\"><span>Navarro Schiappacasse<\/span><span>, Mar\u00eda Pilar. \u201cProtecci\u00f3n del medio ambiente y Derecho tributario: una revisi\u00f3n de la Ley N\u00b0 21.210 en esta materia\u201d. <\/span><i><span lang=\"PT-BR\">Revista de Derecho Ambiental<\/span><\/i><span lang=\"PT-BR\">, N\u00b0 14, pp. 127-153. Scopus. Q3, F.I. 0.135, DOI: <\/span><span lang=\"PT-BR\">http:\/\/doi.org\/10.5354\/0719-4633.2020.53978<\/span><\/p>\n<\/td>\n<\/tr>\n<tr>\n<td valign=\"top\" width=\"85\">\n<p class=\"MsoNormal\" align=\"left\"><span lang=\"ES\">2020<\/span><\/p>\n<\/td>\n<td valign=\"top\" width=\"508\">\n<p class=\"MsoNormal\"><span>Navarro Schiappacasse, <\/span><span>Mar\u00eda Pilar. \u201cAn\u00e1lisis cr\u00edtico de la regulaci\u00f3n de la simulaci\u00f3n en el Derecho tributario chileno tras la Ley N\u00b0 20.780: correcta determinaci\u00f3n de la obligaci\u00f3n tributaria y aspectos sancionatorios\u201d. <\/span><i><span lang=\"PT-BR\">Nomos, Revista do Programa de P\u00f3s-Gradua\u00e7\u00e3o em Direito da Universidade Federal do Cear\u00e1<\/span><\/i><span lang=\"PT-BR\">, Vol. 40, N\u00b0 1, pp. 267-284. Sin indexaci\u00f3n<\/span><\/p>\n<\/td>\n<\/tr>\n<tr>\n<td valign=\"top\" width=\"85\">\n<p class=\"MsoNormal\" align=\"left\"><span lang=\"ES\">2020<\/span><\/p>\n<\/td>\n<td valign=\"top\" width=\"508\">\n<p class=\"MsoNormal\"><span>Navarro Schiappacasse<\/span><span>, Mar\u00eda Pilar. <\/span><span lang=\"X-NONE\">\u201c<\/span><span>Particularidades de l<\/span><span lang=\"X-NONE\">a prescripci\u00f3n en los supuestos de abuso de las formas jur\u00eddicas y simulaci\u00f3n en el<\/span> <span lang=\"X-NONE\">C\u00f3digo Tributario chileno\u201d. <i>Revista de Derecho (<\/i><\/span><i><span lang=\"PT-BR\">Coquimbo<\/span><\/i><i><span lang=\"X-NONE\">)<\/span><\/i><span lang=\"PT-BR\">, Vol.<span>\u00a0 <\/span>27, e4467. Scielo. DOI: https:\/\/doi.org\/10.22199\/issn.0718-9753-2020-0014 <\/span><\/p>\n<\/td>\n<\/tr>\n<tr>\n<td valign=\"top\" width=\"85\">\n<p class=\"MsoNormal\" align=\"left\"><span lang=\"ES\">2019<\/span><\/p>\n<\/td>\n<td valign=\"top\" width=\"508\">\n<p class=\"MsoNormal\"><span>Navarro Schiappacasse<\/span><span>, Mar\u00eda Pilar. \u201cLa sanci\u00f3n chilena al asesor tributario supuestos de abuso o simulaci\u00f3n\u201d.<i> <\/i><\/span><i><span lang=\"PT-BR\">Revista de Derecho (Valdivia)<\/span><\/i><span lang=\"PT-BR\">, Vol. 32, N\u00b0 2, pp. 231-250. Scopus. Q3, F.I. 0.194, DOI: 10.4067\/S0718-09502019000200231<\/span><\/p>\n<\/td>\n<\/tr>\n<tr>\n<td valign=\"top\" width=\"85\">\n<p class=\"MsoNormal\" align=\"left\"><span lang=\"ES\">2019<\/span><\/p>\n<\/td>\n<td valign=\"top\" width=\"508\">\n<p class=\"MsoNormal\"><a name=\"_Hlk66099485\"><\/a><span>Navarro Schiappacasse<\/span><span><span>, Mar\u00eda Pilar. \u201cE<\/span><\/span><span><span lang=\"X-NONE\">l impuesto sobre las emisiones de fuentes fijas y su inserci\u00f3n en el sistema tributario chileno<\/span><\/span><span><span>\u201d. <\/span><\/span><span><i><span lang=\"PT-BR\">Revista de Derecho (Valpara\u00edso)<\/span><\/i><\/span><span><span lang=\"PT-BR\">, N\u00b0 52, pp. 195-224. Scielo<\/span><\/span><span lang=\"PT-BR\">. DOI: http:\/\/doi.org\/10.4151\/ISSN.07186851-Vol.52-Num.0-Fulltext.1235<\/span><\/p>\n<\/td>\n<\/tr>\n<tr>\n<td valign=\"top\" width=\"85\">\n<p class=\"MsoNormal\" align=\"left\"><span lang=\"ES\">2019<\/span><\/p>\n<p class=\"MsoNormal\" align=\"left\"><span lang=\"ES\">\u00a0<\/span><\/p>\n<\/td>\n<td valign=\"top\" width=\"508\">\n<p class=\"MsoNormal\"><a name=\"_Hlk534815944\"><\/a><span>Navarro Schiappacasse<\/span><span><span>, Mar\u00eda Pilar. <\/span><\/span><span><span lang=\"ES\">\u201cLa inconstitucionalidad de la sanci\u00f3n a la elusi\u00f3n fiscal: una revisi\u00f3n cr\u00edtica de sus fundamentos\u201d. <i>Estudios Financieros.<\/i> <i>Revista de Contabilidad y Tributaci\u00f3n. CEF (Espa\u00f1a)<\/i>, N\u00b0 432, pp. 147-186<\/span><\/span><span lang=\"ES\">. Latindex<\/span><\/p>\n<\/td>\n<\/tr>\n<tr>\n<td valign=\"top\" width=\"85\">\n<p class=\"MsoNormal\" align=\"left\"><span>2018<\/span><\/p>\n<\/td>\n<td valign=\"top\" width=\"508\">\n<p class=\"MsoNormal\"><a name=\"_Hlk534816033\"><\/a><span>Navarro Schiappacasse<\/span><span><span>, Mar\u00eda Pilar.<\/span><\/span><span><span lang=\"X-NONE\">\u201cLa evoluci\u00f3n en la jurisprudencia de la Corte Suprema en la concepci\u00f3n de la elusi\u00f3n<\/span><\/span><span><span> fiscal\u201d. <i>Revista de Estudios Tributarios<\/i>, N\u00b0 20<\/span><\/span><span>, pp. 169-191. Sin indexaci\u00f3n<\/span><\/p>\n<\/td>\n<\/tr>\n<\/tbody>\n<\/table>\n<p class=\"MsoNormal\"><span lang=\"ES\">\u00a0<\/span><\/p>\n<p class=\"MsoNormal\"><span lang=\"ES\">Cap\u00edtulos de libro<\/span><\/p>\n<p class=\"MsoNormal\"><span lang=\"ES\">\u00a0<\/span><\/p>\n<table class=\"MsoTableSimple2\" border=\"0\" width=\"593\" cellspacing=\"0\" cellpadding=\"0\">\n<tbody>\n<tr>\n<td valign=\"top\" width=\"85\">\n<p class=\"MsoNormal\" align=\"left\"><span lang=\"ES\">Aceptado<\/span><\/p>\n<\/td>\n<td valign=\"top\" width=\"508\">\n<p class=\"MsoNormal\"><span>Navarro Schiappacasse<\/span><span>, Mar\u00eda Pilar. <\/span><span>\u201c<\/span><span lang=\"ES\">La sanci\u00f3n en los supuestos de elusi\u00f3n tributaria en la era BEPS: una visi\u00f3n <\/span><span>comparada entre Chile y Espa\u00f1a\u201d. En Facultad de Ciencias Jur\u00eddicas de la Universidad Austral de Chile (Ed.). <i>Elusi\u00f3n y otros temas actuales de Derecho Tributario<\/i>. Valencia: Tirant lo Blanch (Fondecyt: editorial prestigio internacional)<\/span><\/p>\n<\/td>\n<\/tr>\n<tr>\n<td valign=\"top\" width=\"85\">\n<p class=\"MsoNormal\" align=\"left\"><span lang=\"ES\">En prensa<\/span><\/p>\n<\/td>\n<td valign=\"top\" width=\"508\">\n<p class=\"MsoNormal\"><span lang=\"ES\">Navarro Schiappacasse, <\/span><span lang=\"ES\">Mar\u00eda Pilar \u201cNormas generales antielusi\u00f3n y derechos de los contribuyentes\u201d. <\/span><span lang=\"ES\">Elusi\u00f3n fiscal y Pol\u00edtica tributaria. Valencia: Tirant lo Blanch (III Jornadas Acad\u00e9micas de Derecho Tributario) <\/span><span>(Fondecyt: editorial prestigio internacional)<\/span><\/p>\n<\/td>\n<\/tr>\n<tr>\n<td valign=\"top\" width=\"85\">\n<p class=\"MsoNormal\" align=\"left\"><span lang=\"ES\">2022<\/span><\/p>\n<\/td>\n<td valign=\"top\" width=\"508\">\n<p class=\"MsoNormal\"><span lang=\"ES\">Navarro Schiappacasse, <\/span><span lang=\"ES\">Mar\u00eda Pilar. \u201cAlgunas notas acerca de los tributos que gravan emisiones contaminantes del aire en Chile\u201d. En Bola\u00f1os, Luc\u00eda (Ed.). <i>Derecho Tributario Ambiental: por un medio ambiente sano<\/i>. Bogot\u00e1 <\/span><\/p>\n<\/td>\n<\/tr>\n<tr>\n<td valign=\"top\" width=\"85\">\n<p class=\"MsoNormal\" align=\"left\"><span lang=\"ES\">2022<\/span><\/p>\n<\/td>\n<td valign=\"top\" width=\"508\">\n<p class=\"MsoNormal\"><span lang=\"ES\">Navarro Schiappacasse<\/span><span lang=\"ES\">. \u201cTecnolog\u00eda e impuestos: la estrecha vinculaci\u00f3n en los impuestos que gravan emisiones atmosf\u00e9ricas en Chile\u201d. En Alonso Gonz\u00e1lez, Luis Manuel (Ed.). <i>Tecnolog\u00eda y fiscalidad en el siglo XXI<\/i>, Barcelona: Atelier <\/span><\/p>\n<\/td>\n<\/tr>\n<tr>\n<td valign=\"top\" width=\"85\">\n<p class=\"MsoNormal\" align=\"left\"><span lang=\"ES\">2022<\/span><\/p>\n<\/td>\n<td valign=\"top\" width=\"508\">\n<p class=\"MsoNormal\"><span lang=\"ES\">Navarro Schiappacasse, <\/span><span lang=\"ES\">Mar\u00eda Pilar<span>. \u201c<\/span>Algunas reflexiones en torno al principio de no afectaci\u00f3n de cara al proceso constituyente\u201d. En VVAA. <i>La Constituci\u00f3n Financiera de Chile: Diagn\u00f3stico y propuestas para una descentralizaci\u00f3n fiscal real<\/i>. Valencia: Tirant lo Blanch, pp. 217-249 <\/span><span>(Fondecyt: editorial prestigio internacional)<\/span><\/p>\n<\/td>\n<\/tr>\n<tr>\n<td valign=\"top\" width=\"85\">\n<p class=\"MsoNormal\" align=\"left\"><span lang=\"ES\">2022<\/span><\/p>\n<\/td>\n<td valign=\"top\" width=\"508\">\n<p class=\"MsoNormal\"><span lang=\"ES\">Navarro Schiappacasse, <\/span><span lang=\"ES\">Mar\u00eda Pilar y<span> Riestra L\u00f3pez, <\/span>Sebasti\u00e1n<span> \u201c<\/span>La potestad tributaria derivada de las Municipalidades: el caso de los cobros de derechos de aseo por motivos ambientales\u201d. En VVAA. <i>La Constituci\u00f3n Financiera de Chile: Diagn\u00f3stico y propuestas para una descentralizaci\u00f3n fiscal real<\/i>, Valencia: Tirant lo Blanch, pp. 113-144 <\/span><span>(Fondecyt: editorial prestigio internacional)<\/span><\/p>\n<\/td>\n<\/tr>\n<tr>\n<td valign=\"top\" width=\"85\">\n<p class=\"MsoNormal\" align=\"left\"><span lang=\"ES\">2021<\/span><\/p>\n<\/td>\n<td valign=\"top\" width=\"508\">\n<p class=\"MsoNormal\"><span>Navarro Schiappacasse<\/span><span>, Mar\u00eda Pilar. \u201cExtrafiscalidad de car\u00e1cter ambiental \u00bftiene cabida en el texto constitucional vigente?\u201d. En Saffie, Francisco y Fa\u00fandez, Antonio (Coords.). <i>Derecho tributario constitucional: en tiempos de decisi\u00f3n de una nueva Constituci\u00f3n<\/i>. Valencia: Tirant lo Blanch, pp. 391-419 <\/span><span>(Fondecyt: editorial prestigio internacional)<\/span><\/p>\n<\/td>\n<\/tr>\n<tr>\n<td valign=\"top\" width=\"85\">\n<p class=\"MsoNormal\" align=\"left\"><span lang=\"ES\">2021<\/span><\/p>\n<\/td>\n<td valign=\"top\" width=\"508\">\n<p class=\"MsoNormal\"><span>Navarro Schiappacasse<\/span><span>, Mar\u00eda Pilar y <span>Canales Guti\u00e9rrez<\/span>, Andrea. \u201cInstrumentos tributarios para hacer frente a los efectos del COVID19\u201d. En <span>Rojas Calder\u00f3n<\/span>, Christian, <span>Ferrada B\u00f3rquez<\/span>, Juan Carlos y <span>M\u00e9ndez Ortiz<\/span>, Pablo (Coords.). <i>Derecho P\u00fablico y emergencia. Respuestas ante el COVID-19<\/i>, Santiago: Thomson Reuters, pp. 83-109 <\/span><span>(Fondecyt: editorial prestigio nacional)<\/span><\/p>\n<\/td>\n<\/tr>\n<tr>\n<td valign=\"top\" width=\"85\">\n<p class=\"MsoNormal\" align=\"left\"><span lang=\"ES\">2020<\/span><\/p>\n<\/td>\n<td valign=\"top\" width=\"508\">\n<p class=\"MsoNormal\"><span>Mayer<\/span><span>, Laura y <span>Navarro<\/span>, Mar\u00eda Pilar \u201c<\/span><a name=\"_Hlk44143304\"><\/a><span lang=\"X-NONE\">Compliance y criminalidad tributaria: un an\u00e1lisis a partir de la legislaci\u00f3n chilena<\/span><span>\u201d. En <span>Toso<\/span>, Angela, <span>Mayer<\/span>, Laura, y <span>Cordero<\/span>, Eduardo (Coords.). <i>Cumplimiento Normativo y Gesti\u00f3n de Riesgos Legales en la Empresa<\/i>. Valencia: Tirant lo Blanch, pp. 265-300 <\/span><span>(Fondecyt: editorial prestigio internacional)<\/span><\/p>\n<\/td>\n<\/tr>\n<tr>\n<td valign=\"top\" width=\"85\">\n<p class=\"MsoNormal\" align=\"left\"><span lang=\"ES\">2020<\/span><\/p>\n<\/td>\n<td valign=\"top\" width=\"508\">\n<p class=\"MsoNormal\"><span>Magasich Airola<\/span><span>, \u00c1lvaro y <span>Navarro Schiappacasse<\/span>, Mar\u00eda Pilar \u201cModificaciones a la Ley N\u00b0 20.732, sobre rebaja el Impuesto Territorial correspondiente a propiedades de adultos mayores vulnerables econ\u00f3micamente\u201d. En <span>Navarro Schiappacasse<\/span>, Mar\u00eda Pilar y <span>Magasich Airola<\/span>, \u00c1lvaro (Coords.). <i>Reforma Tributaria 2020: principales cambios<\/i>. Valencia: Tirant lo Blanch, pp. 355-381 (Fondecyt: editorial prestigio internacional)<\/span><\/p>\n<\/td>\n<\/tr>\n<tr>\n<td valign=\"top\" width=\"85\">\n<p class=\"MsoNormal\" align=\"left\"><span lang=\"ES\">2020<\/span><\/p>\n<\/td>\n<td valign=\"top\" width=\"508\">\n<p class=\"MsoNormal\"><span>Navarro Schiappacasse<\/span><span>, Mar\u00eda Pilar. <\/span><span>\u201cLos cambios al estatuto jur\u00eddico de las \u2018viviendas econ\u00f3micas\u2019 contempladas en el D.F.L N\u00b0 2, de 1959 y su car\u00e1cter de contrato ley\u201d. En <span>Navarro Schiappacasse<\/span>, Mar\u00eda Pilar y <span>Magasich Airola<\/span>, \u00c1lvaro (Coords.). <i>Reforma Tributaria 2020: principales cambios<\/i>. Valencia: Tirant lo Blanch, pp. 383-419 (Fondecyt: editorial prestigio internacional)<\/span><\/p>\n<\/td>\n<\/tr>\n<tr>\n<td valign=\"top\" width=\"85\">\n<p class=\"MsoNormal\" align=\"left\"><span lang=\"ES\">2020<\/span><\/p>\n<\/td>\n<td valign=\"top\" width=\"508\">\n<p class=\"MsoNormal\"><span>Navarro Schiappacasse<\/span><span>, Mar\u00eda Pilar. <\/span><span>\u201cLa consulta tributaria y la interpretaci\u00f3n administrativa en los casos de elusi\u00f3n fiscal: \u00bfuna redundancia normativa del legislador?\u201d. En <span>Fa\u00fandez<\/span>, Antonio y <span>Saffie<\/span>, Francisco (Dirs.). <i>Interpretaci\u00f3n de la ley tributaria.<\/i> Santiago: Thomson Reuters, pp. 117-141 (Fondecyt: editorial prestigio nacional)<\/span><\/p>\n<\/td>\n<\/tr>\n<tr>\n<td valign=\"top\" width=\"85\">\n<p class=\"MsoNormal\" align=\"left\"><span lang=\"ES\">2018<\/span><\/p>\n<p class=\"MsoNormal\" align=\"left\"><span lang=\"ES\">\u00a0<\/span><\/p>\n<\/td>\n<td valign=\"top\" width=\"508\">\n<p class=\"MsoNormal\"><a name=\"_Hlk535417224\"><\/a><span>Navarro Schiappacasse<\/span><span><span>, Mar\u00eda Pilar. <\/span><\/span><span><span lang=\"ES\">\u201cEl recurso al Derecho sancionatorio como mecanismo de lucha contra la elusi\u00f3n fiscal\u201d, e<\/span><\/span><span><span>n <span>Rozas Vald\u00e9s<\/span>, Jos\u00e9 Andr\u00e9s (Coord). <i>TransJus Working Papers Publications<\/i>. Working paper N\u00b0 1, pp. 87-98<\/span><\/span><\/p>\n<\/td>\n<\/tr>\n<\/tbody>\n<\/table>\n<p class=\"MsoNormal\"><span lang=\"ES\">\u00a0<\/span><\/p>\n<p class=\"MsoNormal\"><span lang=\"ES\">Columnas de Opini\u00f3n<\/span><\/p>\n<p class=\"MsoNormal\"><span lang=\"ES\">\u00a0<\/span><\/p>\n<p>&nbsp;<\/p>\n<table class=\"MsoTableSimple2\" border=\"0\" width=\"593\" cellspacing=\"0\" cellpadding=\"0\">\n<tbody>\n<tr>\n<td valign=\"top\" width=\"85\">\n<p class=\"MsoNormal\" align=\"left\"><span lang=\"ES\">2021<\/span><\/p>\n<\/td>\n<td valign=\"top\" width=\"508\">\n<p class=\"MsoNormal\"><span lang=\"ES-MX\">Canales<\/span><span lang=\"ES-MX\">, Andrea y <span>Navarro<\/span>, Mar\u00eda Pilar. \u201cDimensi\u00f3n econ\u00f3mica y jur\u00eddica del impuesto chileno a las emisiones de fuentes fijas contemplado en el art\u00edculo 8\u00b0 de la Ley N\u00b0 20.780\u201d. P\u00f3lemos. Portal Jur\u00eddico Interdisciplinario<\/span><\/p>\n<\/td>\n<\/tr>\n<tr>\n<td valign=\"top\" width=\"85\">\n<p class=\"MsoNormal\" align=\"left\"><span lang=\"ES\">2021<\/span><\/p>\n<\/td>\n<td valign=\"top\" width=\"508\">\n<p class=\"MsoNormal\"><span lang=\"ES-MX\">Navarro<\/span><span lang=\"ES-MX\">, Mar\u00eda Pilar y <span>Magasich<\/span>, \u00c1lvaro. \u201cElusi\u00f3n internacional: un enfoque interpretativo al fallo \u2018Molinos\u2019\u201d. Taxlatam<\/span><\/p>\n<\/td>\n<\/tr>\n<tr>\n<td valign=\"top\" width=\"85\">\n<p class=\"MsoNormal\" align=\"left\"><span lang=\"ES\">2021<\/span><\/p>\n<\/td>\n<td valign=\"top\" width=\"508\">\n<p class=\"MsoNormal\"><span lang=\"ES-MX\">\u201cDesaf\u00edos de las normas generales antielusi\u00f3n en Chile a casi seis a\u00f1os de su entrada en vigor\u201d. Taxlatam<\/span><\/p>\n<\/td>\n<\/tr>\n<tr>\n<td valign=\"top\" width=\"85\">\n<p class=\"MsoNormal\" align=\"left\"><span lang=\"ES\">2018<\/span><\/p>\n<\/td>\n<td valign=\"top\" width=\"508\">\n<p class=\"MsoNormal\"><span lang=\"ES\">\u201cLas luces y sombras de las modificaciones a la norma general antielusi\u00f3n\u201d. Mercurio Legal<\/span><\/p>\n<\/td>\n<\/tr>\n<tr>\n<td valign=\"top\" width=\"85\">\n<p class=\"MsoNormal\" align=\"left\"><span lang=\"ES\">2018<\/span><\/p>\n<p class=\"MsoNormal\" align=\"left\"><span lang=\"ES\">\u00a0<\/span><\/p>\n<\/td>\n<td valign=\"top\" width=\"508\">\n<p class=\"MsoNormal\"><span lang=\"ES\">\u201cPrecisando el debate en torno al il\u00edcito que sanciona al asesor tributario en el art\u00edculo 100 bis del C\u00f3digo Tributario\u201d. Mercurio Legal<\/span><\/p>\n<\/td>\n<\/tr>\n<\/tbody>\n<\/table><\/div>\n<\/p><\/div>\n<\/div>\n","_links":{"self":[{"href":"https:\/\/derecho.udd.cl\/doctorado\/wp-json\/wp\/v2\/people\/698","targetHints":{"allow":["GET"]}}],"collection":[{"href":"https:\/\/derecho.udd.cl\/doctorado\/wp-json\/wp\/v2\/people"}],"about":[{"href":"https:\/\/derecho.udd.cl\/doctorado\/wp-json\/wp\/v2\/types\/person"}],"author":[{"embeddable":true,"href":"https:\/\/derecho.udd.cl\/doctorado\/wp-json\/wp\/v2\/users\/72"}],"version-history":[{"count":1,"href":"https:\/\/derecho.udd.cl\/doctorado\/wp-json\/wp\/v2\/people\/698\/revisions"}],"predecessor-version":[{"id":1300,"href":"https:\/\/derecho.udd.cl\/doctorado\/wp-json\/wp\/v2\/people\/698\/revisions\/1300"}],"wp:featuredmedia":[{"embeddable":true,"href":"https:\/\/derecho.udd.cl\/doctorado\/wp-json\/wp\/v2\/media\/696"}],"wp:attachment":[{"href":"https:\/\/derecho.udd.cl\/doctorado\/wp-json\/wp\/v2\/media?parent=698"}],"wp:term":[{"taxonomy":"people_tax","embeddable":true,"href":"https:\/\/derecho.udd.cl\/doctorado\/wp-json\/wp\/v2\/people_tax?post=698"}],"curies":[{"name":"wp","href":"https:\/\/api.w.org\/{rel}","templated":true}]}}