{"id":642,"date":"2022-11-04T13:43:15","date_gmt":"2022-11-04T13:43:15","guid":{"rendered":"https:\/\/derecho.udd.cl\/doctorado\/?post_type=person&#038;p=642"},"modified":"2026-04-17T12:57:06","modified_gmt":"2026-04-17T16:57:06","slug":"pedro-goic-martinic","status":"publish","type":"person","link":"https:\/\/derecho.udd.cl\/doctorado\/persona\/pedro-goic-martinic\/","title":{"rendered":"Pedro  Goic Martinic"},"content":{"rendered":"<p><strong><span>Otros:<\/span><\/strong><\/p>\n<p>Publicaciones:<\/p>\n<p class=\"MsoListParagraphCxSpFirst\"><!-- [if !supportLists]--><span><span>\u00b7<span>\u00a0\u00a0\u00a0\u00a0\u00a0\u00a0 <\/span><\/span><\/span><!--[endif]-->GOIC MARTINIC, PEDRO (2021) Protecci\u00f3n del patrimonio cultural de Ucrania, Editorial, en Revista Chilena de Derecho y Ciencia Pol\u00edtica, Vol. 13, N\u00fam. 1 (Temuco) pp. 8-9.<\/p>\n<p class=\"MsoListParagraphCxSpMiddle\"><!-- [if !supportLists]--><span><span>\u00b7<span>\u00a0\u00a0\u00a0\u00a0\u00a0\u00a0 <\/span><\/span><\/span><!--[endif]-->GOIC MARTINIC, PEDRO (2021) Respeto a los derechos ling\u00fcisticos, Editorial, en Revista Chilena de Derecho y Ciencia Pol\u00edtica, Vol. 12, N\u00fam. 1 (Temuco) pp. 8-9.<\/p>\n<p class=\"MsoListParagraphCxSpMiddle\"><!-- [if !supportLists]--><span><span>\u00b7<span>\u00a0\u00a0\u00a0\u00a0\u00a0\u00a0 <\/span><\/span><\/span><!--[endif]-->GOIC MARTINIC, PEDRO; VECCHIO, ANTONIO Y VIGLIANISI FERRARO, ANGELO (2021) \u00bfqu\u00e9 perspectivas tienen los derechos de autor en la era blockchain?, en Direito digital: direito privado e internet &#8211; 4a ed (portugu\u00eas) capa comum \u2013 27 abril 2021.<\/p>\n<p class=\"MsoListParagraphCxSpMiddle\"><!-- [if !supportLists]--><span><span>\u00b7<span>\u00a0\u00a0\u00a0\u00a0\u00a0\u00a0 <\/span><\/span><\/span><!--[endif]-->GOIC MARTINIC, PEDRO (2017): \u201cLas medidas cautelares como instrumento para asegurar la par conditio elettorale\u201d, en \u201ct\u00e9cnicas de decisi\u00f3n judicial\u201d &#8211; Convenio Universit\u00e1 di Siena \u2013 Tribunal electoral de M\u00e9xico. (en prensa).<\/p>\n<p class=\"MsoListParagraphCxSpMiddle\"><!-- [if !supportLists]--><span><span>\u00b7<span>\u00a0\u00a0\u00a0\u00a0\u00a0\u00a0 <\/span><\/span><\/span><!--[endif]-->GOIC MARTINIC, Pedro (2015): Recensi\u00f3n de \u201cEl Producto defectuoso en la ley 19.496\u201d (Erika Isler Soto, Santiago de Chile, Editorial Librotecnia, 2013) 274 pp., Ars Boni Et Aequi (A\u00f1o 11, N\u00b01) pp. 157- 159.<\/p>\n<p class=\"MsoListParagraphCxSpLast\"><!-- [if !supportLists]--><span><span>\u00b7<span>\u00a0\u00a0\u00a0\u00a0\u00a0\u00a0 <\/span><\/span><\/span><!--[endif]-->GOIC MARTINIC, Pedro (2014): \u201cAcci\u00f3n posesoria contra obras que corrompan el aire\u201d, en KOEHLER, Cristine y GORMAZ, Alejandra, Estudos de direito ambiental e urbanismo (Brasil, Multideia Editora) pp. 73-90.<\/p>\n","protected":false},"author":72,"featured_media":646,"template":"","people_tax":[3],"class_list":["post-642","person","type-person","status-publish","has-post-thumbnail","hentry","people_tax-doctorado"],"yoast_head":"<!-- This site is optimized with the Yoast SEO plugin v26.9 - https:\/\/yoast.com\/product\/yoast-seo-wordpress\/ -->\n<title>Pedro Goic Martinic - DOCTORADO EN DERECHO<\/title>\n<meta name=\"robots\" content=\"index, follow, max-snippet:-1, max-image-preview:large, max-video-preview:-1\" \/>\n<link rel=\"canonical\" href=\"https:\/\/derecho.udd.cl\/doctorado\/persona\/pedro-goic-martinic\/\" \/>\n<meta property=\"og:locale\" content=\"es_ES\" \/>\n<meta property=\"og:type\" content=\"article\" \/>\n<meta property=\"og:title\" content=\"Pedro Goic Martinic - DOCTORADO EN DERECHO\" \/>\n<meta property=\"og:description\" content=\"Otros: Publicaciones: \u00b7\u00a0\u00a0\u00a0\u00a0\u00a0\u00a0 GOIC MARTINIC, PEDRO (2021) Protecci\u00f3n del patrimonio cultural de Ucrania, Editorial, en Revista Chilena de Derecho y Ciencia Pol\u00edtica, Vol. 13, N\u00fam. 1 (Temuco) pp. 8-9. \u00b7\u00a0\u00a0\u00a0\u00a0\u00a0\u00a0 GOIC MARTINIC, PEDRO (2021) Respeto a los derechos ling\u00fcisticos, Editorial, en Revista Chilena de Derecho y Ciencia Pol\u00edtica, Vol. 12, N\u00fam. 1 (Temuco) pp. 8-9. [&hellip;]\" \/>\n<meta property=\"og:url\" content=\"https:\/\/derecho.udd.cl\/doctorado\/persona\/pedro-goic-martinic\/\" \/>\n<meta property=\"og:site_name\" content=\"DOCTORADO EN DERECHO\" \/>\n<meta property=\"article:modified_time\" content=\"2026-04-17T16:57:06+00:00\" \/>\n<meta property=\"og:image\" content=\"https:\/\/derecho.udd.cl\/doctorado\/files\/2022\/11\/pedro-goic-martinic-1-scaled.jpg\" \/>\n\t<meta property=\"og:image:width\" content=\"1706\" \/>\n\t<meta property=\"og:image:height\" content=\"2560\" \/>\n\t<meta property=\"og:image:type\" content=\"image\/jpeg\" \/>\n<meta name=\"twitter:card\" content=\"summary_large_image\" \/>\n<script type=\"application\/ld+json\" class=\"yoast-schema-graph\">{\"@context\":\"https:\/\/schema.org\",\"@graph\":[{\"@type\":\"WebPage\",\"@id\":\"https:\/\/derecho.udd.cl\/doctorado\/persona\/pedro-goic-martinic\/\",\"url\":\"https:\/\/derecho.udd.cl\/doctorado\/persona\/pedro-goic-martinic\/\",\"name\":\"Pedro Goic Martinic - DOCTORADO EN DERECHO\",\"isPartOf\":{\"@id\":\"https:\/\/derecho.udd.cl\/doctorado\/#website\"},\"primaryImageOfPage\":{\"@id\":\"https:\/\/derecho.udd.cl\/doctorado\/persona\/pedro-goic-martinic\/#primaryimage\"},\"image\":{\"@id\":\"https:\/\/derecho.udd.cl\/doctorado\/persona\/pedro-goic-martinic\/#primaryimage\"},\"thumbnailUrl\":\"https:\/\/derecho.udd.cl\/doctorado\/files\/2022\/11\/pedro-goic-martinic-1-scaled.jpg\",\"datePublished\":\"2022-11-04T13:43:15+00:00\",\"dateModified\":\"2026-04-17T16:57:06+00:00\",\"breadcrumb\":{\"@id\":\"https:\/\/derecho.udd.cl\/doctorado\/persona\/pedro-goic-martinic\/#breadcrumb\"},\"inLanguage\":\"es\",\"potentialAction\":[{\"@type\":\"ReadAction\",\"target\":[\"https:\/\/derecho.udd.cl\/doctorado\/persona\/pedro-goic-martinic\/\"]}]},{\"@type\":\"ImageObject\",\"inLanguage\":\"es\",\"@id\":\"https:\/\/derecho.udd.cl\/doctorado\/persona\/pedro-goic-martinic\/#primaryimage\",\"url\":\"https:\/\/derecho.udd.cl\/doctorado\/files\/2022\/11\/pedro-goic-martinic-1-scaled.jpg\",\"contentUrl\":\"https:\/\/derecho.udd.cl\/doctorado\/files\/2022\/11\/pedro-goic-martinic-1-scaled.jpg\",\"width\":1706,\"height\":2560},{\"@type\":\"BreadcrumbList\",\"@id\":\"https:\/\/derecho.udd.cl\/doctorado\/persona\/pedro-goic-martinic\/#breadcrumb\",\"itemListElement\":[{\"@type\":\"ListItem\",\"position\":1,\"name\":\"Portada\",\"item\":\"https:\/\/derecho.udd.cl\/doctorado\/\"},{\"@type\":\"ListItem\",\"position\":2,\"name\":\"Personas\",\"item\":\"https:\/\/derecho.udd.cl\/doctorado\/persona\/\"},{\"@type\":\"ListItem\",\"position\":3,\"name\":\"Pedro Goic Martinic\"}]},{\"@type\":\"WebSite\",\"@id\":\"https:\/\/derecho.udd.cl\/doctorado\/#website\",\"url\":\"https:\/\/derecho.udd.cl\/doctorado\/\",\"name\":\"DOCTORADO EN DERECHO\",\"description\":\"Facultad de Derecho UDD\",\"inLanguage\":\"es\"}]}<\/script>\n<!-- \/ Yoast SEO plugin. -->","yoast_head_json":{"title":"Pedro Goic Martinic - DOCTORADO EN DERECHO","robots":{"index":"index","follow":"follow","max-snippet":"max-snippet:-1","max-image-preview":"max-image-preview:large","max-video-preview":"max-video-preview:-1"},"canonical":"https:\/\/derecho.udd.cl\/doctorado\/persona\/pedro-goic-martinic\/","og_locale":"es_ES","og_type":"article","og_title":"Pedro Goic Martinic - DOCTORADO EN DERECHO","og_description":"Otros: Publicaciones: \u00b7\u00a0\u00a0\u00a0\u00a0\u00a0\u00a0 GOIC MARTINIC, PEDRO (2021) Protecci\u00f3n del patrimonio cultural de Ucrania, Editorial, en Revista Chilena de Derecho y Ciencia Pol\u00edtica, Vol. 13, N\u00fam. 1 (Temuco) pp. 8-9. \u00b7\u00a0\u00a0\u00a0\u00a0\u00a0\u00a0 GOIC MARTINIC, PEDRO (2021) Respeto a los derechos ling\u00fcisticos, Editorial, en Revista Chilena de Derecho y Ciencia Pol\u00edtica, Vol. 12, N\u00fam. 1 (Temuco) pp. 8-9. [&hellip;]","og_url":"https:\/\/derecho.udd.cl\/doctorado\/persona\/pedro-goic-martinic\/","og_site_name":"DOCTORADO EN DERECHO","article_modified_time":"2026-04-17T16:57:06+00:00","og_image":[{"width":1706,"height":2560,"url":"https:\/\/derecho.udd.cl\/doctorado\/files\/2022\/11\/pedro-goic-martinic-1-scaled.jpg","type":"image\/jpeg"}],"twitter_card":"summary_large_image","schema":{"@context":"https:\/\/schema.org","@graph":[{"@type":"WebPage","@id":"https:\/\/derecho.udd.cl\/doctorado\/persona\/pedro-goic-martinic\/","url":"https:\/\/derecho.udd.cl\/doctorado\/persona\/pedro-goic-martinic\/","name":"Pedro Goic Martinic - DOCTORADO EN DERECHO","isPartOf":{"@id":"https:\/\/derecho.udd.cl\/doctorado\/#website"},"primaryImageOfPage":{"@id":"https:\/\/derecho.udd.cl\/doctorado\/persona\/pedro-goic-martinic\/#primaryimage"},"image":{"@id":"https:\/\/derecho.udd.cl\/doctorado\/persona\/pedro-goic-martinic\/#primaryimage"},"thumbnailUrl":"https:\/\/derecho.udd.cl\/doctorado\/files\/2022\/11\/pedro-goic-martinic-1-scaled.jpg","datePublished":"2022-11-04T13:43:15+00:00","dateModified":"2026-04-17T16:57:06+00:00","breadcrumb":{"@id":"https:\/\/derecho.udd.cl\/doctorado\/persona\/pedro-goic-martinic\/#breadcrumb"},"inLanguage":"es","potentialAction":[{"@type":"ReadAction","target":["https:\/\/derecho.udd.cl\/doctorado\/persona\/pedro-goic-martinic\/"]}]},{"@type":"ImageObject","inLanguage":"es","@id":"https:\/\/derecho.udd.cl\/doctorado\/persona\/pedro-goic-martinic\/#primaryimage","url":"https:\/\/derecho.udd.cl\/doctorado\/files\/2022\/11\/pedro-goic-martinic-1-scaled.jpg","contentUrl":"https:\/\/derecho.udd.cl\/doctorado\/files\/2022\/11\/pedro-goic-martinic-1-scaled.jpg","width":1706,"height":2560},{"@type":"BreadcrumbList","@id":"https:\/\/derecho.udd.cl\/doctorado\/persona\/pedro-goic-martinic\/#breadcrumb","itemListElement":[{"@type":"ListItem","position":1,"name":"Portada","item":"https:\/\/derecho.udd.cl\/doctorado\/"},{"@type":"ListItem","position":2,"name":"Personas","item":"https:\/\/derecho.udd.cl\/doctorado\/persona\/"},{"@type":"ListItem","position":3,"name":"Pedro Goic Martinic"}]},{"@type":"WebSite","@id":"https:\/\/derecho.udd.cl\/doctorado\/#website","url":"https:\/\/derecho.udd.cl\/doctorado\/","name":"DOCTORADO EN DERECHO","description":"Facultad de Derecho UDD","inLanguage":"es"}]}},"email":"","tel_job":"","role":"","modal":"<div class=\"person-modal person-modal--scl\">\n<header class=\"person-modal__header\">\n<div class=\"person-modal__bg\"><\/div>\n<div class=\"modal-container\">\n<div class=\"person-modal__media\">\n\t\t\t\t<img decoding=\"async\" width=\"500\" height=\"500\" src=\"https:\/\/derecho.udd.cl\/doctorado\/files\/2022\/11\/pedro-goic-martinic-1-62x62.jpg\" class=\"person-modal__image wp-post-image lazyload\" alt=\"\" loading=\"lazy\" data-src=\"https:\/\/derecho.udd.cl\/doctorado\/files\/2022\/11\/pedro-goic-martinic-1-500x500.jpg\" data-srcset=\"https:\/\/derecho.udd.cl\/doctorado\/files\/2022\/11\/pedro-goic-martinic-1-500x500.jpg 500w, https:\/\/derecho.udd.cl\/doctorado\/files\/2022\/11\/pedro-goic-martinic-1-150x150.jpg 150w, https:\/\/derecho.udd.cl\/doctorado\/files\/2022\/11\/pedro-goic-martinic-1-62x62.jpg 62w, https:\/\/derecho.udd.cl\/doctorado\/files\/2022\/11\/pedro-goic-martinic-1-750x750.jpg 750w, https:\/\/derecho.udd.cl\/doctorado\/files\/2022\/11\/pedro-goic-martinic-1-250x250.jpg 250w, https:\/\/derecho.udd.cl\/doctorado\/files\/2022\/11\/pedro-goic-martinic-1-126x126.jpg 126w\" \/>\t\t\t<\/div>\n<div class=\"person-modal__data\">\n<h1 class=\"person-modal__name\">Pedro  Goic Martinic<\/h1>\n<\/p><\/div>\n<\/p><\/div>\n<\/header>\n<div class=\"modal-container\">\n<div class=\"person-modal__content text\">\n<p>Sus \u00e1reas de especializaci\u00f3n son: Derecho Civil, Comercial y Concursal, y sus l\u00edneas de investigaci\u00f3n son: Insolvencia, Gobierno Corporativo, Mercado y Persona <\/p>\n<ul>\n<li>Doctor (PhD) PUC &#8211; summa cum laude-  Scienze Giuridiche. Universit\u00e1 di Siena. Italia.    <\/li>\n<li>Doctor-M\u00e1ster, summa cum laude. Pontificia Universidad Cat\u00f3lica de Chile.<\/li>\n<li>MBA (c) Droit, \u00e9conomie et gestion. Universit\u00e9 de Bordeaux. Francia   <\/li>\n<li>Joint Diploma Doctor Humanitatis. Universit\u00e0 Pontificie Romane. <\/li>\n<li>Abogado, Excma. Corte Suprema. <\/li>\n<li>Licenciado en Ciencias Jur\u00eddicas UCT- UPSA, Espa\u00f1a<\/li>\n<\/ul>\n<p><strong><span>Otros:<\/span><\/strong><\/p>\n<p>Publicaciones:<\/p>\n<p class=\"MsoListParagraphCxSpFirst\"><!-- [if !supportLists]--><span><span>\u00b7<span>\u00a0\u00a0\u00a0\u00a0\u00a0\u00a0 <\/span><\/span><\/span><!--[endif]-->GOIC MARTINIC, PEDRO (2021) Protecci\u00f3n del patrimonio cultural de Ucrania, Editorial, en Revista Chilena de Derecho y Ciencia Pol\u00edtica, Vol. 13, N\u00fam. 1 (Temuco) pp. 8-9.<\/p>\n<p class=\"MsoListParagraphCxSpMiddle\"><!-- [if !supportLists]--><span><span>\u00b7<span>\u00a0\u00a0\u00a0\u00a0\u00a0\u00a0 <\/span><\/span><\/span><!--[endif]-->GOIC MARTINIC, PEDRO (2021) Respeto a los derechos ling\u00fcisticos, Editorial, en Revista Chilena de Derecho y Ciencia Pol\u00edtica, Vol. 12, N\u00fam. 1 (Temuco) pp. 8-9.<\/p>\n<p class=\"MsoListParagraphCxSpMiddle\"><!-- [if !supportLists]--><span><span>\u00b7<span>\u00a0\u00a0\u00a0\u00a0\u00a0\u00a0 <\/span><\/span><\/span><!--[endif]-->GOIC MARTINIC, PEDRO; VECCHIO, ANTONIO Y VIGLIANISI FERRARO, ANGELO (2021) \u00bfqu\u00e9 perspectivas tienen los derechos de autor en la era blockchain?, en Direito digital: direito privado e internet &#8211; 4a ed (portugu\u00eas) capa comum \u2013 27 abril 2021.<\/p>\n<p class=\"MsoListParagraphCxSpMiddle\"><!-- [if !supportLists]--><span><span>\u00b7<span>\u00a0\u00a0\u00a0\u00a0\u00a0\u00a0 <\/span><\/span><\/span><!--[endif]-->GOIC MARTINIC, PEDRO (2017): \u201cLas medidas cautelares como instrumento para asegurar la par conditio elettorale\u201d, en \u201ct\u00e9cnicas de decisi\u00f3n judicial\u201d &#8211; Convenio Universit\u00e1 di Siena \u2013 Tribunal electoral de M\u00e9xico. (en prensa).<\/p>\n<p class=\"MsoListParagraphCxSpMiddle\"><!-- [if !supportLists]--><span><span>\u00b7<span>\u00a0\u00a0\u00a0\u00a0\u00a0\u00a0 <\/span><\/span><\/span><!--[endif]-->GOIC MARTINIC, Pedro (2015): Recensi\u00f3n de \u201cEl Producto defectuoso en la ley 19.496\u201d (Erika Isler Soto, Santiago de Chile, Editorial Librotecnia, 2013) 274 pp., Ars Boni Et Aequi (A\u00f1o 11, N\u00b01) pp. 157- 159.<\/p>\n<p class=\"MsoListParagraphCxSpLast\"><!-- [if !supportLists]--><span><span>\u00b7<span>\u00a0\u00a0\u00a0\u00a0\u00a0\u00a0 <\/span><\/span><\/span><!--[endif]-->GOIC MARTINIC, Pedro (2014): \u201cAcci\u00f3n posesoria contra obras que corrompan el aire\u201d, en KOEHLER, Cristine y GORMAZ, Alejandra, Estudos de direito ambiental e urbanismo (Brasil, Multideia Editora) pp. 73-90.<\/p>\n<p><strong><span>Otros:<\/span><\/strong><\/p>\n<p>Publicaciones:<\/p>\n<p class=\"MsoListParagraphCxSpFirst\"><!-- [if !supportLists]--><span><span>\u00b7<span>\u00a0\u00a0\u00a0\u00a0\u00a0\u00a0 <\/span><\/span><\/span><!--[endif]-->GOIC MARTINIC, PEDRO (2021) Protecci\u00f3n del patrimonio cultural de Ucrania, Editorial, en Revista Chilena de Derecho y Ciencia Pol\u00edtica, Vol. 13, N\u00fam. 1 (Temuco) pp. 8-9.<\/p>\n<p class=\"MsoListParagraphCxSpMiddle\"><!-- [if !supportLists]--><span><span>\u00b7<span>\u00a0\u00a0\u00a0\u00a0\u00a0\u00a0 <\/span><\/span><\/span><!--[endif]-->GOIC MARTINIC, PEDRO (2021) Respeto a los derechos ling\u00fcisticos, Editorial, en Revista Chilena de Derecho y Ciencia Pol\u00edtica, Vol. 12, N\u00fam. 1 (Temuco) pp. 8-9.<\/p>\n<p class=\"MsoListParagraphCxSpMiddle\"><!-- [if !supportLists]--><span><span>\u00b7<span>\u00a0\u00a0\u00a0\u00a0\u00a0\u00a0 <\/span><\/span><\/span><!--[endif]-->GOIC MARTINIC, PEDRO; VECCHIO, ANTONIO Y VIGLIANISI FERRARO, ANGELO (2021) \u00bfqu\u00e9 perspectivas tienen los derechos de autor en la era blockchain?, en Direito digital: direito privado e internet &#8211; 4a ed (portugu\u00eas) capa comum \u2013 27 abril 2021.<\/p>\n<p class=\"MsoListParagraphCxSpMiddle\"><!-- [if !supportLists]--><span><span>\u00b7<span>\u00a0\u00a0\u00a0\u00a0\u00a0\u00a0 <\/span><\/span><\/span><!--[endif]-->GOIC MARTINIC, PEDRO (2017): \u201cLas medidas cautelares como instrumento para asegurar la par conditio elettorale\u201d, en \u201ct\u00e9cnicas de decisi\u00f3n judicial\u201d &#8211; Convenio Universit\u00e1 di Siena \u2013 Tribunal electoral de M\u00e9xico. (en prensa).<\/p>\n<p class=\"MsoListParagraphCxSpMiddle\"><!-- [if !supportLists]--><span><span>\u00b7<span>\u00a0\u00a0\u00a0\u00a0\u00a0\u00a0 <\/span><\/span><\/span><!--[endif]-->GOIC MARTINIC, Pedro (2015): Recensi\u00f3n de \u201cEl Producto defectuoso en la ley 19.496\u201d (Erika Isler Soto, Santiago de Chile, Editorial Librotecnia, 2013) 274 pp., Ars Boni Et Aequi (A\u00f1o 11, N\u00b01) pp. 157- 159.<\/p>\n<p class=\"MsoListParagraphCxSpLast\"><!-- [if !supportLists]--><span><span>\u00b7<span>\u00a0\u00a0\u00a0\u00a0\u00a0\u00a0 <\/span><\/span><\/span><!--[endif]-->GOIC MARTINIC, Pedro (2014): \u201cAcci\u00f3n posesoria contra obras que corrompan el aire\u201d, en KOEHLER, Cristine y GORMAZ, Alejandra, Estudos de direito ambiental e urbanismo (Brasil, Multideia Editora) pp. 73-90.<\/p>\n<\/p><\/div>\n<\/p><\/div>\n<\/div>\n","_links":{"self":[{"href":"https:\/\/derecho.udd.cl\/doctorado\/wp-json\/wp\/v2\/people\/642","targetHints":{"allow":["GET"]}}],"collection":[{"href":"https:\/\/derecho.udd.cl\/doctorado\/wp-json\/wp\/v2\/people"}],"about":[{"href":"https:\/\/derecho.udd.cl\/doctorado\/wp-json\/wp\/v2\/types\/person"}],"author":[{"embeddable":true,"href":"https:\/\/derecho.udd.cl\/doctorado\/wp-json\/wp\/v2\/users\/72"}],"version-history":[{"count":1,"href":"https:\/\/derecho.udd.cl\/doctorado\/wp-json\/wp\/v2\/people\/642\/revisions"}],"predecessor-version":[{"id":1302,"href":"https:\/\/derecho.udd.cl\/doctorado\/wp-json\/wp\/v2\/people\/642\/revisions\/1302"}],"wp:featuredmedia":[{"embeddable":true,"href":"https:\/\/derecho.udd.cl\/doctorado\/wp-json\/wp\/v2\/media\/646"}],"wp:attachment":[{"href":"https:\/\/derecho.udd.cl\/doctorado\/wp-json\/wp\/v2\/media?parent=642"}],"wp:term":[{"taxonomy":"people_tax","embeddable":true,"href":"https:\/\/derecho.udd.cl\/doctorado\/wp-json\/wp\/v2\/people_tax?post=642"}],"curies":[{"name":"wp","href":"https:\/\/api.w.org\/{rel}","templated":true}]}}