{"id":414,"date":"2022-08-04T21:21:05","date_gmt":"2022-08-04T21:21:05","guid":{"rendered":"https:\/\/derecho.udd.cl\/doctorado\/?post_type=person&#038;p=414"},"modified":"2026-04-17T12:57:08","modified_gmt":"2026-04-17T16:57:08","slug":"lilian-san-martin-neira","status":"publish","type":"person","link":"https:\/\/derecho.udd.cl\/doctorado\/persona\/lilian-san-martin-neira\/","title":{"rendered":"Lilian  San Mart\u00edn Neira"},"content":{"rendered":"<p><span>Otros:<\/span><\/p>\n<p><strong>Proyectos de investigaci\u00f3n<\/strong><\/p>\n<ul>\n<li>Coinvestigador en el proyecto FONDCYT Regular (N\u00ba 1221269) \u201cAproximaci\u00f3n a un modelo ret\u00f3rico-discursivo para las sentencias que razonan con normas indeterminadas\u201d. Investigador responsable: Claudio AG\u00dcERO SAN JUAN.<\/li>\n<li>Coinvestigador en el proyecto FONDECYT Regular (N\u00ba 1210127) \u201cInterpretaci\u00f3n de contratos. Exploraci\u00f3n de un modelo\u201d. Investigador responsable: Rodrigo COLOMA CORREA.<\/li>\n<li>Investigador responsable en el proyecto FONDECYT Regular 2017 (N\u00ba 1170686) \u201cLa responsabilidad civil derivada de desastres naturales\u201d.<\/li>\n<li>Investigador responsable en el proyecto FONDECYT Iniciaci\u00f3n 2014 (N\u00ba 11140246) \u201cLa culpa de la v\u00edctima como causa exclusiva o concurrente del da\u00f1o\u201d.<\/li>\n<li>Coinvestigador en el proyecto FONDECYT Regular 2016 (N\u00ba 1161025) \u201cAn\u00e1lisis diacr\u00f3nico de los trabajos dogm\u00e1ticos que formaron la Teor\u00eda Est\u00e1ndar de la Responsabilidad del Estado (1970-2015)\u201d. Investigador responsable: Claudio AG\u00dcERO SAN JUAN.<\/li>\n<li>Investigador asociado en el proyecto CONICYT SOC 1111 \u201cEstudios Hist\u00f3rico-Dogm\u00e1ticos de Derecho Patrimonial Privado: una mirada a los art\u00edculos de los Libros II y IV del C\u00f3digo Civil de Chile\u201d. Investigador responsable: Patricio CARVAJAL RAM\u00cdREZ.<\/li>\n<li>Colaborador externo en el proyecto FONDECYT (N\u00ba 1100949) \u201cResponsabilidad civil de las concesionarias de autopistas por da\u00f1os causados a usuarios y al medio ambiente con motivo de la ejecuci\u00f3n o explotaci\u00f3n de la obra: an\u00e1lisis cr\u00edtico de su funcionamiento y propuestas de racionalizaci\u00f3n\u201d. Investigador Responsable: Jos\u00e9 Luis DIEZ SCHWERTER, profesor de Derecho civil y comparado Universidad de Concepci\u00f3n.<\/li>\n<\/ul>\n<p><strong>Publicaciones<br \/>\n<\/strong><\/p>\n<p><em>Libros monogr\u00e1ficos:<\/em><\/p>\n<ul>\n<li>2022, \u201cResponsabilidad civil derivada de desastres naturales: los fen\u00f3menos naturales extremos frente a la responsabilidad civil\u201d, Tirant lo Blanch, Valencia, en prensa.<\/li>\n<li>2018, \u201cLa culpa de la v\u00edctima en la responsabilidad civil\u201d, Der Ediciones, Santiago, 277 pp. ISBN: 978-956-9959-24-0<\/li>\n<li>2012, \u201cLa carga del perjudicado de evitar o mitigar el da\u00f1o\u201d, Universidad Externado de Colombia, Bogot\u00e1, 465 pp. ISBN: 9789587108354<\/li>\n<\/ul>\n<p><em>Edici\u00f3n de obras colectivas:<\/em><\/p>\n<ul>\n<li>2020, \u201cPresente y futuro del derecho contractual. Actas del congreso internacional de 8 y 9 de noviembre de 2018\u201d, Barr\u00eda, Rodrigo, Ferrante, Alfredo, San Mart\u00edn, Lilian (editores), Thomson Reuters, Santiago, 2020, 456 pp. ISBN: 978-956-400-143-2<\/li>\n<li>2017, \u201cPresente y futuro de la responsabilidad civil. Actas del congreso internacional de 3 y 4 de noviembre de 2016\u201d, Barr\u00eda, Rodrigo, Ferrante, Alfredo, San Mart\u00edn, Lilian (editores), Thomson Reuters, Santiago, 2017, 380 pp. ISBN: 978-956-346-897-7<\/li>\n<li>2015, \u201cLa buena fe en la jurisprudencia: comentarios y an\u00e1lisis de sentencias\u201d, Thomson Reuters, Santiago de Chile, 2015, 539 pp. ISBN: 978-956-346-738-3<\/li>\n<\/ul>\n<p><em>Art\u00edculos en revistas:<\/em><\/p>\n<ul>\n<li>2021, \u201cResponsabilidad civil por da\u00f1os derivados de fen\u00f3menos naturales. Una revisi\u00f3n jurisprudencial\u201d, en Revista Chilena de Derecho Privado, N\u00ba 36, pp. 141-186. Disponible en: https:\/\/www.rchdp.cl\/index.php\/rchdp\/article\/view\/570 ISSN 0718-8072<\/li>\n<li>2021, \u201cEl caso fortuito en la responsabilidad civil extracontractual\u201d, en Revista Iuset Praxis, A\u00f1o 27, N\u00ba 2, 2021, pp. 3-20. Disponible en: https:\/\/scielo.conicyt.cl\/pdf\/iusetp\/v27n2\/0718-0012-iusetp-27-02-3.pdf ISSN 0718-6851<\/li>\n<li>2021, \u201cEl razonamiento probatorio en la causalidad en la responsabilidad civil: Los criterios jur\u00eddicos en que se funda la jurisprudencia chilena\u201d, junto a Jorge P\u00e1gina 6 de 17 Larroucau Torres, en Revista de Derecho Privado, Universidad Externado de Colombia, N\u00ba 40, 2021, pp. 329-359. Disponible en: https:\/\/revistas.uexternado.edu.co\/index.php\/derpri\/article\/view\/6928\/9494 ISSN digital 2346-2442<\/li>\n<li>2019, \u201cDesastres naturales y responsabilidad civil. identificaci\u00f3n de los desaf\u00edos que presenta esta categor\u00eda de hechos da\u00f1inos\u201d, en Revista de Derecho \u2013 Universidad Austral, volumen XXXII N\u00b0 2, pp. 123-142, Disponible en: https:\/\/www.revistaderechovaldivia.cl\/revder\/index.php?journal=revde&amp;amp;page=issue&amp;amp;op=view&amp;amp;path[]=58 ISSN 0718-0950<\/li>\n<li>2018, \u201cLas funciones de la razonabilidad en el derecho privado chileno\u201d, Revista de Derecho de la Pontificia Universidad Cat\u00f3lica de Valpara\u00edso, N.51 Valpara\u00edso dic. 2018, pp. 173-198. Disponible en: https:\/\/scielo.conicyt.cl\/pdf\/rdpucv\/n51\/0718-6851-rdpucv-00402.pdf ISSN 0718-6851 &#8211; http:\/\/dx.doi.org\/10.4067\/S0718-68512018005000402<\/li>\n<li>2018, \u201cLa imputabilidad o capacidad como elemento de la responsabilidad civil\u201d, en Revista Ius et Praxis, A\u00f1o 24, N\u00ba 1, 2018, pp. 553 \u2013 592. Disponible en: http:\/\/www.revistaiepraxis.cl\/index.php\/iepraxis\/article\/view\/1089\/550 ISSN0718-0012 &#8211; http:\/\/dx.doi.org\/10.4067\/S0718-00122018000100533<\/li>\n<li>2016, \u201cCulpa concurrente de la v\u00edctima y da\u00f1o por rebote o repercusi\u00f3n\u201d, en Revista de Derecho Pontificia Universidad Cat\u00f3lica de Valpara\u00edso, vol. 47, N\u00ba 2, pp. 151-177. Disponible en: http:\/\/www.scielo.cl\/pdf\/rdpucv\/n47\/art05.pdf, ISSN 0718-6851 &#8211; http:\/\/dx.doi.org\/10.4067\/S0718-68512016000200005<\/li>\n<li>2016, \u201cEl quantum indemnizatorio en caso de culpa concurrente de la v\u00edctima. Su posible revisi\u00f3n v\u00eda casaci\u00f3n\u201d, en Revista de Derecho \u2013 Universidad de Concepci\u00f3n, N\u00ba 240, 2016, pp. 41-74. Disponible en: www.revistadederecho.com\/pdf.php?id=3198 ISSN: 0718-591X<\/li>\n<li>2016, \u201cLa frontera entre culpa exclusiva y concurrente de la v\u00edctima en la producci\u00f3n del da\u00f1o a la luz de la jurisprudencia chilena\u201d, en Revista Chilena de Derecho Privado, N\u00ba 27, pp. 4-44. Disponible en: http:\/\/www.scielo.cl\/pdf\/rchdp\/n27\/art01.pdf ISSN 0718-8072<\/li>\n<li>2016, \u201cContrato para la confecci\u00f3n de obra material naturaleza jur\u00eddica y otros problemas dogm\u00e1ticos\u201d, en Revista de Derecho Facultad de Ciencias Jur\u00eddicas Universidad Cat\u00f3lica del Norte (RDUCN), vol. 23, N\u00ba 2, pp. 145-179. Disponible en: http:\/\/www.scielo.cl\/pdf\/rducn\/v23n2\/art05.pdf ISSN 0718-9753 &#8211; http:\/\/dx.doi.org\/10.4067\/S0718-97532016000200005<\/li>\n<li>2015, \u201cLa teor\u00eda de la inexistencia y su falta de cabida en el c\u00f3digo civil chileno\u201d, en Revista Chilena de Derecho, vol. 42, N\u00ba 3, pp. 745-784. Disponible en: http:\/\/www.scielo.cl\/pdf\/rchilder\/v42n3\/art02.pdf ISSN 0718-3437 &#8211; http:\/\/dx.doi.org\/10.4067\/S0718-34372015000300002 P\u00e1gina 7 de 17<\/li>\n<li>2015, \u201cLa cl\u00e1usula \u201cex fide bona\u201d y su influencia en el \u201cquantum respondeatur\u201d como herramienta para recuperar el equilibrio patrimonial en derecho romano. Los ejemplos de D.19.1. 13pr. y D.19.2.33, Revista de Derecho Privado, Universidad Externado de Colombia, N\u00ba 28, 2015, pp. 47-77. Disponible en: http:\/\/www.scielo.org.co\/pdf\/rdp\/n28\/n28a03.pdf, ISSN: 0123- 4366 &#8211; http:\/\/dx.doi.org\/10.18601\/01234366.n28.03<\/li>\n<li>2014, \u201cLa reducci\u00f3n del resarcimiento por culpa de la v\u00edctima: reflexiones a la luz del an\u00e1lisis de algunas fuentes romanas\u201d en Revista de Derecho Privado, Universidad Externado de Colombia, N\u00ba 27, 2014, pp. 35-67. Disponible en: http:\/\/www.scielo.org.co\/pdf\/rdp\/n27\/n27a03.pdf<\/li>\n<li>2014, \u201cResponsabilidad del Estado por falta de servicio: \u00abValenzuela Flores y otros con Fisco de Chile\u00bb (Rol N\u00ba 1629-2013)\u201d en: Revista Roma e America, N\u00ba 34\/2013, pp. 297-308. ISSN: 1125-7105.<\/li>\n<li>2013, \u201cResponsabilidad precontractual por ruptura injustificada de negociaciones\u201d. Comentario a Sentencia de Corte Suprema, Rol 1872\/2010. Revista Chilena de Derecho, vol. 40, N\u00ba 1, pp. 317-324. Disponible en: www.scielo.cl\/pdf\/rchilder\/v40n1\/art12.pdf, ISSN 0718-3437 -http:\/\/dx.doi.org\/10.4067\/S0718-34372013000100012<\/li>\n<li>2011, \u201cA prop\u00f3sito de un caso de culpa por omisi\u00f3n\u201d. Comentario a la sentencia de la Corte Suprema de 24 de diciembre de 2010 (Rol 29.853-2006), Revista de Derecho Universidad de Concepci\u00f3n, N\u00ba 229-230, 2012, pp. 199 \u2013 213. Disponible en: http:\/\/www.revistadederecho.com\/pdf.php?id=3116 ISSN: 0718-591X<\/li>\n<li>2010, \u201cEl criterio de \u2018lo razonable\u2019: Una herramienta para delimitar la carga del perjudicado de evitar o mitigar el da\u00f1o\u201d, en: Derecho y Justicia. Revista de la Escuela de Derecho de la Universidad Cat\u00f3lica Silva Henr\u00edquez, 2011, N\u00ba 1, pp. 43-66. Disponible en: http:\/\/www.derecho-ucsh.cl\/revista\/sanmartin.pdf, https:\/\/doi.org\/10.29344\/07196377.1.928<\/li>\n<li>2009, \u201cSobre la naturaleza jur\u00eddica de la \u2018cooperaci\u00f3n\u2019 del acreedor al cumplimiento de la obligaci\u00f3n: la posici\u00f3n din\u00e1mica del acreedor en la relaci\u00f3n obligatoria, como sujeto no s\u00f3lo de derechos, sino tambi\u00e9n de cargas y deberes\u201d, en: Revista de Derecho Universidad de Concepci\u00f3n, N\u00ba 225-226. Enero-Junio, Julio-Diciembre de 2009, pp. 135-196, pp. 11-24. Disponible en: http:\/\/www.revistadederecho.com\/pdf.php?id=3083 ISSN 0123-4366. Art\u00edculo publicado tambi\u00e9n en: Revista de Derecho Privado, Universidad Externado de Colombia, N\u00ba 21. Julio Diciembre de 2011, pp. 273-325. Disponible en: http:\/\/www.scielo.org.co\/pdf\/rdp\/n21\/n21a13.pdf<\/li>\n<li>2008, \u201cUniones civiles en Europa: la problem\u00e1tica italiana\u201d. En: Revista Debates Jur\u00eddicos, Universidad de Concepci\u00f3n, 1, pp. 11-24. P\u00e1gina 8 de 17 2007, Informe sobre las \u201cObras literarias publicadas en Chile con ocasi\u00f3n de los 150 a\u00f1os del C\u00f3digo Civil de Andr\u00e9s Bello\u201d. En: Revista \u201cRoma e America\u201d, publicaci\u00f3n del Centro de Estudios Latinoamericanos de la Universidad de Roma \u201cTor Vergata\u201d, N\u00ba 21, pp. 321-326.<\/li>\n<\/ul>\n","protected":false},"author":70,"featured_media":745,"template":"","people_tax":[3],"class_list":["post-414","person","type-person","status-publish","has-post-thumbnail","hentry","people_tax-doctorado"],"yoast_head":"<!-- This site is optimized with the Yoast SEO plugin v26.9 - https:\/\/yoast.com\/product\/yoast-seo-wordpress\/ -->\n<title>Lilian San Mart\u00edn Neira - DOCTORADO EN DERECHO<\/title>\n<meta name=\"robots\" content=\"index, follow, max-snippet:-1, max-image-preview:large, max-video-preview:-1\" \/>\n<link rel=\"canonical\" href=\"https:\/\/derecho.udd.cl\/doctorado\/persona\/lilian-san-martin-neira\/\" \/>\n<meta property=\"og:locale\" content=\"es_ES\" \/>\n<meta property=\"og:type\" content=\"article\" \/>\n<meta property=\"og:title\" content=\"Lilian San Mart\u00edn Neira - DOCTORADO EN DERECHO\" \/>\n<meta property=\"og:description\" content=\"Otros: Proyectos de investigaci\u00f3n Coinvestigador en el proyecto FONDCYT Regular (N\u00ba 1221269) \u201cAproximaci\u00f3n a un modelo ret\u00f3rico-discursivo para las sentencias que razonan con normas indeterminadas\u201d. Investigador responsable: Claudio AG\u00dcERO SAN JUAN. Coinvestigador en el proyecto FONDECYT Regular (N\u00ba 1210127) \u201cInterpretaci\u00f3n de contratos. Exploraci\u00f3n de un modelo\u201d. Investigador responsable: Rodrigo COLOMA CORREA. Investigador responsable en el [&hellip;]\" \/>\n<meta property=\"og:url\" content=\"https:\/\/derecho.udd.cl\/doctorado\/persona\/lilian-san-martin-neira\/\" \/>\n<meta property=\"og:site_name\" content=\"DOCTORADO EN DERECHO\" \/>\n<meta property=\"article:modified_time\" content=\"2026-04-17T16:57:08+00:00\" \/>\n<meta property=\"og:image\" content=\"https:\/\/derecho.udd.cl\/doctorado\/files\/2022\/08\/lsm-scaled-e1689189014112.jpg\" \/>\n\t<meta property=\"og:image:width\" content=\"2118\" \/>\n\t<meta property=\"og:image:height\" content=\"2099\" \/>\n\t<meta property=\"og:image:type\" content=\"image\/jpeg\" \/>\n<meta name=\"twitter:card\" content=\"summary_large_image\" \/>\n<script type=\"application\/ld+json\" class=\"yoast-schema-graph\">{\"@context\":\"https:\/\/schema.org\",\"@graph\":[{\"@type\":\"WebPage\",\"@id\":\"https:\/\/derecho.udd.cl\/doctorado\/persona\/lilian-san-martin-neira\/\",\"url\":\"https:\/\/derecho.udd.cl\/doctorado\/persona\/lilian-san-martin-neira\/\",\"name\":\"Lilian San Mart\u00edn Neira - DOCTORADO EN DERECHO\",\"isPartOf\":{\"@id\":\"https:\/\/derecho.udd.cl\/doctorado\/#website\"},\"primaryImageOfPage\":{\"@id\":\"https:\/\/derecho.udd.cl\/doctorado\/persona\/lilian-san-martin-neira\/#primaryimage\"},\"image\":{\"@id\":\"https:\/\/derecho.udd.cl\/doctorado\/persona\/lilian-san-martin-neira\/#primaryimage\"},\"thumbnailUrl\":\"https:\/\/derecho.udd.cl\/doctorado\/files\/2022\/08\/lsm-scaled-e1689189014112.jpg\",\"datePublished\":\"2022-08-04T21:21:05+00:00\",\"dateModified\":\"2026-04-17T16:57:08+00:00\",\"breadcrumb\":{\"@id\":\"https:\/\/derecho.udd.cl\/doctorado\/persona\/lilian-san-martin-neira\/#breadcrumb\"},\"inLanguage\":\"es\",\"potentialAction\":[{\"@type\":\"ReadAction\",\"target\":[\"https:\/\/derecho.udd.cl\/doctorado\/persona\/lilian-san-martin-neira\/\"]}]},{\"@type\":\"ImageObject\",\"inLanguage\":\"es\",\"@id\":\"https:\/\/derecho.udd.cl\/doctorado\/persona\/lilian-san-martin-neira\/#primaryimage\",\"url\":\"https:\/\/derecho.udd.cl\/doctorado\/files\/2022\/08\/lsm-scaled-e1689189014112.jpg\",\"contentUrl\":\"https:\/\/derecho.udd.cl\/doctorado\/files\/2022\/08\/lsm-scaled-e1689189014112.jpg\",\"width\":2118,\"height\":2099},{\"@type\":\"BreadcrumbList\",\"@id\":\"https:\/\/derecho.udd.cl\/doctorado\/persona\/lilian-san-martin-neira\/#breadcrumb\",\"itemListElement\":[{\"@type\":\"ListItem\",\"position\":1,\"name\":\"Portada\",\"item\":\"https:\/\/derecho.udd.cl\/doctorado\/\"},{\"@type\":\"ListItem\",\"position\":2,\"name\":\"Personas\",\"item\":\"https:\/\/derecho.udd.cl\/doctorado\/persona\/\"},{\"@type\":\"ListItem\",\"position\":3,\"name\":\"Lilian San Mart\u00edn Neira\"}]},{\"@type\":\"WebSite\",\"@id\":\"https:\/\/derecho.udd.cl\/doctorado\/#website\",\"url\":\"https:\/\/derecho.udd.cl\/doctorado\/\",\"name\":\"DOCTORADO EN DERECHO\",\"description\":\"Facultad de Derecho UDD\",\"inLanguage\":\"es\"}]}<\/script>\n<!-- \/ Yoast SEO plugin. -->","yoast_head_json":{"title":"Lilian San Mart\u00edn Neira - DOCTORADO EN DERECHO","robots":{"index":"index","follow":"follow","max-snippet":"max-snippet:-1","max-image-preview":"max-image-preview:large","max-video-preview":"max-video-preview:-1"},"canonical":"https:\/\/derecho.udd.cl\/doctorado\/persona\/lilian-san-martin-neira\/","og_locale":"es_ES","og_type":"article","og_title":"Lilian San Mart\u00edn Neira - DOCTORADO EN DERECHO","og_description":"Otros: Proyectos de investigaci\u00f3n Coinvestigador en el proyecto FONDCYT Regular (N\u00ba 1221269) \u201cAproximaci\u00f3n a un modelo ret\u00f3rico-discursivo para las sentencias que razonan con normas indeterminadas\u201d. Investigador responsable: Claudio AG\u00dcERO SAN JUAN. Coinvestigador en el proyecto FONDECYT Regular (N\u00ba 1210127) \u201cInterpretaci\u00f3n de contratos. Exploraci\u00f3n de un modelo\u201d. Investigador responsable: Rodrigo COLOMA CORREA. Investigador responsable en el [&hellip;]","og_url":"https:\/\/derecho.udd.cl\/doctorado\/persona\/lilian-san-martin-neira\/","og_site_name":"DOCTORADO EN DERECHO","article_modified_time":"2026-04-17T16:57:08+00:00","og_image":[{"width":2118,"height":2099,"url":"https:\/\/derecho.udd.cl\/doctorado\/files\/2022\/08\/lsm-scaled-e1689189014112.jpg","type":"image\/jpeg"}],"twitter_card":"summary_large_image","schema":{"@context":"https:\/\/schema.org","@graph":[{"@type":"WebPage","@id":"https:\/\/derecho.udd.cl\/doctorado\/persona\/lilian-san-martin-neira\/","url":"https:\/\/derecho.udd.cl\/doctorado\/persona\/lilian-san-martin-neira\/","name":"Lilian San Mart\u00edn Neira - DOCTORADO EN DERECHO","isPartOf":{"@id":"https:\/\/derecho.udd.cl\/doctorado\/#website"},"primaryImageOfPage":{"@id":"https:\/\/derecho.udd.cl\/doctorado\/persona\/lilian-san-martin-neira\/#primaryimage"},"image":{"@id":"https:\/\/derecho.udd.cl\/doctorado\/persona\/lilian-san-martin-neira\/#primaryimage"},"thumbnailUrl":"https:\/\/derecho.udd.cl\/doctorado\/files\/2022\/08\/lsm-scaled-e1689189014112.jpg","datePublished":"2022-08-04T21:21:05+00:00","dateModified":"2026-04-17T16:57:08+00:00","breadcrumb":{"@id":"https:\/\/derecho.udd.cl\/doctorado\/persona\/lilian-san-martin-neira\/#breadcrumb"},"inLanguage":"es","potentialAction":[{"@type":"ReadAction","target":["https:\/\/derecho.udd.cl\/doctorado\/persona\/lilian-san-martin-neira\/"]}]},{"@type":"ImageObject","inLanguage":"es","@id":"https:\/\/derecho.udd.cl\/doctorado\/persona\/lilian-san-martin-neira\/#primaryimage","url":"https:\/\/derecho.udd.cl\/doctorado\/files\/2022\/08\/lsm-scaled-e1689189014112.jpg","contentUrl":"https:\/\/derecho.udd.cl\/doctorado\/files\/2022\/08\/lsm-scaled-e1689189014112.jpg","width":2118,"height":2099},{"@type":"BreadcrumbList","@id":"https:\/\/derecho.udd.cl\/doctorado\/persona\/lilian-san-martin-neira\/#breadcrumb","itemListElement":[{"@type":"ListItem","position":1,"name":"Portada","item":"https:\/\/derecho.udd.cl\/doctorado\/"},{"@type":"ListItem","position":2,"name":"Personas","item":"https:\/\/derecho.udd.cl\/doctorado\/persona\/"},{"@type":"ListItem","position":3,"name":"Lilian San Mart\u00edn Neira"}]},{"@type":"WebSite","@id":"https:\/\/derecho.udd.cl\/doctorado\/#website","url":"https:\/\/derecho.udd.cl\/doctorado\/","name":"DOCTORADO EN DERECHO","description":"Facultad de Derecho UDD","inLanguage":"es"}]}},"email":"","tel_job":"","role":"","modal":"<div class=\"person-modal person-modal--scl\">\n<header class=\"person-modal__header\">\n<div class=\"person-modal__bg\"><\/div>\n<div class=\"modal-container\">\n<div class=\"person-modal__media\">\n\t\t\t\t<img decoding=\"async\" width=\"500\" height=\"500\" src=\"https:\/\/derecho.udd.cl\/doctorado\/files\/2022\/08\/lsm-scaled-e1689189014112-62x62.jpg\" class=\"person-modal__image wp-post-image lazyload\" alt=\"\" loading=\"lazy\" data-src=\"https:\/\/derecho.udd.cl\/doctorado\/files\/2022\/08\/lsm-scaled-e1689189014112-500x500.jpg\" data-srcset=\"https:\/\/derecho.udd.cl\/doctorado\/files\/2022\/08\/lsm-scaled-e1689189014112-500x500.jpg 500w, https:\/\/derecho.udd.cl\/doctorado\/files\/2022\/08\/lsm-scaled-e1689189014112-150x150.jpg 150w, https:\/\/derecho.udd.cl\/doctorado\/files\/2022\/08\/lsm-scaled-e1689189014112-62x62.jpg 62w, https:\/\/derecho.udd.cl\/doctorado\/files\/2022\/08\/lsm-scaled-e1689189014112-750x750.jpg 750w, https:\/\/derecho.udd.cl\/doctorado\/files\/2022\/08\/lsm-scaled-e1689189014112-250x250.jpg 250w, https:\/\/derecho.udd.cl\/doctorado\/files\/2022\/08\/lsm-scaled-e1689189014112-126x126.jpg 126w\" \/>\t\t\t<\/div>\n<div class=\"person-modal__data\">\n<h1 class=\"person-modal__name\">Lilian  San Mart\u00edn Neira<\/h1>\n<\/p><\/div>\n<\/p><\/div>\n<\/header>\n<div class=\"modal-container\">\n<div class=\"person-modal__content text\">\n<ul>\n<li>Doctor en \u201cSistema giuridico romanistico, unificazione del diritto e diritto dell\u2019integrazione\u201d, Universit\u00e0 degli studi di Roma, \u201cTor Vergata\u201d, Italia.<\/li>\n<li>Master en \u201cSistema giuridico romanistico, unificazione del diritto e diritto dell\u2019integrazione\u201d, Universit\u00e0 degli studi di Roma, \u201cTor Vergata\u201d, Italia.<\/li>\n<li>Abogada, Universidad de Concepci\u00f3n<\/li>\n<\/ul>\n<p><span>Otros:<\/span><\/p>\n<p><strong>Proyectos de investigaci\u00f3n<\/strong><\/p>\n<ul>\n<li>Coinvestigador en el proyecto FONDCYT Regular (N\u00ba 1221269) \u201cAproximaci\u00f3n a un modelo ret\u00f3rico-discursivo para las sentencias que razonan con normas indeterminadas\u201d. Investigador responsable: Claudio AG\u00dcERO SAN JUAN.<\/li>\n<li>Coinvestigador en el proyecto FONDECYT Regular (N\u00ba 1210127) \u201cInterpretaci\u00f3n de contratos. Exploraci\u00f3n de un modelo\u201d. Investigador responsable: Rodrigo COLOMA CORREA.<\/li>\n<li>Investigador responsable en el proyecto FONDECYT Regular 2017 (N\u00ba 1170686) \u201cLa responsabilidad civil derivada de desastres naturales\u201d.<\/li>\n<li>Investigador responsable en el proyecto FONDECYT Iniciaci\u00f3n 2014 (N\u00ba 11140246) \u201cLa culpa de la v\u00edctima como causa exclusiva o concurrente del da\u00f1o\u201d.<\/li>\n<li>Coinvestigador en el proyecto FONDECYT Regular 2016 (N\u00ba 1161025) \u201cAn\u00e1lisis diacr\u00f3nico de los trabajos dogm\u00e1ticos que formaron la Teor\u00eda Est\u00e1ndar de la Responsabilidad del Estado (1970-2015)\u201d. Investigador responsable: Claudio AG\u00dcERO SAN JUAN.<\/li>\n<li>Investigador asociado en el proyecto CONICYT SOC 1111 \u201cEstudios Hist\u00f3rico-Dogm\u00e1ticos de Derecho Patrimonial Privado: una mirada a los art\u00edculos de los Libros II y IV del C\u00f3digo Civil de Chile\u201d. Investigador responsable: Patricio CARVAJAL RAM\u00cdREZ.<\/li>\n<li>Colaborador externo en el proyecto FONDECYT (N\u00ba 1100949) \u201cResponsabilidad civil de las concesionarias de autopistas por da\u00f1os causados a usuarios y al medio ambiente con motivo de la ejecuci\u00f3n o explotaci\u00f3n de la obra: an\u00e1lisis cr\u00edtico de su funcionamiento y propuestas de racionalizaci\u00f3n\u201d. Investigador Responsable: Jos\u00e9 Luis DIEZ SCHWERTER, profesor de Derecho civil y comparado Universidad de Concepci\u00f3n.<\/li>\n<\/ul>\n<p><strong>Publicaciones<br \/>\n<\/strong><\/p>\n<p><em>Libros monogr\u00e1ficos:<\/em><\/p>\n<ul>\n<li>2022, \u201cResponsabilidad civil derivada de desastres naturales: los fen\u00f3menos naturales extremos frente a la responsabilidad civil\u201d, Tirant lo Blanch, Valencia, en prensa.<\/li>\n<li>2018, \u201cLa culpa de la v\u00edctima en la responsabilidad civil\u201d, Der Ediciones, Santiago, 277 pp. ISBN: 978-956-9959-24-0<\/li>\n<li>2012, \u201cLa carga del perjudicado de evitar o mitigar el da\u00f1o\u201d, Universidad Externado de Colombia, Bogot\u00e1, 465 pp. ISBN: 9789587108354<\/li>\n<\/ul>\n<p><em>Edici\u00f3n de obras colectivas:<\/em><\/p>\n<ul>\n<li>2020, \u201cPresente y futuro del derecho contractual. Actas del congreso internacional de 8 y 9 de noviembre de 2018\u201d, Barr\u00eda, Rodrigo, Ferrante, Alfredo, San Mart\u00edn, Lilian (editores), Thomson Reuters, Santiago, 2020, 456 pp. ISBN: 978-956-400-143-2<\/li>\n<li>2017, \u201cPresente y futuro de la responsabilidad civil. Actas del congreso internacional de 3 y 4 de noviembre de 2016\u201d, Barr\u00eda, Rodrigo, Ferrante, Alfredo, San Mart\u00edn, Lilian (editores), Thomson Reuters, Santiago, 2017, 380 pp. ISBN: 978-956-346-897-7<\/li>\n<li>2015, \u201cLa buena fe en la jurisprudencia: comentarios y an\u00e1lisis de sentencias\u201d, Thomson Reuters, Santiago de Chile, 2015, 539 pp. ISBN: 978-956-346-738-3<\/li>\n<\/ul>\n<p><em>Art\u00edculos en revistas:<\/em><\/p>\n<ul>\n<li>2021, \u201cResponsabilidad civil por da\u00f1os derivados de fen\u00f3menos naturales. Una revisi\u00f3n jurisprudencial\u201d, en Revista Chilena de Derecho Privado, N\u00ba 36, pp. 141-186. Disponible en: https:\/\/www.rchdp.cl\/index.php\/rchdp\/article\/view\/570 ISSN 0718-8072<\/li>\n<li>2021, \u201cEl caso fortuito en la responsabilidad civil extracontractual\u201d, en Revista Iuset Praxis, A\u00f1o 27, N\u00ba 2, 2021, pp. 3-20. Disponible en: https:\/\/scielo.conicyt.cl\/pdf\/iusetp\/v27n2\/0718-0012-iusetp-27-02-3.pdf ISSN 0718-6851<\/li>\n<li>2021, \u201cEl razonamiento probatorio en la causalidad en la responsabilidad civil: Los criterios jur\u00eddicos en que se funda la jurisprudencia chilena\u201d, junto a Jorge P\u00e1gina 6 de 17 Larroucau Torres, en Revista de Derecho Privado, Universidad Externado de Colombia, N\u00ba 40, 2021, pp. 329-359. Disponible en: https:\/\/revistas.uexternado.edu.co\/index.php\/derpri\/article\/view\/6928\/9494 ISSN digital 2346-2442<\/li>\n<li>2019, \u201cDesastres naturales y responsabilidad civil. identificaci\u00f3n de los desaf\u00edos que presenta esta categor\u00eda de hechos da\u00f1inos\u201d, en Revista de Derecho \u2013 Universidad Austral, volumen XXXII N\u00b0 2, pp. 123-142, Disponible en: https:\/\/www.revistaderechovaldivia.cl\/revder\/index.php?journal=revde&amp;amp;page=issue&amp;amp;op=view&amp;amp;path[]=58 ISSN 0718-0950<\/li>\n<li>2018, \u201cLas funciones de la razonabilidad en el derecho privado chileno\u201d, Revista de Derecho de la Pontificia Universidad Cat\u00f3lica de Valpara\u00edso, N.51 Valpara\u00edso dic. 2018, pp. 173-198. Disponible en: https:\/\/scielo.conicyt.cl\/pdf\/rdpucv\/n51\/0718-6851-rdpucv-00402.pdf ISSN 0718-6851 &#8211; http:\/\/dx.doi.org\/10.4067\/S0718-68512018005000402<\/li>\n<li>2018, \u201cLa imputabilidad o capacidad como elemento de la responsabilidad civil\u201d, en Revista Ius et Praxis, A\u00f1o 24, N\u00ba 1, 2018, pp. 553 \u2013 592. Disponible en: http:\/\/www.revistaiepraxis.cl\/index.php\/iepraxis\/article\/view\/1089\/550 ISSN0718-0012 &#8211; http:\/\/dx.doi.org\/10.4067\/S0718-00122018000100533<\/li>\n<li>2016, \u201cCulpa concurrente de la v\u00edctima y da\u00f1o por rebote o repercusi\u00f3n\u201d, en Revista de Derecho Pontificia Universidad Cat\u00f3lica de Valpara\u00edso, vol. 47, N\u00ba 2, pp. 151-177. Disponible en: http:\/\/www.scielo.cl\/pdf\/rdpucv\/n47\/art05.pdf, ISSN 0718-6851 &#8211; http:\/\/dx.doi.org\/10.4067\/S0718-68512016000200005<\/li>\n<li>2016, \u201cEl quantum indemnizatorio en caso de culpa concurrente de la v\u00edctima. Su posible revisi\u00f3n v\u00eda casaci\u00f3n\u201d, en Revista de Derecho \u2013 Universidad de Concepci\u00f3n, N\u00ba 240, 2016, pp. 41-74. Disponible en: www.revistadederecho.com\/pdf.php?id=3198 ISSN: 0718-591X<\/li>\n<li>2016, \u201cLa frontera entre culpa exclusiva y concurrente de la v\u00edctima en la producci\u00f3n del da\u00f1o a la luz de la jurisprudencia chilena\u201d, en Revista Chilena de Derecho Privado, N\u00ba 27, pp. 4-44. Disponible en: http:\/\/www.scielo.cl\/pdf\/rchdp\/n27\/art01.pdf ISSN 0718-8072<\/li>\n<li>2016, \u201cContrato para la confecci\u00f3n de obra material naturaleza jur\u00eddica y otros problemas dogm\u00e1ticos\u201d, en Revista de Derecho Facultad de Ciencias Jur\u00eddicas Universidad Cat\u00f3lica del Norte (RDUCN), vol. 23, N\u00ba 2, pp. 145-179. Disponible en: http:\/\/www.scielo.cl\/pdf\/rducn\/v23n2\/art05.pdf ISSN 0718-9753 &#8211; http:\/\/dx.doi.org\/10.4067\/S0718-97532016000200005<\/li>\n<li>2015, \u201cLa teor\u00eda de la inexistencia y su falta de cabida en el c\u00f3digo civil chileno\u201d, en Revista Chilena de Derecho, vol. 42, N\u00ba 3, pp. 745-784. Disponible en: http:\/\/www.scielo.cl\/pdf\/rchilder\/v42n3\/art02.pdf ISSN 0718-3437 &#8211; http:\/\/dx.doi.org\/10.4067\/S0718-34372015000300002 P\u00e1gina 7 de 17<\/li>\n<li>2015, \u201cLa cl\u00e1usula \u201cex fide bona\u201d y su influencia en el \u201cquantum respondeatur\u201d como herramienta para recuperar el equilibrio patrimonial en derecho romano. Los ejemplos de D.19.1. 13pr. y D.19.2.33, Revista de Derecho Privado, Universidad Externado de Colombia, N\u00ba 28, 2015, pp. 47-77. Disponible en: http:\/\/www.scielo.org.co\/pdf\/rdp\/n28\/n28a03.pdf, ISSN: 0123- 4366 &#8211; http:\/\/dx.doi.org\/10.18601\/01234366.n28.03<\/li>\n<li>2014, \u201cLa reducci\u00f3n del resarcimiento por culpa de la v\u00edctima: reflexiones a la luz del an\u00e1lisis de algunas fuentes romanas\u201d en Revista de Derecho Privado, Universidad Externado de Colombia, N\u00ba 27, 2014, pp. 35-67. Disponible en: http:\/\/www.scielo.org.co\/pdf\/rdp\/n27\/n27a03.pdf<\/li>\n<li>2014, \u201cResponsabilidad del Estado por falta de servicio: \u00abValenzuela Flores y otros con Fisco de Chile\u00bb (Rol N\u00ba 1629-2013)\u201d en: Revista Roma e America, N\u00ba 34\/2013, pp. 297-308. ISSN: 1125-7105.<\/li>\n<li>2013, \u201cResponsabilidad precontractual por ruptura injustificada de negociaciones\u201d. Comentario a Sentencia de Corte Suprema, Rol 1872\/2010. Revista Chilena de Derecho, vol. 40, N\u00ba 1, pp. 317-324. Disponible en: www.scielo.cl\/pdf\/rchilder\/v40n1\/art12.pdf, ISSN 0718-3437 -http:\/\/dx.doi.org\/10.4067\/S0718-34372013000100012<\/li>\n<li>2011, \u201cA prop\u00f3sito de un caso de culpa por omisi\u00f3n\u201d. Comentario a la sentencia de la Corte Suprema de 24 de diciembre de 2010 (Rol 29.853-2006), Revista de Derecho Universidad de Concepci\u00f3n, N\u00ba 229-230, 2012, pp. 199 \u2013 213. Disponible en: http:\/\/www.revistadederecho.com\/pdf.php?id=3116 ISSN: 0718-591X<\/li>\n<li>2010, \u201cEl criterio de \u2018lo razonable\u2019: Una herramienta para delimitar la carga del perjudicado de evitar o mitigar el da\u00f1o\u201d, en: Derecho y Justicia. Revista de la Escuela de Derecho de la Universidad Cat\u00f3lica Silva Henr\u00edquez, 2011, N\u00ba 1, pp. 43-66. Disponible en: http:\/\/www.derecho-ucsh.cl\/revista\/sanmartin.pdf, https:\/\/doi.org\/10.29344\/07196377.1.928<\/li>\n<li>2009, \u201cSobre la naturaleza jur\u00eddica de la \u2018cooperaci\u00f3n\u2019 del acreedor al cumplimiento de la obligaci\u00f3n: la posici\u00f3n din\u00e1mica del acreedor en la relaci\u00f3n obligatoria, como sujeto no s\u00f3lo de derechos, sino tambi\u00e9n de cargas y deberes\u201d, en: Revista de Derecho Universidad de Concepci\u00f3n, N\u00ba 225-226. Enero-Junio, Julio-Diciembre de 2009, pp. 135-196, pp. 11-24. Disponible en: http:\/\/www.revistadederecho.com\/pdf.php?id=3083 ISSN 0123-4366. Art\u00edculo publicado tambi\u00e9n en: Revista de Derecho Privado, Universidad Externado de Colombia, N\u00ba 21. Julio Diciembre de 2011, pp. 273-325. Disponible en: http:\/\/www.scielo.org.co\/pdf\/rdp\/n21\/n21a13.pdf<\/li>\n<li>2008, \u201cUniones civiles en Europa: la problem\u00e1tica italiana\u201d. En: Revista Debates Jur\u00eddicos, Universidad de Concepci\u00f3n, 1, pp. 11-24. P\u00e1gina 8 de 17 2007, Informe sobre las \u201cObras literarias publicadas en Chile con ocasi\u00f3n de los 150 a\u00f1os del C\u00f3digo Civil de Andr\u00e9s Bello\u201d. En: Revista \u201cRoma e America\u201d, publicaci\u00f3n del Centro de Estudios Latinoamericanos de la Universidad de Roma \u201cTor Vergata\u201d, N\u00ba 21, pp. 321-326.<\/li>\n<\/ul>\n<p><span>Otros:<\/span><\/p>\n<p><strong>Proyectos de investigaci\u00f3n<\/strong><\/p>\n<ul>\n<li>Coinvestigador en el proyecto FONDCYT Regular (N\u00ba 1221269) \u201cAproximaci\u00f3n a un modelo ret\u00f3rico-discursivo para las sentencias que razonan con normas indeterminadas\u201d. Investigador responsable: Claudio AG\u00dcERO SAN JUAN.<\/li>\n<li>Coinvestigador en el proyecto FONDECYT Regular (N\u00ba 1210127) \u201cInterpretaci\u00f3n de contratos. Exploraci\u00f3n de un modelo\u201d. Investigador responsable: Rodrigo COLOMA CORREA.<\/li>\n<li>Investigador responsable en el proyecto FONDECYT Regular 2017 (N\u00ba 1170686) \u201cLa responsabilidad civil derivada de desastres naturales\u201d.<\/li>\n<li>Investigador responsable en el proyecto FONDECYT Iniciaci\u00f3n 2014 (N\u00ba 11140246) \u201cLa culpa de la v\u00edctima como causa exclusiva o concurrente del da\u00f1o\u201d.<\/li>\n<li>Coinvestigador en el proyecto FONDECYT Regular 2016 (N\u00ba 1161025) \u201cAn\u00e1lisis diacr\u00f3nico de los trabajos dogm\u00e1ticos que formaron la Teor\u00eda Est\u00e1ndar de la Responsabilidad del Estado (1970-2015)\u201d. Investigador responsable: Claudio AG\u00dcERO SAN JUAN.<\/li>\n<li>Investigador asociado en el proyecto CONICYT SOC 1111 \u201cEstudios Hist\u00f3rico-Dogm\u00e1ticos de Derecho Patrimonial Privado: una mirada a los art\u00edculos de los Libros II y IV del C\u00f3digo Civil de Chile\u201d. Investigador responsable: Patricio CARVAJAL RAM\u00cdREZ.<\/li>\n<li>Colaborador externo en el proyecto FONDECYT (N\u00ba 1100949) \u201cResponsabilidad civil de las concesionarias de autopistas por da\u00f1os causados a usuarios y al medio ambiente con motivo de la ejecuci\u00f3n o explotaci\u00f3n de la obra: an\u00e1lisis cr\u00edtico de su funcionamiento y propuestas de racionalizaci\u00f3n\u201d. Investigador Responsable: Jos\u00e9 Luis DIEZ SCHWERTER, profesor de Derecho civil y comparado Universidad de Concepci\u00f3n.<\/li>\n<\/ul>\n<p><strong>Publicaciones<br \/>\n<\/strong><\/p>\n<p><em>Libros monogr\u00e1ficos:<\/em><\/p>\n<ul>\n<li>2022, \u201cResponsabilidad civil derivada de desastres naturales: los fen\u00f3menos naturales extremos frente a la responsabilidad civil\u201d, Tirant lo Blanch, Valencia, en prensa.<\/li>\n<li>2018, \u201cLa culpa de la v\u00edctima en la responsabilidad civil\u201d, Der Ediciones, Santiago, 277 pp. ISBN: 978-956-9959-24-0<\/li>\n<li>2012, \u201cLa carga del perjudicado de evitar o mitigar el da\u00f1o\u201d, Universidad Externado de Colombia, Bogot\u00e1, 465 pp. ISBN: 9789587108354<\/li>\n<\/ul>\n<p><em>Edici\u00f3n de obras colectivas:<\/em><\/p>\n<ul>\n<li>2020, \u201cPresente y futuro del derecho contractual. Actas del congreso internacional de 8 y 9 de noviembre de 2018\u201d, Barr\u00eda, Rodrigo, Ferrante, Alfredo, San Mart\u00edn, Lilian (editores), Thomson Reuters, Santiago, 2020, 456 pp. ISBN: 978-956-400-143-2<\/li>\n<li>2017, \u201cPresente y futuro de la responsabilidad civil. Actas del congreso internacional de 3 y 4 de noviembre de 2016\u201d, Barr\u00eda, Rodrigo, Ferrante, Alfredo, San Mart\u00edn, Lilian (editores), Thomson Reuters, Santiago, 2017, 380 pp. ISBN: 978-956-346-897-7<\/li>\n<li>2015, \u201cLa buena fe en la jurisprudencia: comentarios y an\u00e1lisis de sentencias\u201d, Thomson Reuters, Santiago de Chile, 2015, 539 pp. ISBN: 978-956-346-738-3<\/li>\n<\/ul>\n<p><em>Art\u00edculos en revistas:<\/em><\/p>\n<ul>\n<li>2021, \u201cResponsabilidad civil por da\u00f1os derivados de fen\u00f3menos naturales. Una revisi\u00f3n jurisprudencial\u201d, en Revista Chilena de Derecho Privado, N\u00ba 36, pp. 141-186. Disponible en: https:\/\/www.rchdp.cl\/index.php\/rchdp\/article\/view\/570 ISSN 0718-8072<\/li>\n<li>2021, \u201cEl caso fortuito en la responsabilidad civil extracontractual\u201d, en Revista Iuset Praxis, A\u00f1o 27, N\u00ba 2, 2021, pp. 3-20. Disponible en: https:\/\/scielo.conicyt.cl\/pdf\/iusetp\/v27n2\/0718-0012-iusetp-27-02-3.pdf ISSN 0718-6851<\/li>\n<li>2021, \u201cEl razonamiento probatorio en la causalidad en la responsabilidad civil: Los criterios jur\u00eddicos en que se funda la jurisprudencia chilena\u201d, junto a Jorge P\u00e1gina 6 de 17 Larroucau Torres, en Revista de Derecho Privado, Universidad Externado de Colombia, N\u00ba 40, 2021, pp. 329-359. Disponible en: https:\/\/revistas.uexternado.edu.co\/index.php\/derpri\/article\/view\/6928\/9494 ISSN digital 2346-2442<\/li>\n<li>2019, \u201cDesastres naturales y responsabilidad civil. identificaci\u00f3n de los desaf\u00edos que presenta esta categor\u00eda de hechos da\u00f1inos\u201d, en Revista de Derecho \u2013 Universidad Austral, volumen XXXII N\u00b0 2, pp. 123-142, Disponible en: https:\/\/www.revistaderechovaldivia.cl\/revder\/index.php?journal=revde&amp;amp;page=issue&amp;amp;op=view&amp;amp;path[]=58 ISSN 0718-0950<\/li>\n<li>2018, \u201cLas funciones de la razonabilidad en el derecho privado chileno\u201d, Revista de Derecho de la Pontificia Universidad Cat\u00f3lica de Valpara\u00edso, N.51 Valpara\u00edso dic. 2018, pp. 173-198. Disponible en: https:\/\/scielo.conicyt.cl\/pdf\/rdpucv\/n51\/0718-6851-rdpucv-00402.pdf ISSN 0718-6851 &#8211; http:\/\/dx.doi.org\/10.4067\/S0718-68512018005000402<\/li>\n<li>2018, \u201cLa imputabilidad o capacidad como elemento de la responsabilidad civil\u201d, en Revista Ius et Praxis, A\u00f1o 24, N\u00ba 1, 2018, pp. 553 \u2013 592. Disponible en: http:\/\/www.revistaiepraxis.cl\/index.php\/iepraxis\/article\/view\/1089\/550 ISSN0718-0012 &#8211; http:\/\/dx.doi.org\/10.4067\/S0718-00122018000100533<\/li>\n<li>2016, \u201cCulpa concurrente de la v\u00edctima y da\u00f1o por rebote o repercusi\u00f3n\u201d, en Revista de Derecho Pontificia Universidad Cat\u00f3lica de Valpara\u00edso, vol. 47, N\u00ba 2, pp. 151-177. Disponible en: http:\/\/www.scielo.cl\/pdf\/rdpucv\/n47\/art05.pdf, ISSN 0718-6851 &#8211; http:\/\/dx.doi.org\/10.4067\/S0718-68512016000200005<\/li>\n<li>2016, \u201cEl quantum indemnizatorio en caso de culpa concurrente de la v\u00edctima. Su posible revisi\u00f3n v\u00eda casaci\u00f3n\u201d, en Revista de Derecho \u2013 Universidad de Concepci\u00f3n, N\u00ba 240, 2016, pp. 41-74. Disponible en: www.revistadederecho.com\/pdf.php?id=3198 ISSN: 0718-591X<\/li>\n<li>2016, \u201cLa frontera entre culpa exclusiva y concurrente de la v\u00edctima en la producci\u00f3n del da\u00f1o a la luz de la jurisprudencia chilena\u201d, en Revista Chilena de Derecho Privado, N\u00ba 27, pp. 4-44. Disponible en: http:\/\/www.scielo.cl\/pdf\/rchdp\/n27\/art01.pdf ISSN 0718-8072<\/li>\n<li>2016, \u201cContrato para la confecci\u00f3n de obra material naturaleza jur\u00eddica y otros problemas dogm\u00e1ticos\u201d, en Revista de Derecho Facultad de Ciencias Jur\u00eddicas Universidad Cat\u00f3lica del Norte (RDUCN), vol. 23, N\u00ba 2, pp. 145-179. Disponible en: http:\/\/www.scielo.cl\/pdf\/rducn\/v23n2\/art05.pdf ISSN 0718-9753 &#8211; http:\/\/dx.doi.org\/10.4067\/S0718-97532016000200005<\/li>\n<li>2015, \u201cLa teor\u00eda de la inexistencia y su falta de cabida en el c\u00f3digo civil chileno\u201d, en Revista Chilena de Derecho, vol. 42, N\u00ba 3, pp. 745-784. Disponible en: http:\/\/www.scielo.cl\/pdf\/rchilder\/v42n3\/art02.pdf ISSN 0718-3437 &#8211; http:\/\/dx.doi.org\/10.4067\/S0718-34372015000300002 P\u00e1gina 7 de 17<\/li>\n<li>2015, \u201cLa cl\u00e1usula \u201cex fide bona\u201d y su influencia en el \u201cquantum respondeatur\u201d como herramienta para recuperar el equilibrio patrimonial en derecho romano. Los ejemplos de D.19.1. 13pr. y D.19.2.33, Revista de Derecho Privado, Universidad Externado de Colombia, N\u00ba 28, 2015, pp. 47-77. Disponible en: http:\/\/www.scielo.org.co\/pdf\/rdp\/n28\/n28a03.pdf, ISSN: 0123- 4366 &#8211; http:\/\/dx.doi.org\/10.18601\/01234366.n28.03<\/li>\n<li>2014, \u201cLa reducci\u00f3n del resarcimiento por culpa de la v\u00edctima: reflexiones a la luz del an\u00e1lisis de algunas fuentes romanas\u201d en Revista de Derecho Privado, Universidad Externado de Colombia, N\u00ba 27, 2014, pp. 35-67. Disponible en: http:\/\/www.scielo.org.co\/pdf\/rdp\/n27\/n27a03.pdf<\/li>\n<li>2014, \u201cResponsabilidad del Estado por falta de servicio: \u00abValenzuela Flores y otros con Fisco de Chile\u00bb (Rol N\u00ba 1629-2013)\u201d en: Revista Roma e America, N\u00ba 34\/2013, pp. 297-308. ISSN: 1125-7105.<\/li>\n<li>2013, \u201cResponsabilidad precontractual por ruptura injustificada de negociaciones\u201d. Comentario a Sentencia de Corte Suprema, Rol 1872\/2010. Revista Chilena de Derecho, vol. 40, N\u00ba 1, pp. 317-324. Disponible en: www.scielo.cl\/pdf\/rchilder\/v40n1\/art12.pdf, ISSN 0718-3437 -http:\/\/dx.doi.org\/10.4067\/S0718-34372013000100012<\/li>\n<li>2011, \u201cA prop\u00f3sito de un caso de culpa por omisi\u00f3n\u201d. Comentario a la sentencia de la Corte Suprema de 24 de diciembre de 2010 (Rol 29.853-2006), Revista de Derecho Universidad de Concepci\u00f3n, N\u00ba 229-230, 2012, pp. 199 \u2013 213. Disponible en: http:\/\/www.revistadederecho.com\/pdf.php?id=3116 ISSN: 0718-591X<\/li>\n<li>2010, \u201cEl criterio de \u2018lo razonable\u2019: Una herramienta para delimitar la carga del perjudicado de evitar o mitigar el da\u00f1o\u201d, en: Derecho y Justicia. Revista de la Escuela de Derecho de la Universidad Cat\u00f3lica Silva Henr\u00edquez, 2011, N\u00ba 1, pp. 43-66. Disponible en: http:\/\/www.derecho-ucsh.cl\/revista\/sanmartin.pdf, https:\/\/doi.org\/10.29344\/07196377.1.928<\/li>\n<li>2009, \u201cSobre la naturaleza jur\u00eddica de la \u2018cooperaci\u00f3n\u2019 del acreedor al cumplimiento de la obligaci\u00f3n: la posici\u00f3n din\u00e1mica del acreedor en la relaci\u00f3n obligatoria, como sujeto no s\u00f3lo de derechos, sino tambi\u00e9n de cargas y deberes\u201d, en: Revista de Derecho Universidad de Concepci\u00f3n, N\u00ba 225-226. Enero-Junio, Julio-Diciembre de 2009, pp. 135-196, pp. 11-24. Disponible en: http:\/\/www.revistadederecho.com\/pdf.php?id=3083 ISSN 0123-4366. Art\u00edculo publicado tambi\u00e9n en: Revista de Derecho Privado, Universidad Externado de Colombia, N\u00ba 21. Julio Diciembre de 2011, pp. 273-325. Disponible en: http:\/\/www.scielo.org.co\/pdf\/rdp\/n21\/n21a13.pdf<\/li>\n<li>2008, \u201cUniones civiles en Europa: la problem\u00e1tica italiana\u201d. En: Revista Debates Jur\u00eddicos, Universidad de Concepci\u00f3n, 1, pp. 11-24. P\u00e1gina 8 de 17 2007, Informe sobre las \u201cObras literarias publicadas en Chile con ocasi\u00f3n de los 150 a\u00f1os del C\u00f3digo Civil de Andr\u00e9s Bello\u201d. En: Revista \u201cRoma e America\u201d, publicaci\u00f3n del Centro de Estudios Latinoamericanos de la Universidad de Roma \u201cTor Vergata\u201d, N\u00ba 21, pp. 321-326.<\/li>\n<\/ul><\/div>\n<\/p><\/div>\n<\/div>\n","_links":{"self":[{"href":"https:\/\/derecho.udd.cl\/doctorado\/wp-json\/wp\/v2\/people\/414","targetHints":{"allow":["GET"]}}],"collection":[{"href":"https:\/\/derecho.udd.cl\/doctorado\/wp-json\/wp\/v2\/people"}],"about":[{"href":"https:\/\/derecho.udd.cl\/doctorado\/wp-json\/wp\/v2\/types\/person"}],"author":[{"embeddable":true,"href":"https:\/\/derecho.udd.cl\/doctorado\/wp-json\/wp\/v2\/users\/70"}],"version-history":[{"count":2,"href":"https:\/\/derecho.udd.cl\/doctorado\/wp-json\/wp\/v2\/people\/414\/revisions"}],"predecessor-version":[{"id":1316,"href":"https:\/\/derecho.udd.cl\/doctorado\/wp-json\/wp\/v2\/people\/414\/revisions\/1316"}],"wp:featuredmedia":[{"embeddable":true,"href":"https:\/\/derecho.udd.cl\/doctorado\/wp-json\/wp\/v2\/media\/745"}],"wp:attachment":[{"href":"https:\/\/derecho.udd.cl\/doctorado\/wp-json\/wp\/v2\/media?parent=414"}],"wp:term":[{"taxonomy":"people_tax","embeddable":true,"href":"https:\/\/derecho.udd.cl\/doctorado\/wp-json\/wp\/v2\/people_tax?post=414"}],"curies":[{"name":"wp","href":"https:\/\/api.w.org\/{rel}","templated":true}]}}