{"id":122,"date":"2022-07-20T22:26:19","date_gmt":"2022-07-20T22:26:19","guid":{"rendered":"https:\/\/derecho.udd.cl\/doctorado\/?post_type=person&#038;p=122"},"modified":"2026-04-17T12:57:09","modified_gmt":"2026-04-17T16:57:09","slug":"eduardo-andrades-rivas","status":"publish","type":"person","link":"https:\/\/derecho.udd.cl\/doctorado\/persona\/eduardo-andrades-rivas\/","title":{"rendered":"Eduardo  Andrades Rivas"},"content":{"rendered":"<p><span>Otros<\/span><\/p>\n<p><strong>Publicaciones:<br \/>\n<\/strong><br \/>\nPublicaciones de los \u00faltimos 5 a\u00f1os, de m\u00e1s de 100 en total:<\/p>\n<ul>\n<li>\u201cEl significado hist\u00f3rico-jur\u00eddico de las Leyes Teodoricianas\u201d, en Revista de Estudios Hist\u00f3rico Jur\u00eddicos, N\u00b0 XXXVIII, 2016, 47-75<\/li>\n<li>Cap\u00edtulo de Libro: \u201cNotas sobre la Conquista de Chile, el Derecho Indiano y la esclavitud de los ind\u00edgenas\u201d, en Thomas Duve (coordinador), Actas del XIX Congreso del Instituto Internacional de Historia del Derecho Indiano, tomo II, Berl\u00edn, 2016, pp. 899-917.<\/li>\n<li>Cap\u00edtulo de Libro: \u201cLos Partidos Pol\u00edticos y su relaci\u00f3n con el r\u00e9gimen de gobierno en Chile\u201d, en Alvear T\u00e9llez, Julio y Covarrubias Cuevas, Ignacio (editores), Desaf\u00edos Constitucionales, propiedad, debido proceso, libertad religiosa, r\u00e9gimen pol\u00edtico y administrativo, Tirant lo Blanch, Valencia, 2017, pp. 127-162.<\/li>\n<li>\u201cEl laicismo en el Chile decimon\u00f3nico y \u2018La secularizaci\u00f3n de las instituciones\u2019\u201d, en Fuego y Raya, a\u00f1o 7, N\u00b0 14, 2017, pp. 103-148.<\/li>\n<li>\u201cLa transformaci\u00f3n de la ciudadan\u00eda romana en el fin del Imperio\u201d, Revista de Estudios Hist\u00f3rico Jur\u00eddicos, N\u00ba XXXIX, Noviembre, 2017, pp. 61-83.<\/li>\n<li>Cap\u00edtulo de Libro: \u201cLa revoluci\u00f3n rusa en la historia\u201d, en Roa Vial, Armando (editor), Rusia 1917, la utop\u00eda de la hoz y el martillo, RIL editores, Santiago de Chile, 2017, pp. 11 a 31.<br \/>\nLibro: Textos fundamentales para el estudio de la Historia del Derecho, Editorial El Jurista, Santiago de Chile, 2017, 742 pp.<\/li>\n<li>\u201cNotas cr\u00edticas sobre la legalidad del proceso a don Tom\u00e1s de Figueroa\u201d, Revista de Derecho P\u00fablico Iberoamericano, UDD, Santiago de Chile, 2018, pp. 75-100.<\/li>\n<li>\u201cLa incultura en que Espa\u00f1a manten\u00eda a sus colonias\u201d, Dos t\u00f3picos del mito fundacional republicano en Chile, Revista de Estudios Hist\u00f3rico Jur\u00eddicos, N\u00b0 XL, Noviembre, 2018, pp. 283-308.<\/li>\n<li>\u201cLas ideas pol\u00edticas en el Chile de fines del siglo XVIII: Entre el Barroco y el Absolutismo\u201d, Revista Actualidad Jur\u00eddica, N\u00b0 40, julio, 2019, pp. 443-462.<\/li>\n<li>Cap\u00edtulo de Libro: \u201cLa Monarqu\u00eda Hisp\u00e1nica y el Estado de Derecho en Indias\u201d, en El Estado de Derecho en el mundo Hisp\u00e1nico, Cerda Costabal, Jos\u00e9 Manuel (editor), Tribunal Constitucional, Santiago, 2019, pp. 73-89.<\/li>\n<li>\u201cLa Monarqu\u00eda Hisp\u00e1nica y el Estado de Derecho en Indias\u201d, Revista Ius Publicum, N\u00b0 43, 2019, pp. 17-48.<\/li>\n<li>\u201cJaime Eyzaguirre Guti\u00e9rrez, universitario, historiador y maestro, semblanza de medio siglo\u201d, en revista Fuego y Raya N\u00b0 18, 2019 pp. 89-120.<\/li>\n<li>Art\u00edculo de libro: \u201cSantiago ap\u00f3stol, tres veces patrono en Chile\u201d, en Actas X Congreso Internacional de estudios Jacobeos, diciembre, 2020, pp. 265-279.<\/li>\n<li>\u201cLa Real Audiencia de Chile en el ocaso del Reino, 1810-1811\u201d, en Torres Aguilar, Manuel et al (Coordinadores) Poder, Sociedad y Administraci\u00f3n de Justicia en la Am\u00e9rica Hisp\u00e1nica, (Siglos XVI-XIX), volumen II, Universidad Internacional de Andaluc\u00eda, Huelva, 2021.<\/li>\n<li>\u201cLas dos historias de la secesi\u00f3n chilena, Fray Melchor Mart\u00ednez y Claudio Gay, historiadores de la llamada \u2018Independencia\u2019\u201d, en Fuego y Raya, a\u00f1o 11, N\u00b0 21, abril 2021, pp. 59-82<\/li>\n<li>Libro: El ocaso del Reino, editorial Dykinson, Madrid, septiembre, 2021, 436 pp.\u201cFraude constitucional\u201d, en revista Actualidad Jur\u00eddica, N\u00b0 45, 2022, pp. 113-133.<\/li>\n<\/ul>\n","protected":false},"author":70,"featured_media":124,"template":"","people_tax":[3],"class_list":["post-122","person","type-person","status-publish","has-post-thumbnail","hentry","people_tax-doctorado"],"yoast_head":"<!-- This site is optimized with the Yoast SEO plugin v26.9 - https:\/\/yoast.com\/product\/yoast-seo-wordpress\/ -->\n<title>Eduardo Andrades Rivas - DOCTORADO EN DERECHO<\/title>\n<meta name=\"robots\" content=\"index, follow, max-snippet:-1, max-image-preview:large, max-video-preview:-1\" \/>\n<link rel=\"canonical\" href=\"https:\/\/derecho.udd.cl\/doctorado\/persona\/eduardo-andrades-rivas\/\" \/>\n<meta property=\"og:locale\" content=\"es_ES\" \/>\n<meta property=\"og:type\" content=\"article\" \/>\n<meta property=\"og:title\" content=\"Eduardo Andrades Rivas - DOCTORADO EN DERECHO\" \/>\n<meta property=\"og:description\" content=\"Otros Publicaciones: Publicaciones de los \u00faltimos 5 a\u00f1os, de m\u00e1s de 100 en total: \u201cEl significado hist\u00f3rico-jur\u00eddico de las Leyes Teodoricianas\u201d, en Revista de Estudios Hist\u00f3rico Jur\u00eddicos, N\u00b0 XXXVIII, 2016, 47-75 Cap\u00edtulo de Libro: \u201cNotas sobre la Conquista de Chile, el Derecho Indiano y la esclavitud de los ind\u00edgenas\u201d, en Thomas Duve (coordinador), Actas del [&hellip;]\" \/>\n<meta property=\"og:url\" content=\"https:\/\/derecho.udd.cl\/doctorado\/persona\/eduardo-andrades-rivas\/\" \/>\n<meta property=\"og:site_name\" content=\"DOCTORADO EN DERECHO\" \/>\n<meta property=\"article:modified_time\" content=\"2026-04-17T16:57:09+00:00\" \/>\n<meta property=\"og:image\" content=\"https:\/\/derecho.udd.cl\/doctorado\/files\/2022\/07\/eduardo-andradesfoto-5-300x300-1.jpeg\" \/>\n\t<meta property=\"og:image:width\" content=\"300\" \/>\n\t<meta property=\"og:image:height\" content=\"300\" \/>\n\t<meta property=\"og:image:type\" content=\"image\/jpeg\" \/>\n<meta name=\"twitter:card\" content=\"summary_large_image\" \/>\n<meta name=\"twitter:label1\" content=\"Tiempo de lectura\" \/>\n\t<meta name=\"twitter:data1\" content=\"2 minutos\" \/>\n<script type=\"application\/ld+json\" class=\"yoast-schema-graph\">{\"@context\":\"https:\/\/schema.org\",\"@graph\":[{\"@type\":\"WebPage\",\"@id\":\"https:\/\/derecho.udd.cl\/doctorado\/persona\/eduardo-andrades-rivas\/\",\"url\":\"https:\/\/derecho.udd.cl\/doctorado\/persona\/eduardo-andrades-rivas\/\",\"name\":\"Eduardo Andrades Rivas - DOCTORADO EN DERECHO\",\"isPartOf\":{\"@id\":\"https:\/\/derecho.udd.cl\/doctorado\/#website\"},\"primaryImageOfPage\":{\"@id\":\"https:\/\/derecho.udd.cl\/doctorado\/persona\/eduardo-andrades-rivas\/#primaryimage\"},\"image\":{\"@id\":\"https:\/\/derecho.udd.cl\/doctorado\/persona\/eduardo-andrades-rivas\/#primaryimage\"},\"thumbnailUrl\":\"https:\/\/derecho.udd.cl\/doctorado\/files\/2022\/07\/eduardo-andradesfoto-5-300x300-1.jpeg\",\"datePublished\":\"2022-07-20T22:26:19+00:00\",\"dateModified\":\"2026-04-17T16:57:09+00:00\",\"breadcrumb\":{\"@id\":\"https:\/\/derecho.udd.cl\/doctorado\/persona\/eduardo-andrades-rivas\/#breadcrumb\"},\"inLanguage\":\"es\",\"potentialAction\":[{\"@type\":\"ReadAction\",\"target\":[\"https:\/\/derecho.udd.cl\/doctorado\/persona\/eduardo-andrades-rivas\/\"]}]},{\"@type\":\"ImageObject\",\"inLanguage\":\"es\",\"@id\":\"https:\/\/derecho.udd.cl\/doctorado\/persona\/eduardo-andrades-rivas\/#primaryimage\",\"url\":\"https:\/\/derecho.udd.cl\/doctorado\/files\/2022\/07\/eduardo-andradesfoto-5-300x300-1.jpeg\",\"contentUrl\":\"https:\/\/derecho.udd.cl\/doctorado\/files\/2022\/07\/eduardo-andradesfoto-5-300x300-1.jpeg\",\"width\":300,\"height\":300},{\"@type\":\"BreadcrumbList\",\"@id\":\"https:\/\/derecho.udd.cl\/doctorado\/persona\/eduardo-andrades-rivas\/#breadcrumb\",\"itemListElement\":[{\"@type\":\"ListItem\",\"position\":1,\"name\":\"Portada\",\"item\":\"https:\/\/derecho.udd.cl\/doctorado\/\"},{\"@type\":\"ListItem\",\"position\":2,\"name\":\"Personas\",\"item\":\"https:\/\/derecho.udd.cl\/doctorado\/persona\/\"},{\"@type\":\"ListItem\",\"position\":3,\"name\":\"Eduardo Andrades Rivas\"}]},{\"@type\":\"WebSite\",\"@id\":\"https:\/\/derecho.udd.cl\/doctorado\/#website\",\"url\":\"https:\/\/derecho.udd.cl\/doctorado\/\",\"name\":\"DOCTORADO EN DERECHO\",\"description\":\"Facultad de Derecho UDD\",\"inLanguage\":\"es\"}]}<\/script>\n<!-- \/ Yoast SEO plugin. -->","yoast_head_json":{"title":"Eduardo Andrades Rivas - DOCTORADO EN DERECHO","robots":{"index":"index","follow":"follow","max-snippet":"max-snippet:-1","max-image-preview":"max-image-preview:large","max-video-preview":"max-video-preview:-1"},"canonical":"https:\/\/derecho.udd.cl\/doctorado\/persona\/eduardo-andrades-rivas\/","og_locale":"es_ES","og_type":"article","og_title":"Eduardo Andrades Rivas - DOCTORADO EN DERECHO","og_description":"Otros Publicaciones: Publicaciones de los \u00faltimos 5 a\u00f1os, de m\u00e1s de 100 en total: \u201cEl significado hist\u00f3rico-jur\u00eddico de las Leyes Teodoricianas\u201d, en Revista de Estudios Hist\u00f3rico Jur\u00eddicos, N\u00b0 XXXVIII, 2016, 47-75 Cap\u00edtulo de Libro: \u201cNotas sobre la Conquista de Chile, el Derecho Indiano y la esclavitud de los ind\u00edgenas\u201d, en Thomas Duve (coordinador), Actas del [&hellip;]","og_url":"https:\/\/derecho.udd.cl\/doctorado\/persona\/eduardo-andrades-rivas\/","og_site_name":"DOCTORADO EN DERECHO","article_modified_time":"2026-04-17T16:57:09+00:00","og_image":[{"width":300,"height":300,"url":"https:\/\/derecho.udd.cl\/doctorado\/files\/2022\/07\/eduardo-andradesfoto-5-300x300-1.jpeg","type":"image\/jpeg"}],"twitter_card":"summary_large_image","twitter_misc":{"Tiempo de lectura":"2 minutos"},"schema":{"@context":"https:\/\/schema.org","@graph":[{"@type":"WebPage","@id":"https:\/\/derecho.udd.cl\/doctorado\/persona\/eduardo-andrades-rivas\/","url":"https:\/\/derecho.udd.cl\/doctorado\/persona\/eduardo-andrades-rivas\/","name":"Eduardo Andrades Rivas - DOCTORADO EN DERECHO","isPartOf":{"@id":"https:\/\/derecho.udd.cl\/doctorado\/#website"},"primaryImageOfPage":{"@id":"https:\/\/derecho.udd.cl\/doctorado\/persona\/eduardo-andrades-rivas\/#primaryimage"},"image":{"@id":"https:\/\/derecho.udd.cl\/doctorado\/persona\/eduardo-andrades-rivas\/#primaryimage"},"thumbnailUrl":"https:\/\/derecho.udd.cl\/doctorado\/files\/2022\/07\/eduardo-andradesfoto-5-300x300-1.jpeg","datePublished":"2022-07-20T22:26:19+00:00","dateModified":"2026-04-17T16:57:09+00:00","breadcrumb":{"@id":"https:\/\/derecho.udd.cl\/doctorado\/persona\/eduardo-andrades-rivas\/#breadcrumb"},"inLanguage":"es","potentialAction":[{"@type":"ReadAction","target":["https:\/\/derecho.udd.cl\/doctorado\/persona\/eduardo-andrades-rivas\/"]}]},{"@type":"ImageObject","inLanguage":"es","@id":"https:\/\/derecho.udd.cl\/doctorado\/persona\/eduardo-andrades-rivas\/#primaryimage","url":"https:\/\/derecho.udd.cl\/doctorado\/files\/2022\/07\/eduardo-andradesfoto-5-300x300-1.jpeg","contentUrl":"https:\/\/derecho.udd.cl\/doctorado\/files\/2022\/07\/eduardo-andradesfoto-5-300x300-1.jpeg","width":300,"height":300},{"@type":"BreadcrumbList","@id":"https:\/\/derecho.udd.cl\/doctorado\/persona\/eduardo-andrades-rivas\/#breadcrumb","itemListElement":[{"@type":"ListItem","position":1,"name":"Portada","item":"https:\/\/derecho.udd.cl\/doctorado\/"},{"@type":"ListItem","position":2,"name":"Personas","item":"https:\/\/derecho.udd.cl\/doctorado\/persona\/"},{"@type":"ListItem","position":3,"name":"Eduardo Andrades Rivas"}]},{"@type":"WebSite","@id":"https:\/\/derecho.udd.cl\/doctorado\/#website","url":"https:\/\/derecho.udd.cl\/doctorado\/","name":"DOCTORADO EN DERECHO","description":"Facultad de Derecho UDD","inLanguage":"es"}]}},"email":"","tel_job":"","role":"","modal":"<div class=\"person-modal person-modal--scl\">\n<header class=\"person-modal__header\">\n<div class=\"person-modal__bg\"><\/div>\n<div class=\"modal-container\">\n<div class=\"person-modal__media\">\n\t\t\t\t<img decoding=\"async\" width=\"300\" height=\"300\" src=\"https:\/\/derecho.udd.cl\/doctorado\/files\/2022\/07\/eduardo-andradesfoto-5-300x300-1-62x62.jpeg\" class=\"person-modal__image wp-post-image lazyload\" alt=\"\" loading=\"lazy\" data-src=\"https:\/\/derecho.udd.cl\/doctorado\/files\/2022\/07\/eduardo-andradesfoto-5-300x300-1.jpeg\" data-srcset=\"https:\/\/derecho.udd.cl\/doctorado\/files\/2022\/07\/eduardo-andradesfoto-5-300x300-1.jpeg 300w, https:\/\/derecho.udd.cl\/doctorado\/files\/2022\/07\/eduardo-andradesfoto-5-300x300-1-150x150.jpeg 150w, https:\/\/derecho.udd.cl\/doctorado\/files\/2022\/07\/eduardo-andradesfoto-5-300x300-1-62x62.jpeg 62w, https:\/\/derecho.udd.cl\/doctorado\/files\/2022\/07\/eduardo-andradesfoto-5-300x300-1-250x250.jpeg 250w, https:\/\/derecho.udd.cl\/doctorado\/files\/2022\/07\/eduardo-andradesfoto-5-300x300-1-126x126.jpeg 126w\" \/>\t\t\t<\/div>\n<div class=\"person-modal__data\">\n<h1 class=\"person-modal__name\">Eduardo  Andrades Rivas<\/h1>\n<\/p><\/div>\n<\/p><\/div>\n<\/header>\n<div class=\"modal-container\">\n<div class=\"person-modal__content text\">\n<ul>\n<li>Doctor en Historia del Derecho UNED, Espa\u00f1a<\/li>\n<li>Mag\u00edster en Derecho P\u00fablico, UNED, Espa\u00f1a.<\/li>\n<li>Mag\u00edster en Humanidades, menci\u00f3n en Historia Cl\u00e1sica, Universidad del Desarrollo, Concepci\u00f3n.<\/li>\n<li>Mag\u00edster en Instituciones Pol\u00edticas Europeas, Universidad de Castilla La Mancha.<\/li>\n<li>Mag\u00edster en Derecho Constitucional, Universidad de Salamanca.<\/li>\n<li>Abogado Universidad del Desarrollo<\/li>\n<\/ul>\n<p><span>Otros<\/span><\/p>\n<p><strong>Publicaciones:<br \/>\n<\/strong><br \/>\nPublicaciones de los \u00faltimos 5 a\u00f1os, de m\u00e1s de 100 en total:<\/p>\n<ul>\n<li>\u201cEl significado hist\u00f3rico-jur\u00eddico de las Leyes Teodoricianas\u201d, en Revista de Estudios Hist\u00f3rico Jur\u00eddicos, N\u00b0 XXXVIII, 2016, 47-75<\/li>\n<li>Cap\u00edtulo de Libro: \u201cNotas sobre la Conquista de Chile, el Derecho Indiano y la esclavitud de los ind\u00edgenas\u201d, en Thomas Duve (coordinador), Actas del XIX Congreso del Instituto Internacional de Historia del Derecho Indiano, tomo II, Berl\u00edn, 2016, pp. 899-917.<\/li>\n<li>Cap\u00edtulo de Libro: \u201cLos Partidos Pol\u00edticos y su relaci\u00f3n con el r\u00e9gimen de gobierno en Chile\u201d, en Alvear T\u00e9llez, Julio y Covarrubias Cuevas, Ignacio (editores), Desaf\u00edos Constitucionales, propiedad, debido proceso, libertad religiosa, r\u00e9gimen pol\u00edtico y administrativo, Tirant lo Blanch, Valencia, 2017, pp. 127-162.<\/li>\n<li>\u201cEl laicismo en el Chile decimon\u00f3nico y \u2018La secularizaci\u00f3n de las instituciones\u2019\u201d, en Fuego y Raya, a\u00f1o 7, N\u00b0 14, 2017, pp. 103-148.<\/li>\n<li>\u201cLa transformaci\u00f3n de la ciudadan\u00eda romana en el fin del Imperio\u201d, Revista de Estudios Hist\u00f3rico Jur\u00eddicos, N\u00ba XXXIX, Noviembre, 2017, pp. 61-83.<\/li>\n<li>Cap\u00edtulo de Libro: \u201cLa revoluci\u00f3n rusa en la historia\u201d, en Roa Vial, Armando (editor), Rusia 1917, la utop\u00eda de la hoz y el martillo, RIL editores, Santiago de Chile, 2017, pp. 11 a 31.<br \/>\nLibro: Textos fundamentales para el estudio de la Historia del Derecho, Editorial El Jurista, Santiago de Chile, 2017, 742 pp.<\/li>\n<li>\u201cNotas cr\u00edticas sobre la legalidad del proceso a don Tom\u00e1s de Figueroa\u201d, Revista de Derecho P\u00fablico Iberoamericano, UDD, Santiago de Chile, 2018, pp. 75-100.<\/li>\n<li>\u201cLa incultura en que Espa\u00f1a manten\u00eda a sus colonias\u201d, Dos t\u00f3picos del mito fundacional republicano en Chile, Revista de Estudios Hist\u00f3rico Jur\u00eddicos, N\u00b0 XL, Noviembre, 2018, pp. 283-308.<\/li>\n<li>\u201cLas ideas pol\u00edticas en el Chile de fines del siglo XVIII: Entre el Barroco y el Absolutismo\u201d, Revista Actualidad Jur\u00eddica, N\u00b0 40, julio, 2019, pp. 443-462.<\/li>\n<li>Cap\u00edtulo de Libro: \u201cLa Monarqu\u00eda Hisp\u00e1nica y el Estado de Derecho en Indias\u201d, en El Estado de Derecho en el mundo Hisp\u00e1nico, Cerda Costabal, Jos\u00e9 Manuel (editor), Tribunal Constitucional, Santiago, 2019, pp. 73-89.<\/li>\n<li>\u201cLa Monarqu\u00eda Hisp\u00e1nica y el Estado de Derecho en Indias\u201d, Revista Ius Publicum, N\u00b0 43, 2019, pp. 17-48.<\/li>\n<li>\u201cJaime Eyzaguirre Guti\u00e9rrez, universitario, historiador y maestro, semblanza de medio siglo\u201d, en revista Fuego y Raya N\u00b0 18, 2019 pp. 89-120.<\/li>\n<li>Art\u00edculo de libro: \u201cSantiago ap\u00f3stol, tres veces patrono en Chile\u201d, en Actas X Congreso Internacional de estudios Jacobeos, diciembre, 2020, pp. 265-279.<\/li>\n<li>\u201cLa Real Audiencia de Chile en el ocaso del Reino, 1810-1811\u201d, en Torres Aguilar, Manuel et al (Coordinadores) Poder, Sociedad y Administraci\u00f3n de Justicia en la Am\u00e9rica Hisp\u00e1nica, (Siglos XVI-XIX), volumen II, Universidad Internacional de Andaluc\u00eda, Huelva, 2021.<\/li>\n<li>\u201cLas dos historias de la secesi\u00f3n chilena, Fray Melchor Mart\u00ednez y Claudio Gay, historiadores de la llamada \u2018Independencia\u2019\u201d, en Fuego y Raya, a\u00f1o 11, N\u00b0 21, abril 2021, pp. 59-82<\/li>\n<li>Libro: El ocaso del Reino, editorial Dykinson, Madrid, septiembre, 2021, 436 pp.\u201cFraude constitucional\u201d, en revista Actualidad Jur\u00eddica, N\u00b0 45, 2022, pp. 113-133.<\/li>\n<\/ul>\n<p><span>Otros<\/span><\/p>\n<p><strong>Publicaciones:<br \/>\n<\/strong><br \/>\nPublicaciones de los \u00faltimos 5 a\u00f1os, de m\u00e1s de 100 en total:<\/p>\n<ul>\n<li>\u201cEl significado hist\u00f3rico-jur\u00eddico de las Leyes Teodoricianas\u201d, en Revista de Estudios Hist\u00f3rico Jur\u00eddicos, N\u00b0 XXXVIII, 2016, 47-75<\/li>\n<li>Cap\u00edtulo de Libro: \u201cNotas sobre la Conquista de Chile, el Derecho Indiano y la esclavitud de los ind\u00edgenas\u201d, en Thomas Duve (coordinador), Actas del XIX Congreso del Instituto Internacional de Historia del Derecho Indiano, tomo II, Berl\u00edn, 2016, pp. 899-917.<\/li>\n<li>Cap\u00edtulo de Libro: \u201cLos Partidos Pol\u00edticos y su relaci\u00f3n con el r\u00e9gimen de gobierno en Chile\u201d, en Alvear T\u00e9llez, Julio y Covarrubias Cuevas, Ignacio (editores), Desaf\u00edos Constitucionales, propiedad, debido proceso, libertad religiosa, r\u00e9gimen pol\u00edtico y administrativo, Tirant lo Blanch, Valencia, 2017, pp. 127-162.<\/li>\n<li>\u201cEl laicismo en el Chile decimon\u00f3nico y \u2018La secularizaci\u00f3n de las instituciones\u2019\u201d, en Fuego y Raya, a\u00f1o 7, N\u00b0 14, 2017, pp. 103-148.<\/li>\n<li>\u201cLa transformaci\u00f3n de la ciudadan\u00eda romana en el fin del Imperio\u201d, Revista de Estudios Hist\u00f3rico Jur\u00eddicos, N\u00ba XXXIX, Noviembre, 2017, pp. 61-83.<\/li>\n<li>Cap\u00edtulo de Libro: \u201cLa revoluci\u00f3n rusa en la historia\u201d, en Roa Vial, Armando (editor), Rusia 1917, la utop\u00eda de la hoz y el martillo, RIL editores, Santiago de Chile, 2017, pp. 11 a 31.<br \/>\nLibro: Textos fundamentales para el estudio de la Historia del Derecho, Editorial El Jurista, Santiago de Chile, 2017, 742 pp.<\/li>\n<li>\u201cNotas cr\u00edticas sobre la legalidad del proceso a don Tom\u00e1s de Figueroa\u201d, Revista de Derecho P\u00fablico Iberoamericano, UDD, Santiago de Chile, 2018, pp. 75-100.<\/li>\n<li>\u201cLa incultura en que Espa\u00f1a manten\u00eda a sus colonias\u201d, Dos t\u00f3picos del mito fundacional republicano en Chile, Revista de Estudios Hist\u00f3rico Jur\u00eddicos, N\u00b0 XL, Noviembre, 2018, pp. 283-308.<\/li>\n<li>\u201cLas ideas pol\u00edticas en el Chile de fines del siglo XVIII: Entre el Barroco y el Absolutismo\u201d, Revista Actualidad Jur\u00eddica, N\u00b0 40, julio, 2019, pp. 443-462.<\/li>\n<li>Cap\u00edtulo de Libro: \u201cLa Monarqu\u00eda Hisp\u00e1nica y el Estado de Derecho en Indias\u201d, en El Estado de Derecho en el mundo Hisp\u00e1nico, Cerda Costabal, Jos\u00e9 Manuel (editor), Tribunal Constitucional, Santiago, 2019, pp. 73-89.<\/li>\n<li>\u201cLa Monarqu\u00eda Hisp\u00e1nica y el Estado de Derecho en Indias\u201d, Revista Ius Publicum, N\u00b0 43, 2019, pp. 17-48.<\/li>\n<li>\u201cJaime Eyzaguirre Guti\u00e9rrez, universitario, historiador y maestro, semblanza de medio siglo\u201d, en revista Fuego y Raya N\u00b0 18, 2019 pp. 89-120.<\/li>\n<li>Art\u00edculo de libro: \u201cSantiago ap\u00f3stol, tres veces patrono en Chile\u201d, en Actas X Congreso Internacional de estudios Jacobeos, diciembre, 2020, pp. 265-279.<\/li>\n<li>\u201cLa Real Audiencia de Chile en el ocaso del Reino, 1810-1811\u201d, en Torres Aguilar, Manuel et al (Coordinadores) Poder, Sociedad y Administraci\u00f3n de Justicia en la Am\u00e9rica Hisp\u00e1nica, (Siglos XVI-XIX), volumen II, Universidad Internacional de Andaluc\u00eda, Huelva, 2021.<\/li>\n<li>\u201cLas dos historias de la secesi\u00f3n chilena, Fray Melchor Mart\u00ednez y Claudio Gay, historiadores de la llamada \u2018Independencia\u2019\u201d, en Fuego y Raya, a\u00f1o 11, N\u00b0 21, abril 2021, pp. 59-82<\/li>\n<li>Libro: El ocaso del Reino, editorial Dykinson, Madrid, septiembre, 2021, 436 pp.\u201cFraude constitucional\u201d, en revista Actualidad Jur\u00eddica, N\u00b0 45, 2022, pp. 113-133.<\/li>\n<\/ul><\/div>\n<\/p><\/div>\n<\/div>\n","_links":{"self":[{"href":"https:\/\/derecho.udd.cl\/doctorado\/wp-json\/wp\/v2\/people\/122","targetHints":{"allow":["GET"]}}],"collection":[{"href":"https:\/\/derecho.udd.cl\/doctorado\/wp-json\/wp\/v2\/people"}],"about":[{"href":"https:\/\/derecho.udd.cl\/doctorado\/wp-json\/wp\/v2\/types\/person"}],"author":[{"embeddable":true,"href":"https:\/\/derecho.udd.cl\/doctorado\/wp-json\/wp\/v2\/users\/70"}],"version-history":[{"count":2,"href":"https:\/\/derecho.udd.cl\/doctorado\/wp-json\/wp\/v2\/people\/122\/revisions"}],"predecessor-version":[{"id":1324,"href":"https:\/\/derecho.udd.cl\/doctorado\/wp-json\/wp\/v2\/people\/122\/revisions\/1324"}],"wp:featuredmedia":[{"embeddable":true,"href":"https:\/\/derecho.udd.cl\/doctorado\/wp-json\/wp\/v2\/media\/124"}],"wp:attachment":[{"href":"https:\/\/derecho.udd.cl\/doctorado\/wp-json\/wp\/v2\/media?parent=122"}],"wp:term":[{"taxonomy":"people_tax","embeddable":true,"href":"https:\/\/derecho.udd.cl\/doctorado\/wp-json\/wp\/v2\/people_tax?post=122"}],"curies":[{"name":"wp","href":"https:\/\/api.w.org\/{rel}","templated":true}]}}