{"id":572,"date":"2021-06-01T19:19:57","date_gmt":"2021-06-01T19:19:57","guid":{"rendered":"http:\/\/derecho.udd.cl\/clinica-juridica-santiago\/?post_type=person&#038;p=572"},"modified":"2026-04-17T12:54:18","modified_gmt":"2026-04-17T16:54:18","slug":"mabel-dastres-abarca-2","status":"publish","type":"person","link":"https:\/\/derecho.udd.cl\/clinica-juridica-santiago\/persona\/mabel-dastres-abarca-2\/","title":{"rendered":"Mabel Dastres Abarca"},"content":{"rendered":"<p class=\"MsoNormal\"><b><span lang=\"ES-TRAD\">Marzo 2014 a la fecha Directora de Cl\u00ednica Jur\u00eddica Universidad del Desarrollo.\u00a0<\/span><\/b><span lang=\"ES-TRAD\">A cargo de la Cl\u00ednica Jur\u00eddica de la Udd en Santiago, ejerce docencia en asignatura de Cl\u00ednica Jur\u00eddica, guiando a los alumnos en la tramitaci\u00f3n de sus causas y representa\u00a0 judicial y extrajudicialmente a los usuarios de la misma, patrocinando sus causas.<\/span><\/p>\n<p class=\"MsoNormal\"><b>Agosto 2004 a Febrero 2014.<\/b>\u00a0<b>Corporaci\u00f3n de Asistencia Judicial.<\/b>\u00a0<span lang=\"ES-TRAD\">Representaci\u00f3n judicial de usuarios de escasos recursos, control y fiscalizaci\u00f3n de realizaci\u00f3n de pr\u00e1ctica de egresados de derecho, an\u00e1lisis de viabilidad del ingreso de causas en el \u00e1mbito del derecho laboral, familia, civil. Actualmente s\u00f3lo civil y familia.<\/span><\/p>\n<p class=\"MsoNormal\"><span lang=\"ES-TRAD\">Dentro de los principales logros se encuentra el conocimiento actualizado de las normativas en el \u00e1rea\u00a0 del derecho civil, laboral y familia y su aplicaci\u00f3n pr\u00e1ctica en tribunales; el conectarse frecuentemente con el usuario y sus necesidades otorgando atenci\u00f3n con los recursos con los que se cuenta, desarrollando el trabajo en equipo.<\/span><\/p>\n<p class=\"MsoNormal\"><b><span lang=\"ES-TRAD\">Mayo 2011 a la fecha<\/span><\/b><span lang=\"ES-TRAD\">.\u00a0<b>Empresa \u201cD y P Ingenier\u00eda.\u201d<\/b>\u00a0Asesor jur\u00eddico en la aplicaci\u00f3n de las normas del Derecho del Trabajo. Asesor\u00eda jur\u00eddica en juicios laborales<\/span><b><\/b><\/p>\n<p class=\"MsoNormal\"><b><span lang=\"ES-TRAD\">Septiembre 2009 a Marzo de 2012<\/span><\/b><span lang=\"ES-TRAD\">.\u00a0<b>Empresa \u201cS.T. Las Araucarias S.A.\u201d\u00a0<\/b>Asesor jur\u00eddico en la aplicaci\u00f3n de las normas del C\u00f3digo del Trabajo y sus leyes complementaria. Asesor\u00eda y representaci\u00f3n judicial en juicios laborales. Abogado asesor en proceso de negociaci\u00f3n colectiva a\u00f1o 2010.<\/span><b><\/b><\/p>\n<p class=\"MsoNormal\"><b><span lang=\"ES-TRAD\">Septiembre 2009 a Noviembre de 2010<\/span><\/b><span lang=\"ES-TRAD\">.\u00a0<b>Empresa \u201cS.T. Trans-araucarias S.A.\u201d<\/b>\u00a0Asesor jur\u00eddico en la aplicaci\u00f3n de las normas del C\u00f3digo del Trabajo y sus leyes complementarias. Asesor\u00eda y representaci\u00f3n judicial en juicios laborales.<\/span><b><\/b><\/p>\n<p class=\"MsoNormal\"><b>Enero 2000 a la fecha<\/b>. Clases particulares de preparaci\u00f3n de alumnos para rendir examen de grado en carrera de Derecho.<\/p>\n<p class=\"MsoNormal\"><b>Diciembre 1997 a Agosto 2004:<\/b>\u00a0<b><span lang=\"ES-TRAD\">Programa de Acceso a la Justicia.\u00a0<\/span><\/b><span lang=\"ES-TRAD\">Coordinaci\u00f3n del Centro de Orientaci\u00f3n, Resoluci\u00f3n de Conflictos y Consultorio Jur\u00eddico, en el an\u00e1lisis de viabilidad de las causas, desarrollando por per\u00edodos labores de suplencia de jefatura. Representaci\u00f3n de usuarios en juicios civiles, laborales y menores. Desarrollo en el \u00e1mbito de trabajo en equipo y trabajo comunitario.<\/span><\/p>\n<p class=\"MsoNormal\"><b>Febrero 1996 a Diciembre 1997<\/b>.\u00a0<b>Corporaci\u00f3n Asistencia Judicial.<\/b>\u00a0Abogado Auxiliar. Fiscalizaci\u00f3n de tramitaci\u00f3n de causas en tribunales a egresados de derecho que efect\u00faan su pr\u00e1ctica profesional.<\/p>\n","protected":false},"author":40,"featured_media":1611,"template":"","people_tax":[],"class_list":["post-572","person","type-person","status-publish","has-post-thumbnail","hentry"],"email":"mabeldastres@udd.cl","tel_job":"","role":"Profesor de Malla Semestral","modal":"<div class=\"person-modal person-modal--scl\">\n<header class=\"person-modal__header\">\n<div class=\"person-modal__bg\"><\/div>\n<div class=\"modal-container\">\n<div class=\"person-modal__media\">\n\t\t\t\t<img decoding=\"async\" width=\"500\" height=\"500\" src=\"https:\/\/derecho.udd.cl\/clinica-juridica-santiago\/files\/2021\/06\/mabel11-2025-500x500.jpeg\" class=\"person-modal__image wp-post-image\" alt=\"\" loading=\"lazy\" \/>\t\t\t<\/div>\n<div class=\"person-modal__data\">\n<h1 class=\"person-modal__name\">Mabel Dastres Abarca<\/h1>\n<p>\t\t\t\t\t\t\t<span class=\"person-modal__description\">Profesor de Malla Semestral<\/span><br \/>\n\t\t\t\t\t\t\t\t\t\t\t\t\t<a href=\"mailto:mab&#101;&#108;da&#115;&#116;&#114;&#101;&#115;&#064;u&#100;d&#046;&#099;l\" class=\"person-modal__email\">&#109;&#097;b&#101;ld&#097;st&#114;&#101;&#115;&#064;&#117;dd&#046;&#099;l<\/a>\n\t\t\t\t\t\t\t\t\t<\/div>\n<\/p><\/div>\n<\/header>\n<div class=\"modal-container\">\n<div class=\"person-modal__content text\">\n<p>Curso: Cl\u00ednica Jur\u00eddica II<\/p>\n<ul>\n<li>Abogado. Licenciado en Ciencias Jur\u00eddicas, Universidad  Gabriela Mistral<\/li>\n<li>Mag\u00edster en Derecho del Trabajo de la Universidad de los Andes<\/li>\n<li>Diplomado en Derecho del Trabajo de la Universidad de Los Andes<\/li>\n<li>Diplomado en Metodolog\u00eda de la Educaci\u00f3n Constructivista.  Instituto Profesional de Chile. <\/li>\n<li>Diplomado en Reforma al Derecho del Trabajo. Universidad Alberto Hurtado.<\/li>\n<li>Curso de actualizaci\u00f3n en Derecho del Trabajo y Litigaci\u00f3n Oral. Universidad de Chile. <\/li>\n<li>Curso Gesti\u00f3n de Calidad, Comunicaci\u00f3n Efectiva y contenci\u00f3n. Organismo T\u00e9cnico de Capacitaci\u00f3n (OTEC) Magenta Ltda.<\/li>\n<li>Curso de \u201cActualizaci\u00f3n en Derecho del Trabajo y Litigaci\u00f3n Oral\u201d. Universidad de Chile. <\/li>\n<li>Curso de Contabilidad tributaria y legislaci\u00f3n laboral. A &amp; C Auditores Consultores Ltda. Organismo t\u00e9cnico de capacitaci\u00f3n (OTEC)<\/li>\n<li>Curso en \u201cLitigaci\u00f3n avanzada en interrogatorios de materia laboral\u201d. Instituto de estudios judiciales.<\/li>\n<\/ul>\n<p class=\"MsoNormal\"><b><span lang=\"ES-TRAD\">Marzo 2014 a la fecha Directora de Cl\u00ednica Jur\u00eddica Universidad del Desarrollo.\u00a0<\/span><\/b><span lang=\"ES-TRAD\">A cargo de la Cl\u00ednica Jur\u00eddica de la Udd en Santiago, ejerce docencia en asignatura de Cl\u00ednica Jur\u00eddica, guiando a los alumnos en la tramitaci\u00f3n de sus causas y representa\u00a0 judicial y extrajudicialmente a los usuarios de la misma, patrocinando sus causas.<\/span><\/p>\n<p class=\"MsoNormal\"><b>Agosto 2004 a Febrero 2014.<\/b>\u00a0<b>Corporaci\u00f3n de Asistencia Judicial.<\/b>\u00a0<span lang=\"ES-TRAD\">Representaci\u00f3n judicial de usuarios de escasos recursos, control y fiscalizaci\u00f3n de realizaci\u00f3n de pr\u00e1ctica de egresados de derecho, an\u00e1lisis de viabilidad del ingreso de causas en el \u00e1mbito del derecho laboral, familia, civil. Actualmente s\u00f3lo civil y familia.<\/span><\/p>\n<p class=\"MsoNormal\"><span lang=\"ES-TRAD\">Dentro de los principales logros se encuentra el conocimiento actualizado de las normativas en el \u00e1rea\u00a0 del derecho civil, laboral y familia y su aplicaci\u00f3n pr\u00e1ctica en tribunales; el conectarse frecuentemente con el usuario y sus necesidades otorgando atenci\u00f3n con los recursos con los que se cuenta, desarrollando el trabajo en equipo.<\/span><\/p>\n<p class=\"MsoNormal\"><b><span lang=\"ES-TRAD\">Mayo 2011 a la fecha<\/span><\/b><span lang=\"ES-TRAD\">.\u00a0<b>Empresa \u201cD y P Ingenier\u00eda.\u201d<\/b>\u00a0Asesor jur\u00eddico en la aplicaci\u00f3n de las normas del Derecho del Trabajo. Asesor\u00eda jur\u00eddica en juicios laborales<\/span><b><\/b><\/p>\n<p class=\"MsoNormal\"><b><span lang=\"ES-TRAD\">Septiembre 2009 a Marzo de 2012<\/span><\/b><span lang=\"ES-TRAD\">.\u00a0<b>Empresa \u201cS.T. Las Araucarias S.A.\u201d\u00a0<\/b>Asesor jur\u00eddico en la aplicaci\u00f3n de las normas del C\u00f3digo del Trabajo y sus leyes complementaria. Asesor\u00eda y representaci\u00f3n judicial en juicios laborales. Abogado asesor en proceso de negociaci\u00f3n colectiva a\u00f1o 2010.<\/span><b><\/b><\/p>\n<p class=\"MsoNormal\"><b><span lang=\"ES-TRAD\">Septiembre 2009 a Noviembre de 2010<\/span><\/b><span lang=\"ES-TRAD\">.\u00a0<b>Empresa \u201cS.T. Trans-araucarias S.A.\u201d<\/b>\u00a0Asesor jur\u00eddico en la aplicaci\u00f3n de las normas del C\u00f3digo del Trabajo y sus leyes complementarias. Asesor\u00eda y representaci\u00f3n judicial en juicios laborales.<\/span><b><\/b><\/p>\n<p class=\"MsoNormal\"><b>Enero 2000 a la fecha<\/b>. Clases particulares de preparaci\u00f3n de alumnos para rendir examen de grado en carrera de Derecho.<\/p>\n<p class=\"MsoNormal\"><b>Diciembre 1997 a Agosto 2004:<\/b>\u00a0<b><span lang=\"ES-TRAD\">Programa de Acceso a la Justicia.\u00a0<\/span><\/b><span lang=\"ES-TRAD\">Coordinaci\u00f3n del Centro de Orientaci\u00f3n, Resoluci\u00f3n de Conflictos y Consultorio Jur\u00eddico, en el an\u00e1lisis de viabilidad de las causas, desarrollando por per\u00edodos labores de suplencia de jefatura. Representaci\u00f3n de usuarios en juicios civiles, laborales y menores. Desarrollo en el \u00e1mbito de trabajo en equipo y trabajo comunitario.<\/span><\/p>\n<p class=\"MsoNormal\"><b>Febrero 1996 a Diciembre 1997<\/b>.\u00a0<b>Corporaci\u00f3n Asistencia Judicial.<\/b>\u00a0Abogado Auxiliar. Fiscalizaci\u00f3n de tramitaci\u00f3n de causas en tribunales a egresados de derecho que efect\u00faan su pr\u00e1ctica profesional.<\/p>\n<p class=\"MsoNormal\"><b><span lang=\"ES-TRAD\">Marzo 2014 a la fecha Directora de Cl\u00ednica Jur\u00eddica Universidad del Desarrollo.\u00a0<\/span><\/b><span lang=\"ES-TRAD\">A cargo de la Cl\u00ednica Jur\u00eddica de la Udd en Santiago, ejerce docencia en asignatura de Cl\u00ednica Jur\u00eddica, guiando a los alumnos en la tramitaci\u00f3n de sus causas y representa\u00a0 judicial y extrajudicialmente a los usuarios de la misma, patrocinando sus causas.<\/span><\/p>\n<p class=\"MsoNormal\"><b>Agosto 2004 a Febrero 2014.<\/b>\u00a0<b>Corporaci\u00f3n de Asistencia Judicial.<\/b>\u00a0<span lang=\"ES-TRAD\">Representaci\u00f3n judicial de usuarios de escasos recursos, control y fiscalizaci\u00f3n de realizaci\u00f3n de pr\u00e1ctica de egresados de derecho, an\u00e1lisis de viabilidad del ingreso de causas en el \u00e1mbito del derecho laboral, familia, civil. Actualmente s\u00f3lo civil y familia.<\/span><\/p>\n<p class=\"MsoNormal\"><span lang=\"ES-TRAD\">Dentro de los principales logros se encuentra el conocimiento actualizado de las normativas en el \u00e1rea\u00a0 del derecho civil, laboral y familia y su aplicaci\u00f3n pr\u00e1ctica en tribunales; el conectarse frecuentemente con el usuario y sus necesidades otorgando atenci\u00f3n con los recursos con los que se cuenta, desarrollando el trabajo en equipo.<\/span><\/p>\n<p class=\"MsoNormal\"><b><span lang=\"ES-TRAD\">Mayo 2011 a la fecha<\/span><\/b><span lang=\"ES-TRAD\">.\u00a0<b>Empresa \u201cD y P Ingenier\u00eda.\u201d<\/b>\u00a0Asesor jur\u00eddico en la aplicaci\u00f3n de las normas del Derecho del Trabajo. Asesor\u00eda jur\u00eddica en juicios laborales<\/span><b><\/b><\/p>\n<p class=\"MsoNormal\"><b><span lang=\"ES-TRAD\">Septiembre 2009 a Marzo de 2012<\/span><\/b><span lang=\"ES-TRAD\">.\u00a0<b>Empresa \u201cS.T. Las Araucarias S.A.\u201d\u00a0<\/b>Asesor jur\u00eddico en la aplicaci\u00f3n de las normas del C\u00f3digo del Trabajo y sus leyes complementaria. Asesor\u00eda y representaci\u00f3n judicial en juicios laborales. Abogado asesor en proceso de negociaci\u00f3n colectiva a\u00f1o 2010.<\/span><b><\/b><\/p>\n<p class=\"MsoNormal\"><b><span lang=\"ES-TRAD\">Septiembre 2009 a Noviembre de 2010<\/span><\/b><span lang=\"ES-TRAD\">.\u00a0<b>Empresa \u201cS.T. Trans-araucarias S.A.\u201d<\/b>\u00a0Asesor jur\u00eddico en la aplicaci\u00f3n de las normas del C\u00f3digo del Trabajo y sus leyes complementarias. Asesor\u00eda y representaci\u00f3n judicial en juicios laborales.<\/span><b><\/b><\/p>\n<p class=\"MsoNormal\"><b>Enero 2000 a la fecha<\/b>. Clases particulares de preparaci\u00f3n de alumnos para rendir examen de grado en carrera de Derecho.<\/p>\n<p class=\"MsoNormal\"><b>Diciembre 1997 a Agosto 2004:<\/b>\u00a0<b><span lang=\"ES-TRAD\">Programa de Acceso a la Justicia.\u00a0<\/span><\/b><span lang=\"ES-TRAD\">Coordinaci\u00f3n del Centro de Orientaci\u00f3n, Resoluci\u00f3n de Conflictos y Consultorio Jur\u00eddico, en el an\u00e1lisis de viabilidad de las causas, desarrollando por per\u00edodos labores de suplencia de jefatura. Representaci\u00f3n de usuarios en juicios civiles, laborales y menores. Desarrollo en el \u00e1mbito de trabajo en equipo y trabajo comunitario.<\/span><\/p>\n<p class=\"MsoNormal\"><b>Febrero 1996 a Diciembre 1997<\/b>.\u00a0<b>Corporaci\u00f3n Asistencia Judicial.<\/b>\u00a0Abogado Auxiliar. Fiscalizaci\u00f3n de tramitaci\u00f3n de causas en tribunales a egresados de derecho que efect\u00faan su pr\u00e1ctica profesional.<\/p>\n<\/p><\/div>\n<\/p><\/div>\n<\/div>\n","_links":{"self":[{"href":"https:\/\/derecho.udd.cl\/clinica-juridica-santiago\/wp-json\/wp\/v2\/people\/572","targetHints":{"allow":["GET"]}}],"collection":[{"href":"https:\/\/derecho.udd.cl\/clinica-juridica-santiago\/wp-json\/wp\/v2\/people"}],"about":[{"href":"https:\/\/derecho.udd.cl\/clinica-juridica-santiago\/wp-json\/wp\/v2\/types\/person"}],"author":[{"embeddable":true,"href":"https:\/\/derecho.udd.cl\/clinica-juridica-santiago\/wp-json\/wp\/v2\/users\/40"}],"version-history":[{"count":1,"href":"https:\/\/derecho.udd.cl\/clinica-juridica-santiago\/wp-json\/wp\/v2\/people\/572\/revisions"}],"predecessor-version":[{"id":1621,"href":"https:\/\/derecho.udd.cl\/clinica-juridica-santiago\/wp-json\/wp\/v2\/people\/572\/revisions\/1621"}],"wp:featuredmedia":[{"embeddable":true,"href":"https:\/\/derecho.udd.cl\/clinica-juridica-santiago\/wp-json\/wp\/v2\/media\/1611"}],"wp:attachment":[{"href":"https:\/\/derecho.udd.cl\/clinica-juridica-santiago\/wp-json\/wp\/v2\/media?parent=572"}],"wp:term":[{"taxonomy":"people_tax","embeddable":true,"href":"https:\/\/derecho.udd.cl\/clinica-juridica-santiago\/wp-json\/wp\/v2\/people_tax?post=572"}],"curies":[{"name":"wp","href":"https:\/\/api.w.org\/{rel}","templated":true}]}}