{"id":4705,"date":"2022-03-11T17:59:51","date_gmt":"2022-03-11T17:59:51","guid":{"rendered":"https:\/\/derecho.udd.cl\/centro-justicia-constitucional\/?page_id=4705"},"modified":"2022-03-17T12:49:20","modified_gmt":"2022-03-17T12:49:20","slug":"opinion","status":"publish","type":"page","link":"https:\/\/derecho.udd.cl\/centro-justicia-constitucional\/opinion\/","title":{"rendered":"OPINI\u00d3N"},"content":{"rendered":"<!-- WP Block: UDD - Cards Alternate -->\n<section class=\"wp-block-udd-cards\" style=\"--udd-blocks-has-columns-number: 11\">\n\t<div class=\"container\">\n\t\t\t\t\t<header class=\"header__innerblock block__header\">\n\t\t\t<h2 class=\"block__title\">opini\u00f3n<\/h2>\n\t\n\t\n\t<\/header>\n\t\t\t\t<div class=\"block__content\">\n\t\t\t<div class=\"cards\">\n\t\t\t\t\t\t\t\t\t\t\t\t\t\t\t\t\t<div class=\"card-wrapper\">\n\t\t\t\t\t\t<div class=\"card\">\n\t\t\t\t\t\t\t<h3 class=\"card__title\">Falta de puentes en la discusi\u00f3n constitucional sobre las aguas, por Camila Boettiger<\/h3>\n\t\t\t\t\t\t\t\t\t\t\t\t\t\t<div class=\"card__description\">\n\t\t\t\t\t\t\t\t<p><a href=\"https:\/\/derecho.udd.cl\/cdre\/2022\/03\/11\/falta-de-puentes-en-la-discusion-constitucional-sobre-las-aguas-por-camila-boettiger\/\">Ver m\u00e1s<\/a><\/p>\n\t\t\t\t\t\t\t<\/div>\n\t\t\t\t\t\t\t\t\t\t\t\t\t<\/div>\n\t\t\t\t\t<\/div>\n\t\t\t\t\t\t\t\t\t\t\t\t\t\t\t\t\t\t\t\t\t<div class=\"card-wrapper\">\n\t\t\t\t\t\t<div class=\"card\">\n\t\t\t\t\t\t\t<h3 class=\"card__title\">El fundamento ideol\u00f3gico de la Convenci\u00f3n Constitucional, por Marisol Pe\u00f1a<\/h3>\n\t\t\t\t\t\t\t\t\t\t\t\t\t\t<div class=\"card__description\">\n\t\t\t\t\t\t\t\t<p><a href=\"https:\/\/derecho.udd.cl\/centro-justicia-constitucional\/2022\/03\/03\/el-fundamento-ideologico-de-la-convencion-constitucional-por-marisol-pena\/\">Ver m\u00e1s<\/a><\/p>\n\t\t\t\t\t\t\t<\/div>\n\t\t\t\t\t\t\t\t\t\t\t\t\t<\/div>\n\t\t\t\t\t<\/div>\n\t\t\t\t\t\t\t\t\t\t\t\t\t\t\t\t\t\t\t\t\t<div class=\"card-wrapper\">\n\t\t\t\t\t\t<div class=\"card\">\n\t\t\t\t\t\t\t<h3 class=\"card__title\">\u00bfY d\u00f3nde est\u00e1 el modelo econ\u00f3mico?, por Francisca Labbe<\/h3>\n\t\t\t\t\t\t\t\t\t\t\t\t\t\t<div class=\"card__description\">\n\t\t\t\t\t\t\t\t<p><a href=\"https:\/\/derecho.udd.cl\/cdre\/2022\/03\/08\/y-donde-esta-el-modelo-economico-por-francisca-labbe\/\">Ver m\u00e1s<\/a><\/p>\n\t\t\t\t\t\t\t<\/div>\n\t\t\t\t\t\t\t\t\t\t\t\t\t<\/div>\n\t\t\t\t\t<\/div>\n\t\t\t\t\t\t\t\t\t\t\t\t\t\t\t\t\t\t\t\t\t<div class=\"card-wrapper\">\n\t\t\t\t\t\t<div class=\"card\">\n\t\t\t\t\t\t\t<h3 class=\"card__title\">La importancia de los 2\/3, por Catalina Salem<\/h3>\n\t\t\t\t\t\t\t\t\t\t\t\t\t\t<div class=\"card__description\">\n\t\t\t\t\t\t\t\t<p><a href=\"https:\/\/derecho.udd.cl\/centro-justicia-constitucional\/2022\/02\/18\/la-importancia-de-los-2-3-por-catalina-salem\/\">Ver m\u00e1s<\/a><\/p>\n\t\t\t\t\t\t\t<\/div>\n\t\t\t\t\t\t\t\t\t\t\t\t\t<\/div>\n\t\t\t\t\t<\/div>\n\t\t\t\t\t\t\t\t\t\t\t\t\t\t\t\t\t\t\t\t\t<div class=\"card-wrapper\">\n\t\t\t\t\t\t<div class=\"card\">\n\t\t\t\t\t\t\t<h3 class=\"card__title\">Irrealismo convencional frente a los derechos de agua, por Camila Boettiger<\/h3>\n\t\t\t\t\t\t\t\t\t\t\t\t\t\t<div class=\"card__description\">\n\t\t\t\t\t\t\t\t<p><a href=\"https:\/\/derecho.udd.cl\/cdre\/2022\/02\/28\/irrealismo-convencional-frente-a-los-derechos-de-agua-por-camila-boettiger\/\">Ver m\u00e1s<\/a><\/p>\n\t\t\t\t\t\t\t<\/div>\n\t\t\t\t\t\t\t\t\t\t\t\t\t<\/div>\n\t\t\t\t\t<\/div>\n\t\t\t\t\t\t\t\t\t\t\t\t\t\t\t\t\t\t\t\t\t<div class=\"card-wrapper\">\n\t\t\t\t\t\t<div class=\"card\">\n\t\t\t\t\t\t\t<h3 class=\"card__title\">Una nueva Convenci\u00f3n Constitucional: Opci\u00f3n inviable, por Marisol Pe\u00f1a<\/h3>\n\t\t\t\t\t\t\t\t\t\t\t\t\t\t<div class=\"card__description\">\n\t\t\t\t\t\t\t\t<p><a href=\"https:\/\/derecho.udd.cl\/centro-justicia-constitucional\/2022\/02\/22\/una-nueva-convencion-constitucional-opcion-inviable-por-marisol-pena\/\">Ver m\u00e1s<\/a><\/p>\n\t\t\t\t\t\t\t<\/div>\n\t\t\t\t\t\t\t\t\t\t\t\t\t<\/div>\n\t\t\t\t\t<\/div>\n\t\t\t\t\t\t\t\t\t\t\t\t\t\t\t\t\t\t\t\t\t<div class=\"card-wrapper\">\n\t\t\t\t\t\t<div class=\"card\">\n\t\t\t\t\t\t\t<h3 class=\"card__title\">Lobo en piel de cordero, por Francisca Labb\u00e9<\/h3>\n\t\t\t\t\t\t\t\t\t\t\t\t\t\t<div class=\"card__description\">\n\t\t\t\t\t\t\t\t<p><a href=\"https:\/\/derecho.udd.cl\/cdre\/2022\/02\/16\/lobo-en-piel-de-cordero-por-francisca-labbe\/\">Ver m\u00e1s<\/a><\/p>\n\t\t\t\t\t\t\t<\/div>\n\t\t\t\t\t\t\t\t\t\t\t\t\t<\/div>\n\t\t\t\t\t<\/div>\n\t\t\t\t\t\t\t\t\t\t\t\t\t\t\t\t\t\t\t\t\t<div class=\"card-wrapper\">\n\t\t\t\t\t\t<div class=\"card\">\n\t\t\t\t\t\t\t<h3 class=\"card__title\">\u00bfTribunal o Corte Constitucional?, por Marisol Pe\u00f1a<\/h3>\n\t\t\t\t\t\t\t\t\t\t\t\t\t\t<div class=\"card__description\">\n\t\t\t\t\t\t\t\t<p><a href=\"https:\/\/derecho.udd.cl\/centro-justicia-constitucional\/2022\/02\/16\/tribunal-o-corte-constitucional-por-marisol-pena\/\">Ver m\u00e1s<\/a><\/p>\n\t\t\t\t\t\t\t<\/div>\n\t\t\t\t\t\t\t\t\t\t\t\t\t<\/div>\n\t\t\t\t\t<\/div>\n\t\t\t\t\t\t\t\t\t\t\t\t\t\t\t\t\t\t\t\t\t<div class=\"card-wrapper\">\n\t\t\t\t\t\t<div class=\"card\">\n\t\t\t\t\t\t\t<h3 class=\"card__title\">El Banco Central y el pleno empleo, por Mat\u00edas Pascuali<\/h3>\n\t\t\t\t\t\t\t\t\t\t\t\t\t\t<div class=\"card__description\">\n\t\t\t\t\t\t\t\t<p><a href=\"https:\/\/derecho.udd.cl\/cdre\/2022\/01\/20\/el-banco-central-y-el-pleno-empleo-por-matias-pascuali\/\">Ver m\u00e1s <\/a><\/p>\n\t\t\t\t\t\t\t<\/div>\n\t\t\t\t\t\t\t\t\t\t\t\t\t<\/div>\n\t\t\t\t\t<\/div>\n\t\t\t\t\t\t\t\t\t\t\t\t\t\t\t\t\t\t\t\t\t<div class=\"card-wrapper\">\n\t\t\t\t\t\t<div class=\"card\">\n\t\t\t\t\t\t\t<h3 class=\"card__title\">Jueces temporales (II), por Marisol Pe\u00f1a<\/h3>\n\t\t\t\t\t\t\t\t\t\t\t\t\t\t<div class=\"card__description\">\n\t\t\t\t\t\t\t\t<p><a href=\"https:\/\/derecho.udd.cl\/centro-justicia-constitucional\/2022\/01\/27\/jueces-temporales-ii-por-marisol-pena\/\">Ver m\u00e1s<\/a><\/p>\n\t\t\t\t\t\t\t<\/div>\n\t\t\t\t\t\t\t\t\t\t\t\t\t<\/div>\n\t\t\t\t\t<\/div>\n\t\t\t\t\t\t\t\t\t\t\t\t\t\t\t\t\t\t\t\t\t<div class=\"card-wrapper\">\n\t\t\t\t\t\t<div class=\"card\">\n\t\t\t\t\t\t\t<h3 class=\"card__title\">La Convenci\u00f3n Constitucional y esa maldita econom\u00eda, por Julio Alvear<\/h3>\n\t\t\t\t\t\t\t\t\t\t\t\t\t\t<div class=\"card__description\">\n\t\t\t\t\t\t\t\t<p><a href=\"https:\/\/derecho.udd.cl\/cdre\/2022\/01\/20\/la-convencion-constitucional-y-esa-maldita-economia-por-julio-alvear\/\">Ver m\u00e1s<\/a><\/p>\n\t\t\t\t\t\t\t<\/div>\n\t\t\t\t\t\t\t\t\t\t\t\t\t<\/div>\n\t\t\t\t\t<\/div>\n\t\t\t\t\t\t\t\t\t\t<\/div>\n\t\t<\/div>\n\t<\/div>\n<\/section>\n\n\n<!-- WP Block: UDD - Cards Alternate -->\n<section class=\"wp-block-udd-cards\" style=\"--udd-blocks-has-columns-number: 8\">\n\t<div class=\"container\">\n\t\t\t\t<div class=\"block__content\">\n\t\t\t<div class=\"cards\">\n\t\t\t\t\t\t\t\t\t\t\t\t\t\t\t\t\t<div class=\"card-wrapper\">\n\t\t\t\t\t\t<div class=\"card\">\n\t\t\t\t\t\t\t<h3 class=\"card__title\">Estado Regional: Caballo de Troya pero con un buen jinete, por Marisol Pe\u00f1a<\/h3>\n\t\t\t\t\t\t\t\t\t\t\t\t\t\t<div class=\"card__description\">\n\t\t\t\t\t\t\t\t<p><a href=\"https:\/\/derecho.udd.cl\/centro-justicia-constitucional\/2022\/01\/25\/estado-regional-caballo-de-troya-pero-con-un-buen-jinete-por-marisol-pena\/\">Ver m\u00e1s<\/a><\/p>\n\t\t\t\t\t\t\t<\/div>\n\t\t\t\t\t\t\t\t\t\t\t\t\t<\/div>\n\t\t\t\t\t<\/div>\n\t\t\t\t\t\t\t\t\t\t\t\t\t\t\t\t\t\t\t\t\t<div class=\"card-wrapper\">\n\t\t\t\t\t\t<div class=\"card\">\n\t\t\t\t\t\t\t<h3 class=\"card__title\">Libre Competencia y Econom\u00eda en la Constituci\u00f3n, por Francisca Labb\u00e9<\/h3>\n\t\t\t\t\t\t\t\t\t\t\t\t\t\t<div class=\"card__description\">\n\t\t\t\t\t\t\t\t<p><a href=\"https:\/\/derecho.udd.cl\/cdre\/2022\/01\/07\/libre-competencia-y-economia-en-la-constitucion-por-francisca-labbe\/\">Ver m\u00e1s<\/a><\/p>\n\t\t\t\t\t\t\t<\/div>\n\t\t\t\t\t\t\t\t\t\t\t\t\t<\/div>\n\t\t\t\t\t<\/div>\n\t\t\t\t\t\t\t\t\t\t\t\t\t\t\t\t\t\t\t\t\t<div class=\"card-wrapper\">\n\t\t\t\t\t\t<div class=\"card\">\n\t\t\t\t\t\t\t<h3 class=\"card__title\">El TC y los derechos fundamentales, por Jos\u00e9 Manuel D\u00edaz de Vald\u00e9s<\/h3>\n\t\t\t\t\t\t\t\t\t\t\t\t\t\t<div class=\"card__description\">\n\t\t\t\t\t\t\t\t<p><a href=\"https:\/\/derecho.udd.cl\/centro-justicia-constitucional\/2022\/01\/24\/el-tc-y-los-derechos-fundamentales-por-jose-manuel-diaz-de-valdes\/\">Ver m\u00e1s<\/a><\/p>\n\t\t\t\t\t\t\t<\/div>\n\t\t\t\t\t\t\t\t\t\t\t\t\t<\/div>\n\t\t\t\t\t<\/div>\n\t\t\t\t\t\t\t\t\t\t\t\t\t\t\t\t\t\t\t\t\t<div class=\"card-wrapper\">\n\t\t\t\t\t\t<div class=\"card\">\n\t\t\t\t\t\t\t<h3 class=\"card__title\">Tribunal Constitucional, por Gaspar Jenkins<\/h3>\n\t\t\t\t\t\t\t\t\t\t\t\t\t\t<div class=\"card__description\">\n\t\t\t\t\t\t\t\t<p><a href=\"https:\/\/derecho.udd.cl\/centro-justicia-constitucional\/2022\/01\/20\/tribunal-constitucional-por-gaspar-jenkins\/\">Ver m\u00e1s<\/a><\/p>\n\t\t\t\t\t\t\t<\/div>\n\t\t\t\t\t\t\t\t\t\t\t\t\t<\/div>\n\t\t\t\t\t<\/div>\n\t\t\t\t\t\t\t\t\t\t\t\t\t\t\t\t\t\t\t\t\t<div class=\"card-wrapper\">\n\t\t\t\t\t\t<div class=\"card\">\n\t\t\t\t\t\t\t<h3 class=\"card__title\">Lealtad Constitucional, por Marisol Pe\u00f1a<\/h3>\n\t\t\t\t\t\t\t\t\t\t\t\t\t\t<div class=\"card__description\">\n\t\t\t\t\t\t\t\t<p><a href=\"https:\/\/derecho.udd.cl\/centro-justicia-constitucional\/2022\/01\/17\/lealtad-constitucional-por-marisol-pena\/\">Ver m\u00e1s<\/a><\/p>\n\t\t\t\t\t\t\t<\/div>\n\t\t\t\t\t\t\t\t\t\t\t\t\t<\/div>\n\t\t\t\t\t<\/div>\n\t\t\t\t\t\t\t\t\t\t\t\t\t\t\t\t\t\t\t\t\t<div class=\"card-wrapper\">\n\t\t\t\t\t\t<div class=\"card\">\n\t\t\t\t\t\t\t<h3 class=\"card__title\">Un nuevo recurso de protecci\u00f3n para una nueva Constituci\u00f3n: \u00bfcu\u00e1l debe ser el tribunal competente? (II), por Gaspar Jenkins<\/h3>\n\t\t\t\t\t\t\t\t\t\t\t\t\t\t<div class=\"card__description\">\n\t\t\t\t\t\t\t\t<p><a href=\"https:\/\/derecho.udd.cl\/centro-justicia-constitucional\/2022\/01\/11\/un-nuevo-recurso-de-proteccion-para-una-nueva-constitucion-cual-debe-ser-el-tribunal-competente-ii-por-gaspar-jenkins\/\">Ver m\u00e1s<\/a><\/p>\n\t\t\t\t\t\t\t<\/div>\n\t\t\t\t\t\t\t\t\t\t\t\t\t<\/div>\n\t\t\t\t\t<\/div>\n\t\t\t\t\t\t\t\t\t\t\t\t\t\t\t\t\t\t\t\t\t<div class=\"card-wrapper\">\n\t\t\t\t\t\t<div class=\"card\">\n\t\t\t\t\t\t\t<h3 class=\"card__title\">Segundo tiempo con jugadores desgastados, por Marisol Pe\u00f1a<\/h3>\n\t\t\t\t\t\t\t\t\t\t\t\t\t\t<div class=\"card__description\">\n\t\t\t\t\t\t\t\t<p><a href=\"https:\/\/derecho.udd.cl\/centro-justicia-constitucional\/2022\/01\/11\/segundo-tiempo-con-jugadores-desgastados-por-marisol-pena\/\">Ver m\u00e1s<\/a><\/p>\n\t\t\t\t\t\t\t<\/div>\n\t\t\t\t\t\t\t\t\t\t\t\t\t<\/div>\n\t\t\t\t\t<\/div>\n\t\t\t\t\t\t\t\t\t\t\t\t\t\t\t\t\t\t\t\t\t<div class=\"card-wrapper\">\n\t\t\t\t\t\t<div class=\"card\">\n\t\t\t\t\t\t\t<h3 class=\"card__title\">Inconstitucionalidades, por Gaspar Jenkins<\/h3>\n\t\t\t\t\t\t\t\t\t\t\t\t\t\t<div class=\"card__description\">\n\t\t\t\t\t\t\t\t<p><a href=\"https:\/\/derecho.udd.cl\/centro-justicia-constitucional\/2022\/01\/10\/inconstitucionalidades-por-gaspar-jenkins\/\">Ver m\u00e1s<\/a><\/p>\n\t\t\t\t\t\t\t<\/div>\n\t\t\t\t\t\t\t\t\t\t\t\t\t<\/div>\n\t\t\t\t\t<\/div>\n\t\t\t\t\t\t\t\t\t\t<\/div>\n\t\t<\/div>\n\t<\/div>\n<\/section>\n","protected":false},"excerpt":{"rendered":"","protected":false},"author":61,"featured_media":0,"parent":0,"menu_order":0,"comment_status":"closed","ping_status":"closed","template":"","meta":{"footnotes":""},"class_list":["post-4705","page","type-page","status-publish","hentry"],"_links":{"self":[{"href":"https:\/\/derecho.udd.cl\/centro-justicia-constitucional\/wp-json\/wp\/v2\/pages\/4705","targetHints":{"allow":["GET"]}}],"collection":[{"href":"https:\/\/derecho.udd.cl\/centro-justicia-constitucional\/wp-json\/wp\/v2\/pages"}],"about":[{"href":"https:\/\/derecho.udd.cl\/centro-justicia-constitucional\/wp-json\/wp\/v2\/types\/page"}],"author":[{"embeddable":true,"href":"https:\/\/derecho.udd.cl\/centro-justicia-constitucional\/wp-json\/wp\/v2\/users\/61"}],"replies":[{"embeddable":true,"href":"https:\/\/derecho.udd.cl\/centro-justicia-constitucional\/wp-json\/wp\/v2\/comments?post=4705"}],"version-history":[{"count":2,"href":"https:\/\/derecho.udd.cl\/centro-justicia-constitucional\/wp-json\/wp\/v2\/pages\/4705\/revisions"}],"predecessor-version":[{"id":4746,"href":"https:\/\/derecho.udd.cl\/centro-justicia-constitucional\/wp-json\/wp\/v2\/pages\/4705\/revisions\/4746"}],"wp:attachment":[{"href":"https:\/\/derecho.udd.cl\/centro-justicia-constitucional\/wp-json\/wp\/v2\/media?parent=4705"}],"curies":[{"name":"wp","href":"https:\/\/api.w.org\/{rel}","templated":true}]}}