{"id":5462,"date":"2024-08-27T10:14:50","date_gmt":"2024-08-27T14:14:50","guid":{"rendered":"https:\/\/derecho.udd.cl\/cdre\/?page_id=5462"},"modified":"2024-12-05T09:32:35","modified_gmt":"2024-12-05T12:32:35","slug":"i-jornadas-nacionales-de-derecho-de-aguas","status":"publish","type":"page","link":"https:\/\/derecho.udd.cl\/cdre\/i-jornadas-nacionales-de-derecho-de-aguas\/","title":{"rendered":"I JORNADAS NACIONALES DE DERECHO DE AGUAS"},"content":{"rendered":"\n<h5 class=\"wp-block-heading\"><strong>Las Jornadas Nacionales de Derecho de Aguas son organizadas por un consorcio de Facultades de Derecho y tienen como objetivo convocar a los especialistas de la disciplina a profundizar y discutir sobre temas y problemas jur\u00eddicos que debe abordar la regulaci\u00f3n sobre las aguas en Chile<\/strong><\/h5>\n\n\n\n<h3 class=\"wp-block-heading\"><strong>CRONOGRAMA<\/strong><\/h3>\n\n\n<!-- Facts -->\n<section class=\"wp-block-udd-facts\">\n\t<div class=\"container\">\n\t\t<div id=\"udd-facts-row--1\" class=\"facts carousel slide\" data-ride=\"false\" data-interval=\"false\" data-keyboard=\"false\">\n\t\t\t<div\n\t\t\t\t\t\t\t\tclass=\"facts-inner carousel-inner\"\n\t\t\t>\n\t\t\t\t\t\t\t<div class=\"fact carousel-item active\">\n\t\t\t\t\t\t\t\t\t\t\t<div class=\"fact__epigraph\">Recepci\u00d3n de RES\u00daMENES<\/div>\n\t\t\t\t\t\t\t\t\t\t<div class=\"fact__headline\">27<\/div>\n\t\t\t\t\t<div class=\"fact__description\">SEPTIEMBRE<\/div>\n\t\t\t\t<\/div>\n\t\t\t\t\t\t\t\t<div class=\"fact carousel-item\">\n\t\t\t\t\t\t\t\t\t\t\t<div class=\"fact__epigraph\">resultados del proceso de selecci\u00f3n<\/div>\n\t\t\t\t\t\t\t\t\t\t<div class=\"fact__headline\">14<\/div>\n\t\t\t\t\t<div class=\"fact__description\">OCTUBRE<\/div>\n\t\t\t\t<\/div>\n\t\t\t\t\t\t\t\t<div class=\"fact carousel-item\">\n\t\t\t\t\t\t\t\t\t\t\t<div class=\"fact__epigraph\">jORNADAS<\/div>\n\t\t\t\t\t\t\t\t\t\t<div class=\"fact__headline\">21<\/div>\n\t\t\t\t\t<div class=\"fact__description\">NOVIEMBRE<\/div>\n\t\t\t\t<\/div>\n\t\t\t\t\t\t\t\t<div class=\"fact carousel-item\">\n\t\t\t\t\t\t\t\t\t\t\t<div class=\"fact__epigraph\">HORARIO<\/div>\n\t\t\t\t\t\t\t\t\t\t<div class=\"fact__headline\">09:00<\/div>\n\t\t\t\t\t<div class=\"fact__description\">HORAS<\/div>\n\t\t\t\t<\/div>\n\t\t\t\t\t\t\t<\/div>\n\t\t\t<footer class=\"carousel-footer\">\n\t\t\t\t<ol class=\"carousel-indicators\">\n\t\t\t\t\t\t\t\t\t<li data-target=\"#udd-facts-row--1\" data-slide-to=\"0\" class=&quot;active&quot;><\/li>\n\t\t\t\t\t\t\t\t\t<li data-target=\"#udd-facts-row--1\" data-slide-to=\"1\"><\/li>\n\t\t\t\t\t\t\t\t\t<li data-target=\"#udd-facts-row--1\" data-slide-to=\"2\"><\/li>\n\t\t\t\t\t\t\t\t\t<li data-target=\"#udd-facts-row--1\" data-slide-to=\"3\"><\/li>\n\t\t\t\t\t\t\t\t<\/ol>\n\t\t\t\t<a class=\"carousel-control-prev\" href=\"#udd-facts-row--1\" role=\"button\" data-slide=\"prev\">\n\t\t\t\t\t<svg class=\"svg-chevron-left-dims\"><use xlink:href='https:\/\/derecho.udd.cl\/cdre\/wp-content\/themes\/facultades-2018\/assets\/img\/svg\/dist\/main.svg?version=1695853099#chevron-left'><\/use><\/svg>\t\t\t\t\t<span class=\"sr-only\">Anterior<\/span>\n\t\t\t\t<\/a>\n\t\t\t\t<a class=\"carousel-control-next\" href=\"#udd-facts-row--1\" role=\"button\" data-slide=\"next\">\n\t\t\t\t\t<svg class=\"svg-chevron-right-dims\"><use xlink:href='https:\/\/derecho.udd.cl\/cdre\/wp-content\/themes\/facultades-2018\/assets\/img\/svg\/dist\/main.svg?version=1695853099#chevron-right'><\/use><\/svg>\t\t\t\t\t<span class=\"sr-only\">Siguiente<\/span>\n\t\t\t\t<\/a>\n\t\t\t<\/footer>\n\t\t<\/div>\n\t<\/div>\n<\/section>\n\n\n\n<figure class=\"wp-block-image size-large is-resized\"><img loading=\"lazy\" decoding=\"async\" width=\"1024\" height=\"500\" src=\"https:\/\/derecho.udd.cl\/cdre\/files\/2024\/11\/i-jornadas-nacionales-de-derecho-de-aguas_organizan-1024x500.png\" alt=\"\" class=\"wp-image-5652\" style=\"width:1178px;height:auto\" srcset=\"https:\/\/derecho.udd.cl\/cdre\/files\/2024\/11\/i-jornadas-nacionales-de-derecho-de-aguas_organizan-1024x500.png 1024w, https:\/\/derecho.udd.cl\/cdre\/files\/2024\/11\/i-jornadas-nacionales-de-derecho-de-aguas_organizan-300x147.png 300w, https:\/\/derecho.udd.cl\/cdre\/files\/2024\/11\/i-jornadas-nacionales-de-derecho-de-aguas_organizan-768x375.png 768w, https:\/\/derecho.udd.cl\/cdre\/files\/2024\/11\/i-jornadas-nacionales-de-derecho-de-aguas_organizan.png 1292w\" sizes=\"auto, (max-width: 1024px) 100vw, 1024px\" \/><\/figure>\n\n\n<!-- WP Block: UDD - Banner -->\n<section class=\"wp-block-udd-banner is-style-compact \">\n\t<div class=\"container\">\n\t<div class=\"banner banner--fullwidth\">\n\t\t\t\t\t<img loading=\"lazy\" decoding=\"async\" width=\"1920\" height=\"943\" src=\"https:\/\/derecho.udd.cl\/cdre\/files\/2024\/08\/i-jornadas-nacionales-de-derecho-de-aguas-680x382.png\" class=\"banner__image lazyload\" alt=\"\" data-src=\"https:\/\/derecho.udd.cl\/cdre\/files\/2024\/08\/i-jornadas-nacionales-de-derecho-de-aguas-1920x943.png\" \/>\t\t\t\t<div class=\"banner__content\">\n\t\t\t<div class=\"banner-info\">\n\t\t\t\t<span class=\"banner__title\">Revisa todo lo que sucedi\u00f3 durante las<\/span>\n\t\t\t\t\t\t\t\t<span class=\"banner__description\">I Jornadas Nacionales de Derecho de Aguas<\/span>\n\t\t\t\t\t\t\t<\/div>\n\t\t\t\t\t\t\t<a\n\t\t\t\t\tclass=\"btn btn-primary\"\n\t\t\t\t\thref=\"https:\/\/derecho.udd.cl\/noticias\/2024\/11\/i-jornadas-nacionales-de-derecho-de-aguas-reflexion-interdisciplinaria-sobre-la-regulacion-hidrica-en-chile\/\"\n\t\t\t\t>Leer noticia<\/a>\n\t\t\t\t\t<\/div>\n\t<\/div>\n<\/div>\n<\/section>\n\n\n\n<h3 class=\"wp-block-heading\"><strong>PONENCIAS<\/strong><\/h3>\n\n\n\n<ul class=\"wp-block-list\">\n<li><strong>Mesa 1: Principios del C\u00f3digo de Aguas&nbsp;<\/strong>|  <strong><a href=\"https:\/\/derecho.udd.cl\/files\/2024\/12\/1-2-loreto-chavez.pdf\">Loreto Ch\u00e1vez<\/a><\/strong>, <strong><a href=\"https:\/\/derecho.udd.cl\/files\/2024\/12\/1-3-joaquin-ortiz.pdf\">Joaqu\u00edn Ortiz<\/a><\/strong>.<\/li>\n\n\n\n<li><strong>Mesa 2: <\/strong>Sanciones y Patentes&nbsp;| <strong><a href=\"https:\/\/derecho.udd.cl\/files\/2024\/12\/2-1-christian-neumann.pdf\">Christian Neumann<\/a><\/strong>, <strong><a href=\"https:\/\/derecho.udd.cl\/files\/2024\/12\/2-2-sebastian-del-campo.pdf\">Sebasti\u00e1n Del Campo<\/a><\/strong>, <strong><a href=\"https:\/\/derecho.udd.cl\/files\/2024\/12\/2-3-pablo-jaeger.pdf\">Pablo Jaeger<\/a><\/strong>.<\/li>\n\n\n\n<li><strong>Mesa 3: <\/strong>Regularizaci\u00f3n y Perfeccionamiento&nbsp;| <strong><a href=\"https:\/\/derecho.udd.cl\/files\/2024\/12\/3-1-nicole-cianci.pdf\">Stefanny Retamal y Nicole Cianci<\/a><\/strong>, <strong><a href=\"https:\/\/derecho.udd.cl\/files\/2024\/12\/3-2-alberto-cardemil-y-camila-lavin.pdf\">Alberto Cardemil y Camila Lav\u00edn<\/a><\/strong>, <strong><a href=\"https:\/\/derecho.udd.cl\/files\/2024\/12\/3-3-santiago-acevedo.pdf\">Santiago Acevedo<\/a><\/strong>, <strong><a href=\"https:\/\/derecho.udd.cl\/files\/2024\/12\/3-4-rodrigo-bulnes.pdf\">Rodrigo Bulnes<\/a><\/strong>.<\/li>\n\n\n\n<li><strong>Mesa 4:<\/strong> Gesti\u00f3n y Gobernanza<strong>&nbsp;<\/strong>| <strong><a href=\"https:\/\/derecho.udd.cl\/files\/2024\/12\/4-1-loreto-chavez-y-carolina-morales.pdf\">Carolina Morales y Loreto Ch\u00e1vez<\/a><\/strong>, <\/li>\n\n\n\n<li><strong>Mesa 5: <\/strong>Funci\u00f3n ambiental de las aguas&nbsp;| <strong><a href=\"https:\/\/derecho.udd.cl\/files\/2024\/12\/5-1-daniel-saint-jean.pdf\">Daniel Saint-Jean<\/a><\/strong>, <strong><a href=\"https:\/\/derecho.udd.cl\/files\/2024\/12\/5-2-felipe-pavez-y-francisca-avila.pdf\">Felipe P\u00e1vez y Francisca \u00c1vila<\/a><\/strong>, <strong><a href=\"https:\/\/derecho.udd.cl\/files\/2024\/12\/5-3-camila-boettiger.pdf\">Camila Boettiger<\/a><\/strong>.<\/li>\n\n\n\n<li><strong>Mesa 6: <\/strong>Jurisprudencia<strong>&nbsp;<\/strong>| <strong><a href=\"https:\/\/derecho.udd.cl\/files\/2024\/12\/6-1-oscar-recabarren.pdf\">Oscar Recabarren<\/a><\/strong>, <strong><a href=\"https:\/\/derecho.udd.cl\/files\/2024\/12\/6-2-jhovanka-ramirez.pdf\">Jhovanka Ram\u00edrez<\/a><\/strong>, <strong><a href=\"https:\/\/derecho.udd.cl\/files\/2024\/12\/6-3-italo-montes.pdf\">\u00cdtalo Montes<\/a><\/strong>.<\/li>\n<\/ul>\n\n\n\n<h3 class=\"wp-block-heading\"><strong>PROGRAMA<\/strong><\/h3>\n\n\n\n<div data-wp-interactive=\"core\/file\" class=\"wp-block-file\"><object data-wp-bind--hidden=\"!state.hasPdfPreview\" hidden class=\"wp-block-file__embed\" data=\"https:\/\/derecho.udd.cl\/cdre\/files\/2024\/11\/programa-i-jornadas-nacionales-de-derecho-de-aguas-2.pdf\" type=\"application\/pdf\" style=\"width:100%;height:600px\" aria-label=\"Incrustado de programa-i-jornadas-nacionales-de-derecho-de-aguas-2.\"><\/object><a id=\"wp-block-file--media-4bd0eca1-94fd-47d0-872d-5712d3f9aeb7\" href=\"https:\/\/derecho.udd.cl\/cdre\/files\/2024\/11\/programa-i-jornadas-nacionales-de-derecho-de-aguas-2.pdf\">programa-i-jornadas-nacionales-de-derecho-de-aguas-2<\/a><a href=\"https:\/\/derecho.udd.cl\/cdre\/files\/2024\/11\/programa-i-jornadas-nacionales-de-derecho-de-aguas-2.pdf\" class=\"wp-block-file__button wp-element-button\" download aria-describedby=\"wp-block-file--media-4bd0eca1-94fd-47d0-872d-5712d3f9aeb7\">Descarga<\/a><\/div>\n\n\n\n<h3 class=\"wp-block-heading\"><strong>CONVOCATORIA<\/strong><\/h3>\n\n\n\n<div data-wp-interactive=\"core\/file\" class=\"wp-block-file\"><object data-wp-bind--hidden=\"!state.hasPdfPreview\" hidden class=\"wp-block-file__embed\" data=\"https:\/\/derecho.udd.cl\/cdre\/files\/2024\/09\/09-bases_-i-jornadas-nacionales-de-derecho-de-aguas.pdf\" type=\"application\/pdf\" style=\"width:100%;height:600px\" aria-label=\"Incrustado de 09-bases_-i-jornadas-nacionales-de-derecho-de-aguas.\"><\/object><a id=\"wp-block-file--media-2cc76482-0da2-4faf-b963-c19ed8d4591b\" href=\"https:\/\/derecho.udd.cl\/cdre\/files\/2024\/09\/09-bases_-i-jornadas-nacionales-de-derecho-de-aguas.pdf\">09-bases_-i-jornadas-nacionales-de-derecho-de-aguas<\/a><a href=\"https:\/\/derecho.udd.cl\/cdre\/files\/2024\/09\/09-bases_-i-jornadas-nacionales-de-derecho-de-aguas.pdf\" class=\"wp-block-file__button wp-element-button\" download aria-describedby=\"wp-block-file--media-2cc76482-0da2-4faf-b963-c19ed8d4591b\">Descarga<\/a><\/div>\n\n\n<!-- WP Block: UDD - Banner -->\n<section class=\"wp-block-udd-banner is-style-compact \">\n\t<div class=\"container\">\n\t<div class=\"banner banner--fullwidth\">\n\t\t\t\t\t<img loading=\"lazy\" decoding=\"async\" width=\"1920\" height=\"943\" src=\"https:\/\/derecho.udd.cl\/cdre\/files\/2024\/08\/i-jornadas-nacionales-de-derecho-de-aguas-680x382.png\" class=\"banner__image lazyload\" alt=\"\" data-src=\"https:\/\/derecho.udd.cl\/cdre\/files\/2024\/08\/i-jornadas-nacionales-de-derecho-de-aguas-1920x943.png\" \/>\t\t\t\t<div class=\"banner__content\">\n\t\t\t<div class=\"banner-info\">\n\t\t\t\t<span class=\"banner__title\">INSCRIPCIONES ACTIVIDAD<\/span>\n\t\t\t\t\t\t\t\t<span class=\"banner__description\">21 NOVIEMBRE &#8211; Actividad gratuita previa inscripci\u00f3n<\/span>\n\t\t\t\t\t\t\t<\/div>\n\t\t\t\t\t\t\t<a\n\t\t\t\t\tclass=\"btn btn-primary\"\n\t\t\t\t\thref=\"https:\/\/derecho.udd.cl\/ver-seminario\/i-jornadas-nacionales-de-derecho-de-aguas\/#!\/inscripcion\/\"\n\t\t\t\t>\u00a1Inscr\u00edbete!<\/a>\n\t\t\t\t\t<\/div>\n\t<\/div>\n<\/div>\n<\/section>\n\n\n<section\n\tclass=\"wp-block-udd-contacts\"\n\t\t>\n\t\t<div class=\"block__bg\">\n\t\t\t<\/div>\n\t\t<div class=\"container\">\n\t\t<header class=\"block__header\">\n\t\t\t<h2 class=\"block__title\">CONTACTO<\/h2>\n\t\t<\/header>\n\t\t<div class=\"block__content\">\n\t\t\t<ul class=\"contacts\">\n\t\t\t\t\t\t\t<li class=\"contact\">\n\t\t\t\t\t<div class=\"person-contact\">\n\t\t\t\t\t\t\t\t\t\t\t\t<h3 class=\"person-contact__name\">Josefina Perez Natsiopoulos<\/h3>\n\t\t\t\t\t\t\t\t\t\t\t\t\t\t\t\t\t\t\t\t\t\t\t\t\t\t\t\t\t\t\t\t\t\t\t\t\t<span class=\"person-contact__email\">Email: <a href=\"mailto:&#109;&#097;r&#105;ajo&#115;&#101;fi&#110;&#097;&#046;perez&#064;&#117;d&#100;.c&#108;\">m&#097;r&#105;ajose&#102;&#105;na.&#112;ere&#122;&#064;&#117;&#100;&#100;&#046;&#099;&#108;<\/a><\/span>\n\t\t\t\t\t\t\t\t\t\t\t<\/div>\n\t\t\t\t<\/li>\n\t\t\t\t\t\t<\/ul>\n\t\t<\/div>\n\t<\/div>\n<\/section>\n\n\n\n<h5 class=\"wp-block-heading\"><strong>Despu\u00e9s de la realizaci\u00f3n de las Jornadas Nacionales de Derecho de Aguas se publicar\u00e1 una obra colectiva que contenga las Actas de la instancia. Para formar parte de la obra, los autores deber\u00e1n enviar la versi\u00f3n final de sus trabajos, adecuados a las normas formales exigidas por la Comisi\u00f3n Organizadora, hasta el d\u00eda 21 de enero de 2025.<\/strong><\/h5>\n","protected":false},"excerpt":{"rendered":"<p>Las Jornadas Nacionales de Derecho de Aguas son organizadas por un consorcio de Facultades de Derecho y tienen como objetivo convocar a los especialistas de la disciplina a profundizar y discutir sobre temas y problemas jur\u00eddicos que debe abordar la regulaci\u00f3n sobre las aguas en Chile CRONOGRAMA PONENCIAS PROGRAMA CONVOCATORIA Despu\u00e9s de la realizaci\u00f3n de [&hellip;]<\/p>\n","protected":false},"author":40,"featured_media":5468,"parent":0,"menu_order":0,"comment_status":"closed","ping_status":"closed","template":"","meta":{"footnotes":""},"class_list":["post-5462","page","type-page","status-publish","has-post-thumbnail","hentry"],"_links":{"self":[{"href":"https:\/\/derecho.udd.cl\/cdre\/wp-json\/wp\/v2\/pages\/5462","targetHints":{"allow":["GET"]}}],"collection":[{"href":"https:\/\/derecho.udd.cl\/cdre\/wp-json\/wp\/v2\/pages"}],"about":[{"href":"https:\/\/derecho.udd.cl\/cdre\/wp-json\/wp\/v2\/types\/page"}],"author":[{"embeddable":true,"href":"https:\/\/derecho.udd.cl\/cdre\/wp-json\/wp\/v2\/users\/40"}],"replies":[{"embeddable":true,"href":"https:\/\/derecho.udd.cl\/cdre\/wp-json\/wp\/v2\/comments?post=5462"}],"version-history":[{"count":12,"href":"https:\/\/derecho.udd.cl\/cdre\/wp-json\/wp\/v2\/pages\/5462\/revisions"}],"predecessor-version":[{"id":5663,"href":"https:\/\/derecho.udd.cl\/cdre\/wp-json\/wp\/v2\/pages\/5462\/revisions\/5663"}],"wp:featuredmedia":[{"embeddable":true,"href":"https:\/\/derecho.udd.cl\/cdre\/wp-json\/wp\/v2\/media\/5468"}],"wp:attachment":[{"href":"https:\/\/derecho.udd.cl\/cdre\/wp-json\/wp\/v2\/media?parent=5462"}],"curies":[{"name":"wp","href":"https:\/\/api.w.org\/{rel}","templated":true}]}}