{"id":1902,"date":"2020-10-01T20:44:17","date_gmt":"2020-10-01T20:44:17","guid":{"rendered":"https:\/\/derecho.udd.cl\/cdre\/?page_id=1902"},"modified":"2020-10-01T20:47:30","modified_gmt":"2020-10-01T20:47:30","slug":"analisis-regulatorio-no3","status":"publish","type":"page","link":"https:\/\/derecho.udd.cl\/cdre\/analisis-regulatorio-no3\/","title":{"rendered":"AN\u00c1LISIS REGULATORIO N\u00ba3"},"content":{"rendered":"<table border=\"1\" width=\"622\" cellspacing=\"0\" cellpadding=\"0\" align=\"center\">\n<tbody>\n<tr>\n<td align=\"center\" width=\"618\" height=\"981\">\n<table border=\"0\" width=\"606\" cellspacing=\"0\" cellpadding=\"0\">\n<tbody>\n<tr>\n<td style=\"text-align: left;color: #30364f;font-family: 'Lucida Grande', 'Lucida Sans Unicode', 'Lucida Sans', 'DejaVu Sans', Verdana, sans-serif;font-size: 14px\" bgcolor=\"#FFFFFF\" width=\"397\" height=\"174\">\n<table border=\"0\" width=\"606\" cellspacing=\"0\" cellpadding=\"0\">\n<tbody>\n<tr>\n<td colspan=\"8\" bgcolor=\"#FFFFFF\" height=\"288\"><img loading=\"lazy\" decoding=\"async\" src=\"https:\/\/derecho.udd.cl\/cdre\/files\/2020\/09\/analisis-regulatorio_mesa-de-trabajo-30-anos-scaled.jpg\" alt=\".analisis.regulatorio\" usemap=\"#Map3\" width=\"620\" height=\"288\" \/><\/td>\n<\/tr>\n<tr>\n<td colspan=\"8\" height=\"2\"><\/td>\n<\/tr>\n<tr>\n<td bgcolor=\"#E2E2E2\" height=\"305\"><\/td>\n<td style=\"text-align: left;color: #232323;font-family: 'Lucida Grande', 'Lucida Sans Unicode', 'Lucida Sans', 'DejaVu Sans', Verdana, sans-serif;font-size: 14px\" colspan=\"3\" align=\"left\" valign=\"center\" bgcolor=\"#E2E2E2\">\n<span style=\"text-align: left\"> <span style=\"font-weight: bold;color: #811d74;font-size: 18px\">N\u00b03 &#8211; SEPTIEMBRE 2020<\/span><\/p>\n<p><\/span>El Centro de Derecho Regulatorio y Empresa UDD tiene por finalidad generar an\u00e1lisis y discusi\u00f3n de la regulaci\u00f3n y normativa que rige la actividad econ\u00f3mica, su aplicaci\u00f3n y posibles reformas, en cuanto afecta a la empresa como entidad productiva dentro de la sociedad.<br \/>\nAnte los fuertes ajustes que nuestra sociedad ha debido realizar este a\u00f1o para enfrentar la pandemia del Covid-19, en este n\u00famero del An\u00e1lisis Regulatorio hemos querido resaltar como la regulaci\u00f3n, y tambi\u00e9n la empresa, ha debido adaptarse en determinados aspectos que antes de esta crisis no eran considerados. El trabajo a distancia, el caso fortuito y suspensi\u00f3n de plazos en la relaci\u00f3n consumidor-proveedor, la situaci\u00f3n tributaria, la visi\u00f3n de la filosof\u00eda, y la integraci\u00f3n de variables sociales y ambientales a la toma de decisiones de inversi\u00f3n, son parte de las reflexiones que compartimos en esta edici\u00f3n.<\/p>\n<p><span style=\"text-align: left\"><br \/>\n<a style=\"color: #17142c\" href=\"https:\/\/derecho.udd.cl\/cdre\/\"><span style=\"font-size: 16px\">Centro de Derecho Regulatorio y Empresa UDD<\/span><br \/>\nwww.derecho.udd.cl\/cdre<\/a><br \/>\n<\/span><\/td>\n<td bgcolor=\"#E2E2E2\"><\/td>\n<\/tr>\n<tr>\n<td bgcolor=\"#E2E2E2\"><\/td>\n<td colspan=\"3\" align=\"left\" valign=\"center\" bgcolor=\"#E2E2E2\"><\/td>\n<td bgcolor=\"#E2E2E2\" width=\"29\"><\/td>\n<\/tr>\n<tr>\n<td bgcolor=\"#FFFFFF\" width=\"31\" height=\"298\"><\/td>\n<td style=\"text-align: left;color: #30364f;font-family: 'Lucida Grande', 'Lucida Sans Unicode', 'Lucida Sans', 'DejaVu Sans', Verdana, sans-serif;font-size: 14px\" bgcolor=\"#FFFFFF\" width=\"162\" height=\"298\"><a href=\"https:\/\/derecho.udd.cl\/cdre\/files\/2020\/09\/L.-Del-Villar-AR3-1.pdf\"><img loading=\"lazy\" decoding=\"async\" src=\"https:\/\/derecho.udd.cl\/cdre\/files\/2020\/09\/analisis.n3.lucas_.jpg\" alt=\".perfil\" width=\"126\" height=\"146\" \/><\/a><span style=\"font-weight: bold;color: #17142c\"><\/p>\n<p>Lucas del Villar<br \/>\nMontt <\/span><\/td>\n<td style=\"text-align: left;color: #30364f;font-family: 'Lucida Grande', 'Lucida Sans Unicode', 'Lucida Sans', 'DejaVu Sans', Verdana, sans-serif;font-size: 14px\" bgcolor=\"#FFFFFF\" width=\"397\" height=\"298\"><span style=\"font-weight: bold;color: #219f98;font-size: 16px\"><br \/>\n<span style=\"text-align: left\">SUSPENSI\u00d3N DE PLAZOS PARA EJERCER GARANT\u00cdAS LEGALES, VOLUNTARIAS Y DE SATISFACCI\u00d3N POR LOS CONSUMIDORES DURANTE LA CRISIS SANITARIA DERIVADA DE COVID-19<\/span><\/span><\/p>\n<p><span style=\"text-align: justify\">El 18 de marzo de 2020, debido al \u201cCovid-19\u201d, se declar\u00f3 el Estado de Excepci\u00f3n Constitucional de Cat\u00e1strofe por calamidad p\u00fablica en todo el territorio nacional; y, con posterioridad, el 27 de marzo de 2020, las autoridades competentes decretaron medidas sanitarias que implicaron la reducci\u00f3n de la movilidad y limitaciones a la libertad de desplazamiento de las personas con el objeto de disminuir la propagaci\u00f3n del virus. En consecuencia, esta reducci\u00f3n de la movilidad repercuti\u00f3 en la forma en que los consumidores pod\u00edan, o puedan en la actualidad, ejercer los derechos irrenunciables que le otorga la Ley N\u00b0 19.496 (en adelante LPDC) y que derivan, entre otros, de las garant\u00edas o del retracto legal. <\/span><\/p>\n<p><a href=\"https:\/\/derecho.udd.cl\/cdre\/files\/2020\/09\/L.-Del-Villar-AR3-1.pdf\"><img loading=\"lazy\" decoding=\"async\" src=\"https:\/\/derecho.udd.cl\/cdre\/files\/2019\/09\/boton-02.jpg\" alt=\".vermas\" width=\"126\" height=\"41\" \/><\/a><\/td>\n<\/tr>\n<tr>\n<td bgcolor=\"#E2E2E2\"><\/td>\n<td colspan=\"3\" align=\"left\" valign=\"center\" bgcolor=\"#E2E2E2\"><\/td>\n<td bgcolor=\"#E2E2E2\" width=\"29\"><\/td>\n<\/tr>\n<tr>\n<td bgcolor=\"#FFFFFF\" width=\"31\" height=\"174\"><\/td>\n<td style=\"text-align: left;color: #30364f;font-family: 'Lucida Grande', 'Lucida Sans Unicode', 'Lucida Sans', 'DejaVu Sans', Verdana, sans-serif;font-size: 14px\" bgcolor=\"#FFFFFF\" width=\"162\" height=\"305\"><a href=\"https:\/\/derecho.udd.cl\/cdre\/files\/2020\/09\/F.-Barrientos-AR-3-1.pdf\"><img loading=\"lazy\" decoding=\"async\" src=\"https:\/\/derecho.udd.cl\/cdre\/files\/2020\/09\/analisis.n3.francisca.jpg\" alt=\".perfil\" width=\"126\" height=\"146\" \/><\/a><span style=\"font-weight: bold;color: #17142c\"><\/p>\n<p>Francisca Barrientos Camus <\/span><\/td>\n<td style=\"text-align: left;color: #30364f;font-family: 'Lucida Grande', 'Lucida Sans Unicode', 'Lucida Sans', 'DejaVu Sans', Verdana, sans-serif;font-size: 14px\" bgcolor=\"#FFFFFF\" width=\"397\" height=\"174\"><span style=\"font-weight: bold;color: #219f98;font-size: 16px\"><\/p>\n<p>EMERGENCIA SANITARIA PRODUCIDA POR EL COVID-19: \u00bfCASO FORTUITO EN EL DERECHO DEL CONSUMO?<\/span><\/p>\n<p><span style=\"text-align: justify\">Antes de comenzar debemos entender que, en t\u00e9rminos generales, el derecho del consumo es un concepto mucho m\u00e1s amplio que la \u201cley sobre protecci\u00f3n de los derechos de los consumidores\u201d. En este sentido, la Ley N\u00b0 19.496 sobre protecci\u00f3n de los derechos de los consumidores (en adelante \u201cLPDC\u201d) es un \u2018piso m\u00ednimo\u2019 encargado de regular principios b\u00e1sicos: protecci\u00f3n de salud de los consumidores; protecci\u00f3n en el contrato; y, protecci\u00f3n de la calidad de las cosas y los servicios.<br \/>\n<\/span><\/p>\n<p><a href=\"https:\/\/derecho.udd.cl\/cdre\/files\/2020\/09\/F.-Barrientos-AR-3-1.pdf\"><img loading=\"lazy\" decoding=\"async\" src=\"https:\/\/derecho.udd.cl\/cdre\/files\/2019\/09\/boton-02.jpg\" alt=\".vermas\" width=\"126\" height=\"41\" \/><\/a><\/td>\n<\/tr>\n<tr>\n<td bgcolor=\"#E2E2E2\"><\/td>\n<td colspan=\"3\" align=\"left\" valign=\"center\" bgcolor=\"#E2E2E2\"><\/td>\n<td bgcolor=\"#E2E2E2\" width=\"29\"><\/td>\n<\/tr>\n<tr>\n<td bgcolor=\"#FFFFFF\" width=\"31\" height=\"174\"><\/td>\n<td style=\"text-align: left;color: #30364f;font-family: 'Lucida Grande', 'Lucida Sans Unicode', 'Lucida Sans', 'DejaVu Sans', Verdana, sans-serif;font-size: 14px\" bgcolor=\"#FFFFFF\" width=\"162\" height=\"305\"><a href=\"https:\/\/derecho.udd.cl\/cdre\/files\/2020\/09\/C.-Fuensalida-AR3-1.pdf\"><img loading=\"lazy\" decoding=\"async\" src=\"https:\/\/derecho.udd.cl\/cdre\/files\/2020\/09\/analisis.n3.carolina.jpg\" alt=\".perfil\" width=\"126\" height=\"146\" \/><\/a><span style=\"font-weight: bold;color: #17142c\"><\/p>\n<p>Carolina Fuensalida Merino <\/span><\/td>\n<td style=\"text-align: left;color: #30364f;font-family: 'Lucida Grande', 'Lucida Sans Unicode', 'Lucida Sans', 'DejaVu Sans', Verdana, sans-serif;font-size: 14px\" bgcolor=\"#FFFFFF\" width=\"397\" height=\"174\"><span style=\"font-weight: bold;color: #219f98;font-size: 16px\"><\/p>\n<p>\u00bfESTABA PREPARADO NUESTRO SISTEMA TRIBUTARIO PARA HACER FRENTE A UNA PANDEMIA? DESAF\u00cdOS ACTUALES Y FUTUROS<\/span><\/p>\n<p><span style=\"text-align: justify\">Hace m\u00e1s de tres a\u00f1os tuve la oportunidad de pensar en el dise\u00f1o de un proyecto de ley que modernizara nuestro sistema tributario, poniendo \u00e9nfasis en crecimiento, emprendimiento, equidad y neutralidad. Pero adicionalmente, como tengo un profundo amor por el derecho pensaba que en todos los a\u00f1os que llevo trabajando en materia tributaria, si hay caracter\u00edsticas en que existe consenso internacional es que para generar un ecosistema tributario cre\u00edble, sano y predictible, se necesita certeza jur\u00eddica y simplicidad.<br \/>\n<\/span><\/p>\n<p><a href=\"https:\/\/derecho.udd.cl\/cdre\/files\/2020\/09\/C.-Fuensalida-AR3-1.pdf\"><img loading=\"lazy\" decoding=\"async\" src=\"https:\/\/derecho.udd.cl\/cdre\/files\/2019\/09\/boton-02.jpg\" alt=\".vermas\" width=\"126\" height=\"41\" \/><\/a><\/td>\n<\/tr>\n<tr>\n<td bgcolor=\"#E2E2E2\"><\/td>\n<td colspan=\"3\" align=\"left\" valign=\"center\" bgcolor=\"#E2E2E2\"><\/td>\n<td bgcolor=\"#E2E2E2\" width=\"29\"><\/td>\n<\/tr>\n<tr>\n<td bgcolor=\"#FFFFFF\" width=\"31\" height=\"174\"><\/td>\n<td style=\"text-align: left;color: #30364f;font-family: 'Lucida Grande', 'Lucida Sans Unicode', 'Lucida Sans', 'DejaVu Sans', Verdana, sans-serif;font-size: 14px\" bgcolor=\"#FFFFFF\" width=\"162\" height=\"305\"><a href=\"https:\/\/derecho.udd.cl\/cdre\/files\/2020\/09\/J.-Alvear-AR3-1.pdf\"><img loading=\"lazy\" decoding=\"async\" src=\"https:\/\/derecho.udd.cl\/cdre\/files\/2019\/09\/j.alvear2-220x260.jpg\" alt=\".perfil\" width=\"126\" height=\"146\" \/><\/a><span style=\"font-weight: bold;color: #17142c\"><\/p>\n<p>Julio Alvear Tell\u00e9z <\/span><\/td>\n<td style=\"text-align: left;color: #30364f;font-family: 'Lucida Grande', 'Lucida Sans Unicode', 'Lucida Sans', 'DejaVu Sans', Verdana, sans-serif;font-size: 14px\" bgcolor=\"#FFFFFF\" width=\"397\" height=\"174\"><span style=\"font-weight: bold;color: #219f98;font-size: 16px\"><\/p>\n<p>LOS DESAF\u00cdOS DEL COVID-19: UN HORIZONTE FILOS\u00d3FICO<\/span><\/p>\n<p><span style=\"text-align: justify\">\u00bfQu\u00e9 se viene despu\u00e9s de la Pandemia? Es la gran interrogante que se plantea desde el mundo econ\u00f3mico, social y pol\u00edtico.Por de pronto, varios elementos de nuestra realidad circundante, que ten\u00edamos por seguros, han ca\u00eddo bajo nuestros pies. En primer lugar, pens\u00e1bamos que la humanidad pod\u00eda vencer eficazmente cualquier epidemia que se presentara. De hecho, excluido el VIH\/SIDA cuya situaci\u00f3n es m\u00e1s compleja, las \u00faltimas pandemias conocidas de fuerte mortandad fueron la gripe asi\u00e1tica (1957) y la gripe de Hong Kong (1968), con m\u00e1s de un mill\u00f3n de muertos cada una. A la fecha que escribimos estas l\u00edneas, el coronavirus SARS-CoV-2 lleva algo m\u00e1s de 650 mil muertes. Se le puede reconocer por su r\u00e1pida propagaci\u00f3n, pero tambi\u00e9n por su mortandad media, seg\u00fan los especialistas, lejos de los n\u00fameros apocal\u00edpticos que se divulgaron como proyecciones.<br \/>\n<\/span><\/p>\n<p><a href=\"https:\/\/derecho.udd.cl\/cdre\/files\/2020\/09\/J.-Alvear-AR3-1.pdf\"><img loading=\"lazy\" decoding=\"async\" src=\"https:\/\/derecho.udd.cl\/cdre\/files\/2019\/09\/boton-02.jpg\" alt=\".vermas\" width=\"126\" height=\"41\" \/><\/a><\/td>\n<\/tr>\n<tr>\n<td bgcolor=\"#FFFFFF\"><\/td>\n<td colspan=\"3\" align=\"left\" valign=\"center\" bgcolor=\"#FFFFFF\"><\/td>\n<\/tr>\n<tr>\n<td colspan=\"8\" align=\"center\" valign=\"middle\" bgcolor=\"#16152B\" height=\"79\">\n<table border=\"0\" width=\"619\" cellspacing=\"0\" cellpadding=\"0\">\n<tbody>\n<tr>\n<td rowspan=\"3\" valign=\"top\" bgcolor=\"#16152B\" width=\"34\" height=\"61\"><\/td>\n<td align=\"left\" valign=\"middle\" bgcolor=\"#16152B\" width=\"373\" height=\"24\"><\/td>\n<td rowspan=\"3\" align=\"right\" valign=\"middle\" bgcolor=\"#16152B\" width=\"182\"><img loading=\"lazy\" decoding=\"async\" src=\"https:\/\/derecho.udd.cl\/derecho-santiago\/files\/2019\/04\/OGN39D0-06.png\" alt=\"\" width=\"170\" height=\"54\" \/><\/td>\n<td rowspan=\"3\" valign=\"top\" bgcolor=\"#16152B\" width=\"30\"><\/td>\n<\/tr>\n<tr>\n<td style=\"text-align: left;color: #ffffff;font-family: 'Lucida Grande', 'Lucida Sans Unicode', 'Lucida Sans', 'DejaVu Sans', Verdana, sans-serif;font-size: 9px\" align=\"left\" valign=\"middle\" bgcolor=\"#16152B\">Av. Plaza 680, Las Condes, Santiago.<br \/>\nTel\u00e9fono: 22 317 9197<\/td>\n<\/tr>\n<tr>\n<td align=\"left\" valign=\"top\" bgcolor=\"#16152B\" height=\"19\"><\/td>\n<\/tr>\n<\/tbody>\n<\/table>\n<\/td>\n<\/tr>\n<\/tbody>\n<\/table>\n<\/td>\n<\/tr>\n<\/tbody>\n<\/table>\n<\/td>\n<\/tr>\n<\/tbody>\n<\/table>\n<map name=\"Map3\">\n<area alt=\".derechoudd\" coords=\"186,13,436,116\" shape=\"rect\" href=\"https:\/\/derecho.udd.cl\/\" target=\"_blank\" \/>\n <\/map>\n<map name=\"Map\">\n<area alt=\".extension\" coords=\"19,1,209,26\" shape=\"rect\" href=\"https:\/\/derecho.udd.cl\/extension\/\" target=\"_blank\" \/>\n <\/map>\n","protected":false},"excerpt":{"rendered":"<p>N\u00b03 &#8211; SEPTIEMBRE 2020 El Centro de Derecho Regulatorio y Empresa UDD tiene por finalidad generar an\u00e1lisis y discusi\u00f3n de la regulaci\u00f3n y normativa que rige la actividad econ\u00f3mica, su aplicaci\u00f3n y posibles reformas, en cuanto afecta a la empresa como entidad productiva dentro de la sociedad. Ante los fuertes ajustes que nuestra sociedad ha [&hellip;]<\/p>\n","protected":false},"author":40,"featured_media":0,"parent":0,"menu_order":0,"comment_status":"closed","ping_status":"closed","template":"","meta":{"footnotes":""},"class_list":["post-1902","page","type-page","status-publish","hentry"],"_links":{"self":[{"href":"https:\/\/derecho.udd.cl\/cdre\/wp-json\/wp\/v2\/pages\/1902","targetHints":{"allow":["GET"]}}],"collection":[{"href":"https:\/\/derecho.udd.cl\/cdre\/wp-json\/wp\/v2\/pages"}],"about":[{"href":"https:\/\/derecho.udd.cl\/cdre\/wp-json\/wp\/v2\/types\/page"}],"author":[{"embeddable":true,"href":"https:\/\/derecho.udd.cl\/cdre\/wp-json\/wp\/v2\/users\/40"}],"replies":[{"embeddable":true,"href":"https:\/\/derecho.udd.cl\/cdre\/wp-json\/wp\/v2\/comments?post=1902"}],"version-history":[{"count":5,"href":"https:\/\/derecho.udd.cl\/cdre\/wp-json\/wp\/v2\/pages\/1902\/revisions"}],"predecessor-version":[{"id":1906,"href":"https:\/\/derecho.udd.cl\/cdre\/wp-json\/wp\/v2\/pages\/1902\/revisions\/1906"}],"wp:attachment":[{"href":"https:\/\/derecho.udd.cl\/cdre\/wp-json\/wp\/v2\/media?parent=1902"}],"curies":[{"name":"wp","href":"https:\/\/api.w.org\/{rel}","templated":true}]}}